{"id":8429,"date":"2021-12-03T19:03:49","date_gmt":"2021-12-03T17:03:49","guid":{"rendered":"https:\/\/www.forpol.es\/prefabricados-hormigon\/ninxols-prefabricats\/"},"modified":"2024-04-23T11:14:35","modified_gmt":"2024-04-23T09:14:35","slug":"ninxols-prefabricats","status":"publish","type":"pref-hormigon","link":"https:\/\/www.forpol.es\/ca\/prefabricados-hormigon\/ninxols-prefabricats\/","title":{"rendered":"N\u00ednxols prefabricats"},"content":{"rendered":"\n<h2 class=\"wp-block-heading\" id=\"cc-m-header-11966585398\">N\u00ednxols de formig\u00f3 prefabricat econ\u00f2mics<\/h2>\n\n\n\n<h3 class=\"wp-block-heading\" id=\"cc-m-header-11966585698\">CONSTRUCCI\u00d3 DE N\u00cdXOLS PREFABRICATS DE FORMIG\u00d3 ECON\u00d2MICS 2.022<\/h3>\n\n\n\n<p><\/p>\n\n\n\n<h3 class=\"wp-block-heading\"><strong>N\u00cdNXOLS F-M-N<\/strong><\/h3>\n\n\n\n<p><strong>N\u00ednxols prefabricats<\/strong> de formig\u00f3 armat amb acer corrugat i fibres d&#8217;acer, per a la realitzaci\u00f3 de m\u00f2duls d&#8217;enterrament als <strong>Cementiris.<\/strong><\/p>\n\n\n\n<p>La realitzaci\u00f3 de l&#8217;obra amb m\u00f2duls de <strong>n\u00ednxols<\/strong> prefabricats simplifica l&#8217;execuci\u00f3 d&#8217;aquesta, millorant les condicions higienicosanit\u00e0ries d&#8217;aquest tipus de construcci\u00f3, aix\u00ed com la seva rapidesa.<\/p>\n\n\n\n<p>Estan equipats amb orificis d&#8217;evacuaci\u00f3 de l\u00edquids i gasos cap a les cambres posteriors, on es col\u00b7loca sosa c\u00e0ustica, i xemeneies dotades amb filtres de carb\u00f3 actiu per aconseguir la filtraci\u00f3 adequada.<\/p>\n\n\n\n<p>Les soleres de suport dels <strong>n\u00ednxols<\/strong> prefabricats s\u00f3n dissenyades amb desnivell per facilitar l&#8217;evacuaci\u00f3 de l\u00edquids, sobre la qual es col\u00b7loquen els m\u00f2duls de <strong>formig\u00f3 prefabricat<\/strong> que s&#8217;acoblen els uns amb els altres formant una estructura de mausoleu.<\/p>\n\n\n\n<p>El transport i muntatge a l&#8217;obra es realitza amb personal qualificat garantint la correcta realitzaci\u00f3 de la construcci\u00f3, rapidesa a l&#8217;obra i aconseguint una gran economia en el producte final.<\/p>\n\n\n\n<p>El nostre departament t\u00e8cnic i de qualitat controla el proc\u00e9s de fabricaci\u00f3 a diferents f\u00e0briques, aix\u00ed com recolza i assessora en l&#8217;execuci\u00f3 o elaboraci\u00f3 de solucions per a cada necr\u00f2polis.<\/p>\n\n\n\n<p>Permeten i faciliten la col\u00b7locaci\u00f3 de <strong>l\u00e0pides decorative<\/strong>s, tant per l&#8217;interior com per l&#8217;exterior del <strong>n\u00ednxol.<\/strong><\/p>\n\n\n\n<p>Els par\u00e0metres laterals es poden revestir de ma\u00f3 caravista, pintura especials, plaques prefabricades en \u00e0rid vist, <strong>m\u00f2duls de columbaris,<\/strong> que permet personalitzar cada pavell\u00f3 de n\u00ednxols prefabricats a l&#8217;entorn de cada necr\u00f2polis. <\/p>\n\n\n\n<figure class=\"wp-block-gallery has-nested-images columns-default is-cropped wp-block-gallery-1 is-layout-flex wp-block-gallery-is-layout-flex\">\n<figure class=\"wp-block-image size-large\"><img fetchpriority=\"high\" decoding=\"async\" width=\"1024\" height=\"260\" data-id=\"3114\" src=\"https:\/\/www.forpol.es\/wp-content\/uploads\/2021\/12\/ok-plano-NICHOS-PREFABRICADOS-2021-2-1024x260.jpg\" alt=\"\" class=\"wp-image-3114\" srcset=\"https:\/\/www.forpol.es\/wp-content\/uploads\/2021\/12\/ok-plano-NICHOS-PREFABRICADOS-2021-2-1024x260.jpg 1024w, https:\/\/www.forpol.es\/wp-content\/uploads\/2021\/12\/ok-plano-NICHOS-PREFABRICADOS-2021-2-500x127.jpg 500w, https:\/\/www.forpol.es\/wp-content\/uploads\/2021\/12\/ok-plano-NICHOS-PREFABRICADOS-2021-2.jpg 1600w\" sizes=\"(max-width: 1024px) 100vw, 1024px\" \/><\/figure>\n<\/figure>\n\n\n\n<div style=\"height:29px\" aria-hidden=\"true\" class=\"wp-block-spacer\"><\/div>\n\n\n\n<p><\/p>\n\n\n\n<h3 class=\"wp-block-heading\"><strong>N\u00cdNXOLS 1<\/strong><\/h3>\n\n\n\n<p><strong>N\u00ednxols prefabricats<\/strong> de formig\u00f3 armat amb acer corrugat i fibres d&#8217;acer, per a la realitzaci\u00f3 de m\u00f2duls d&#8217;enterrament als <strong>Cementiris.<\/strong><\/p>\n\n\n\n<p>Els m\u00f2duls disposen d&#8217;un rebaix frontal per a la col\u00b7locaci\u00f3 d&#8217;un sistema de numeraci\u00f3 individual i un real\u00e7 en columnes que obtenen m\u00e9s vistositat al m\u00f2dul final.<\/p>\n\n\n\n<p><\/p>\n\n\n\n<h3 class=\"wp-block-heading\"><strong>NINXOS DOBLES<\/strong><\/h3>\n\n\n\n<p><strong>N\u00ednxols prefabricats<\/strong> de formig\u00f3 per a la realitzaci\u00f3 de m\u00f2duls d&#8217;enterrament, la caracter\u00edstica principal dels quals \u00e9s un augment de mesures en relaci\u00f3 al <strong>n\u00ednxol<\/strong> individual que permet l&#8217;enterrament de dos f\u00e8retres per unitat de m\u00f2dul.<\/p>\n\n\n\n<p>El sistema de col\u00b7locaci\u00f3 a qualsevol part del pavell\u00f3 de <strong>n\u00ednxols prefabricats<\/strong>, podent ser alternats o combinats b\u00e9 a l&#8217;inici del m\u00f2dul prefabricat o de forma interm\u00e8dia.<\/p>\n\n\n\n<figure class=\"wp-block-image size-large\"><img decoding=\"async\" width=\"1024\" height=\"260\" src=\"https:\/\/www.forpol.es\/wp-content\/uploads\/2021\/12\/ok-plano-NICHOS-PREFABRICADOS-2021-3-1024x260.jpg\" alt=\"\" class=\"wp-image-3115\" srcset=\"https:\/\/www.forpol.es\/wp-content\/uploads\/2021\/12\/ok-plano-NICHOS-PREFABRICADOS-2021-3-1024x260.jpg 1024w, https:\/\/www.forpol.es\/wp-content\/uploads\/2021\/12\/ok-plano-NICHOS-PREFABRICADOS-2021-3-500x127.jpg 500w, https:\/\/www.forpol.es\/wp-content\/uploads\/2021\/12\/ok-plano-NICHOS-PREFABRICADOS-2021-3.jpg 1600w\" sizes=\"(max-width: 1024px) 100vw, 1024px\" \/><\/figure>\n\n\n\n<div style=\"height:29px\" aria-hidden=\"true\" class=\"wp-block-spacer\"><\/div>\n\n\n\n<h3 class=\"wp-block-heading\"><strong>COLUMBARIS<\/strong> <\/h3>\n\n\n\n<p><strong>Columbari prefabricat<\/strong> de formig\u00f3 armat amb acer corrugat i fibres d&#8217;acer per a la formaci\u00f3 de m\u00f2duls la finalitat dels quals \u00e9s el dip\u00f2sit de mat\u00e8ria org\u00e0nica, urnes ciner\u00e0ries i restes \u00f2ssies.<\/p>\n\n\n\n<p>Les soleres de suport dels columbaris no necessiten desnivell ni sistemes de drenatge.<\/p>\n\n\n\n<p>Disposen de sistema de numeraci\u00f3 individual i ressalteu en columnes i tapes de tancament frontal.<\/p>\n\n\n\n<figure class=\"wp-block-image size-large\"><img decoding=\"async\" width=\"1024\" height=\"260\" src=\"https:\/\/www.forpol.es\/wp-content\/uploads\/2021\/12\/ok-plano-NICHOS-PREFABRICADOS-2021-1-1024x260.jpg\" alt=\"\" class=\"wp-image-3113\" srcset=\"https:\/\/www.forpol.es\/wp-content\/uploads\/2021\/12\/ok-plano-NICHOS-PREFABRICADOS-2021-1-1024x260.jpg 1024w, https:\/\/www.forpol.es\/wp-content\/uploads\/2021\/12\/ok-plano-NICHOS-PREFABRICADOS-2021-1-500x127.jpg 500w, https:\/\/www.forpol.es\/wp-content\/uploads\/2021\/12\/ok-plano-NICHOS-PREFABRICADOS-2021-1.jpg 1600w\" sizes=\"(max-width: 1024px) 100vw, 1024px\" \/><\/figure>\n\n\n\n<div style=\"height:31px\" aria-hidden=\"true\" class=\"wp-block-spacer\"><\/div>\n\n\n\n<h3 class=\"wp-block-heading\"><strong>PAVELLONS COMPLETS<\/strong><\/h3>\n\n\n\n<p>El concepte del pavell\u00f3 complet \u00e9s simplificar al m\u00e0xim l\u201fexecuci\u00f3 d\u201faquest tipus d\u201fobres en temps, qualitat i economia.<\/p>\n\n\n\n<p>El pavell\u00f3 complet compr\u00e8n la instal\u00b7laci\u00f3 de <strong>n\u00ednxols<\/strong>, revestiments laterals prefabricats i opcionalment posteriors per a la formaci\u00f3 de la cambra de ventilaci\u00f3 farcida de sosa c\u00e0ustica, coberta amb pendent per evacuaci\u00f3 d&#8217;aigua pluvial i prove\u00efda de goter\u00f3, xemeneies amb filtre de carb\u00f3 actiu i tapes de tancament frontal de <strong>n\u00ednxols<\/strong>.<\/p>\n\n\n\n<p>Opcionalment es poden col\u00b7locar l\u00e0pides decoratives.<\/p>\n\n\n\n<p><\/p>\n\n\n\n<h3 class=\"wp-block-heading\"><strong>OFICINA T\u00c8CNICA<\/strong><\/h3>\n\n\n\n<p><a href=\"https:\/\/www.forpol.es\/ca\/contacte\/\" target=\"_blank\" rel=\"noreferrer noopener\">El nostre departament t\u00e8cnic<\/a>, s&#8217;encarregar\u00e0 d&#8217;adequar els elements prefabricats a cada projecte, se subministraran a cada client pl\u00e0nols, tant de la distribuci\u00f3 com de les mesures m\u00ednimes de soleres.<\/p>\n\n\n\n<p>Col\u00b7laborem en l\u00b4elaboraci\u00f3 de projecte amb els seus t\u00e8cnics.<\/p>\n","protected":false},"excerpt":{"rendered":"<p>N\u00ednxols prefabricats de formig\u00f3 armat amb acer corrugat i fibres d&#8217;acer, per a la realitzaci\u00f3 de m\u00f2duls d&#8217;enterrament als Cementiris.<\/p>\n","protected":false},"featured_media":8082,"template":"","class_list":["post-8429","pref-hormigon","type-pref-hormigon","status-publish","has-post-thumbnail","hentry"],"acf":[],"yoast_head":"<!-- This site is optimized with the Yoast SEO Premium plugin v20.12 (Yoast SEO v27.5) - https:\/\/yoast.com\/product\/yoast-seo-premium-wordpress\/ -->\n<title>N\u00ednxols prefabricats 2022 - Preus N\u00cdNXOLS \u261d Forpol Estructures<\/title>\n<meta name=\"description\" content=\"N\u00ednxols prefabricats \u2b50 per a cementiris. Construir n\u00ednxols, Ajuntament, \u2b50 prefabricat, pressupost, cementiris. L\u00e0pides decoratives, Nichos.\" \/>\n<meta name=\"robots\" content=\"index, follow, max-snippet:-1, max-image-preview:large, max-video-preview:-1\" \/>\n<link rel=\"canonical\" href=\"https:\/\/www.forpol.es\/ca\/prefabricados-hormigon\/ninxols-prefabricats\/\" \/>\n<meta property=\"og:locale\" content=\"ca_ES\" \/>\n<meta property=\"og:type\" content=\"article\" \/>\n<meta property=\"og:title\" content=\"N\u00ednxols prefabricats\" \/>\n<meta property=\"og:description\" content=\"N\u00ednxols prefabricats \u2b50 per a cementiris. Construir n\u00ednxols, Ajuntament, \u2b50 prefabricat, pressupost, cementiris. L\u00e0pides decoratives, Nichos.\" \/>\n<meta property=\"og:url\" content=\"https:\/\/www.forpol.es\/ca\/prefabricados-hormigon\/ninxols-prefabricats\/\" \/>\n<meta property=\"og:site_name\" content=\"Forpol\" \/>\n<meta property=\"article:publisher\" content=\"https:\/\/www.facebook.com\/forpolestructuras\/\" \/>\n<meta property=\"article:modified_time\" content=\"2024-04-23T09:14:35+00:00\" \/>\n<meta property=\"og:image\" content=\"https:\/\/www.forpol.es\/wp-content\/uploads\/2021\/12\/ok-IMG_1551.jpg\" \/>\n\t<meta property=\"og:image:width\" content=\"1600\" \/>\n\t<meta property=\"og:image:height\" content=\"1067\" \/>\n\t<meta property=\"og:image:type\" content=\"image\/jpeg\" \/>\n<meta name=\"twitter:card\" content=\"summary_large_image\" \/>\n<meta name=\"twitter:site\" content=\"@forpol2\" \/>\n<meta name=\"twitter:label1\" content=\"Temps estimat de lectura\" \/>\n\t<meta name=\"twitter:data1\" content=\"4 minuts\" \/>\n<!-- \/ Yoast SEO Premium plugin. -->","yoast_head_json":{"title":"N\u00ednxols prefabricats 2022 - Preus N\u00cdNXOLS \u261d Forpol Estructures","description":"N\u00ednxols prefabricats \u2b50 per a cementiris. Construir n\u00ednxols, Ajuntament, \u2b50 prefabricat, pressupost, cementiris. L\u00e0pides decoratives, Nichos.","robots":{"index":"index","follow":"follow","max-snippet":"max-snippet:-1","max-image-preview":"max-image-preview:large","max-video-preview":"max-video-preview:-1"},"canonical":"https:\/\/www.forpol.es\/ca\/prefabricados-hormigon\/ninxols-prefabricats\/","og_locale":"ca_ES","og_type":"article","og_title":"N\u00ednxols prefabricats","og_description":"N\u00ednxols prefabricats \u2b50 per a cementiris. Construir n\u00ednxols, Ajuntament, \u2b50 prefabricat, pressupost, cementiris. L\u00e0pides decoratives, Nichos.","og_url":"https:\/\/www.forpol.es\/ca\/prefabricados-hormigon\/ninxols-prefabricats\/","og_site_name":"Forpol","article_publisher":"https:\/\/www.facebook.com\/forpolestructuras\/","article_modified_time":"2024-04-23T09:14:35+00:00","og_image":[{"width":1600,"height":1067,"url":"https:\/\/www.forpol.es\/wp-content\/uploads\/2021\/12\/ok-IMG_1551.jpg","type":"image\/jpeg"}],"twitter_card":"summary_large_image","twitter_site":"@forpol2","twitter_misc":{"Temps estimat de lectura":"4 minuts"},"schema":{"@context":"https:\/\/schema.org","@graph":[{"@type":"WebPage","@id":"https:\/\/www.forpol.es\/ca\/prefabricados-hormigon\/ninxols-prefabricats\/","url":"https:\/\/www.forpol.es\/ca\/prefabricados-hormigon\/ninxols-prefabricats\/","name":"N\u00ednxols prefabricats 2022 - Preus N\u00cdNXOLS \u261d Forpol Estructures","isPartOf":{"@id":"https:\/\/www.forpol.es\/ca\/#website"},"primaryImageOfPage":{"@id":"https:\/\/www.forpol.es\/ca\/prefabricados-hormigon\/ninxols-prefabricats\/#primaryimage"},"image":{"@id":"https:\/\/www.forpol.es\/ca\/prefabricados-hormigon\/ninxols-prefabricats\/#primaryimage"},"thumbnailUrl":"https:\/\/www.forpol.es\/wp-content\/uploads\/2021\/12\/ok-IMG_1551.jpg","datePublished":"2021-12-03T17:03:49+00:00","dateModified":"2024-04-23T09:14:35+00:00","description":"N\u00ednxols prefabricats \u2b50 per a cementiris. Construir n\u00ednxols, Ajuntament, \u2b50 prefabricat, pressupost, cementiris. L\u00e0pides decoratives, Nichos.","breadcrumb":{"@id":"https:\/\/www.forpol.es\/ca\/prefabricados-hormigon\/ninxols-prefabricats\/#breadcrumb"},"inLanguage":"ca","potentialAction":[{"@type":"ReadAction","target":["https:\/\/www.forpol.es\/ca\/prefabricados-hormigon\/ninxols-prefabricats\/"]}]},{"@type":"ImageObject","inLanguage":"ca","@id":"https:\/\/www.forpol.es\/ca\/prefabricados-hormigon\/ninxols-prefabricats\/#primaryimage","url":"https:\/\/www.forpol.es\/wp-content\/uploads\/2021\/12\/ok-IMG_1551.jpg","contentUrl":"https:\/\/www.forpol.es\/wp-content\/uploads\/2021\/12\/ok-IMG_1551.jpg","width":1600,"height":1067,"caption":"Nichos prefabricados"},{"@type":"BreadcrumbList","@id":"https:\/\/www.forpol.es\/ca\/prefabricados-hormigon\/ninxols-prefabricats\/#breadcrumb","itemListElement":[{"@type":"ListItem","position":1,"name":"Inici","item":"https:\/\/www.forpol.es\/ca\/inici\/"},{"@type":"ListItem","position":2,"name":"N\u00ednxols prefabricats"}]},{"@type":"WebSite","@id":"https:\/\/www.forpol.es\/ca\/#website","url":"https:\/\/www.forpol.es\/ca\/","name":"Forpol","description":"Prefabricats de formig\u00f3 i estructures prefabricades","publisher":{"@id":"https:\/\/www.forpol.es\/ca\/#organization"},"potentialAction":[{"@type":"SearchAction","target":{"@type":"EntryPoint","urlTemplate":"https:\/\/www.forpol.es\/ca\/?s={search_term_string}"},"query-input":{"@type":"PropertyValueSpecification","valueRequired":true,"valueName":"search_term_string"}}],"inLanguage":"ca"},{"@type":"Organization","@id":"https:\/\/www.forpol.es\/ca\/#organization","name":"Forpol Estructuras, S.L.","alternateName":"Forpol","url":"https:\/\/www.forpol.es\/ca\/","logo":{"@type":"ImageObject","inLanguage":"ca","@id":"https:\/\/www.forpol.es\/ca\/#\/schema\/logo\/image\/","url":"https:\/\/www.forpol.es\/wp-content\/uploads\/2021\/09\/LOGO-PNG-200x75-2-e1632825250267.png","contentUrl":"https:\/\/www.forpol.es\/wp-content\/uploads\/2021\/09\/LOGO-PNG-200x75-2-e1632825250267.png","width":90,"height":34,"caption":"Forpol Estructuras, S.L."},"image":{"@id":"https:\/\/www.forpol.es\/ca\/#\/schema\/logo\/image\/"},"sameAs":["https:\/\/www.facebook.com\/forpolestructuras\/","https:\/\/x.com\/forpol2","https:\/\/www.instagram.com\/forpol_estructuras\/"]}]}},"_links":{"self":[{"href":"https:\/\/www.forpol.es\/ca\/wp-json\/wp\/v2\/prefabricados-hormigon\/8429","targetHints":{"allow":["GET"]}}],"collection":[{"href":"https:\/\/www.forpol.es\/ca\/wp-json\/wp\/v2\/prefabricados-hormigon"}],"about":[{"href":"https:\/\/www.forpol.es\/ca\/wp-json\/wp\/v2\/types\/pref-hormigon"}],"version-history":[{"count":0,"href":"https:\/\/www.forpol.es\/ca\/wp-json\/wp\/v2\/prefabricados-hormigon\/8429\/revisions"}],"wp:featuredmedia":[{"embeddable":true,"href":"https:\/\/www.forpol.es\/ca\/wp-json\/wp\/v2\/media\/8082"}],"wp:attachment":[{"href":"https:\/\/www.forpol.es\/ca\/wp-json\/wp\/v2\/media?parent=8429"}],"curies":[{"name":"wp","href":"https:\/\/api.w.org\/{rel}","templated":true}]}}