{"id":8419,"date":"2021-11-15T17:28:18","date_gmt":"2021-11-15T15:28:18","guid":{"rendered":"https:\/\/www.forpol.es\/prefabricados-hormigon\/placa-alveolar\/"},"modified":"2024-05-21T12:40:08","modified_gmt":"2024-05-21T10:40:08","slug":"plaques-alveolars","status":"publish","type":"pref-hormigon","link":"https:\/\/www.forpol.es\/ca\/prefabricados-hormigon\/plaques-alveolars\/","title":{"rendered":"Placa Alveolar"},"content":{"rendered":"<h2>INFORMACI\u00d3 T\u00c8CNICA PLACA ALVEOLAR PREFABRICADA DE FORMIG\u00d3<\/h2>\n<h3>DESCRIPCI\u00d3 PLACA ALVEOLAR PREFABRICADA DE FORMIG\u00d3 2022<\/h3>\n<p>Placa alveolar:<\/p>\n<p>La&nbsp;<strong>placa alveolar <\/strong>&nbsp;\u00e9s un element prefabricat de formig\u00f3 pretensat, amb superf\u00edcie plana i gruix constant, alleugerit mitjan\u00e7ant orificis continus a la placa anomenats alv\u00e8ols, que redueixen el pes de l&#8217;element.<\/p>\n<p><img fetchpriority=\"high\" decoding=\"async\" class=\"alignnone wp-image-7894 size-full\" src=\"https:\/\/www.forpol.es\/wp-content\/uploads\/2021\/11\/OK-render.jpg\" alt=\"\" width=\"1600\" height=\"674\" srcset=\"https:\/\/www.forpol.es\/wp-content\/uploads\/2021\/11\/OK-render.jpg 1600w, https:\/\/www.forpol.es\/wp-content\/uploads\/2021\/11\/OK-render-500x211.jpg 500w, https:\/\/www.forpol.es\/wp-content\/uploads\/2021\/11\/OK-render-1024x431.jpg 1024w\" sizes=\"(max-width: 1600px) 100vw, 1600px\" \/><\/p>\n<h3>FABRICACI\u00d3 PLAQUES ALVEOLARS PREFABRICADA DE FORMIG\u00d3:<\/h3>\n<p>Formig\u00f3 (d&#8217;altes resist\u00e8ncies), acer que s&#8217;utilitza com a armadura activa, en forma de filferros o cordons.<\/p>\n<p>Excepcionalment pot incorporar acers com a estructures passives.<\/p>\n<p>Additius i addicions: Per millorar algunes caracter\u00edstiques del formig\u00f3.<\/p>\n<p>Tots aquests components han de seguir les especificacions de la EHE.<\/p>\n<h2>COM ES FABRICA LA PLACA ALVEOLAR?<\/h2>\n<p>Les&nbsp;<strong>placas alveolares<\/strong>&nbsp; es fabriquen sobre pistes d&#8217;acer de 120 m de longitud i 1.20 m d&#8217;amplada cadascuna.<\/p>\n<p>Cada pista de tensionament \u00e9s netejada amb una m\u00e0quina multiprop\u00f2sit per aplicar-li un desencofrant o desemmotllant que evita que s&#8217;adhereixi el formig\u00f3 una vegada endurit.<\/p>\n<p>Despr\u00e9s de l&#8217;allistament de la pista, es procedeix a l&#8217;extensi\u00f3 dels filferros o torons, els quals s\u00f3n ancorats als extrems de les plaques.<\/p>\n<p>La tensi\u00f3 als cables \u00e9s aplicada per un gat hidr\u00e0ulic amb capacitat de 10 tones.<\/p>\n<p>Quan l&#8217;acer es troba tensat, se situa la m\u00e0quina modeladora sobre els carrils de la pista.<\/p>\n<p>Aquesta m\u00e0quina rep el formig\u00f3 a les tremuges, on el va vibrant i compactant.<\/p>\n<p>Al mateix temps que la m\u00e0quina avan\u00e7a va dipositant el formig\u00f3 amb la forma i dimensions que corresponen a la placa alveolar que s&#8217;est\u00e0 fabricant.<\/p>\n<h3>PLAQUES ALVEOLARS COMPORTAMENT AL FOC<\/h3>\n<p>Quant a la seva reacci\u00f3 al foc, la NBE-CPI-96 considera el formig\u00f3 de la placa alveolar com a material MO, \u00e9s a dir, no combustible.<\/p>\n<ul>\n<li><em>A\u00efllament ac\u00fastic:&nbsp;<\/em>Segons norma b\u00e0sica d&#8217;edificaci\u00f3 NBE-CA-88.<\/li>\n<li><em>&nbsp;A\u00efllament t\u00e8rmic:&nbsp;<\/em>L&#8217;a\u00efllament t\u00e8rmic es troba regulat a la Norma B\u00e0sica de l&#8217;Edificaci\u00f3 NBE-CT-79 &#8220;Condicions T\u00e8rmiques als edificis&#8221;.<\/li>\n<\/ul>\n<h3>PLACA ALVEOLAR AVANTATGES<\/h3>\n<ul>\n<li>R\u00e0pida col\u00b7locaci\u00f3.<\/li>\n<li>Alt rendiment i seguretat en la col\u00b7locaci\u00f3.<\/li>\n<li>Resist\u00e8ncia a la flexi\u00f3 negativa.<\/li>\n<li>Alta resist\u00e8ncia a tallant, pel gran nombre d&#8217;\u00e0nimes.<\/li>\n<li>Major llum a igualtat de cant.<\/li>\n<li>Alta capacitat de c\u00e0rrega.<\/li>\n<li>Estalvi a la m\u00e0 d&#8217;obra.<\/li>\n<li>Eliminaci\u00f3 d&#8217;encofrats o apuntalaments.<\/li>\n<\/ul>\n<p><img decoding=\"async\" class=\"alignnone wp-image-7893 size-full\" src=\"https:\/\/www.forpol.es\/wp-content\/uploads\/2021\/11\/ok-fabricacion-1.jpg\" alt=\"Fabricaci\u00f3 Placa Alveolar\" width=\"1600\" height=\"765\" srcset=\"https:\/\/www.forpol.es\/wp-content\/uploads\/2021\/11\/ok-fabricacion-1.jpg 1600w, https:\/\/www.forpol.es\/wp-content\/uploads\/2021\/11\/ok-fabricacion-1-500x239.jpg 500w, https:\/\/www.forpol.es\/wp-content\/uploads\/2021\/11\/ok-fabricacion-1-1024x490.jpg 1024w\" sizes=\"(max-width: 1600px) 100vw, 1600px\" \/><\/p>\n<h3>PLACA ALVEOLAR PER A TANCAMENTS DE FA\u00c7ANES, PARTICIONS I MURS.<\/h3>\n<p>Se&#8217;n pot aprofitar la resist\u00e8ncia a la compressi\u00f3 en direcci\u00f3 dels alv\u00e8ols per crear uns murs portants.<\/p>\n<p>La capacitat de c\u00e0rrega d&#8217;aquests dependr\u00e0 de l&#8217;al\u00e7ada, les condicions de vora i els esfor\u00e7os als extrems.<\/p>\n<p>En cas de murs de c\u00e0rrega els alv\u00e8ols van en direcci\u00f3 horitzontal.<\/p>\n<p>L&#8217;arrencada es resol recolzant les plaques sobre la superf\u00edcie superior de la fonamentaci\u00f3 anivellada i massitzant els peus de les plaques dins de la rasa.<\/p>\n<p>Els caps s&#8217;enllacen a les bigues de l&#8217;estructura<\/p>\n<div id=\"cc-m-12019492298\" class=\"j-module n j-header \">\n<h3 id=\"cc-m-header-12019492298\" class=\"\">PLACA ALVEOLAR 2.022<\/h3>\n<\/div>\n<div id=\"cc-m-12019488998\" class=\"j-module n j-text \">\n<ul>\n<li>els millors preus de tot Espanya.<\/li>\n<li><strong>A m\u00e9s Alveolar <\/strong>&nbsp;15 cm. ideal per a tancaments.<\/li>\n<li><strong>i Placa Alveolar <\/strong>&nbsp;de 16 cm.<\/li>\n<li><strong>i Placas Alveolars<\/strong>&nbsp; de 20 cm.<\/li>\n<li><strong>Alveolar<\/strong>&nbsp;de 25 cm.<\/li>\n<li><strong>Placas Alveolar<\/strong>&nbsp;de 30 cm.<\/li>\n<li><strong>A m\u00e9s Placa Alveolars<\/strong>&nbsp;de 35 cm.<\/li>\n<li><strong>Placa Alveolar<\/strong> de 40 cm.<\/li>\n<li>Placa tancament<\/li>\n<li>I Placa Alveolar preu<\/li>\n<li>Placas Alveolar forjat<\/li>\n<li>Placa Alveolar 15 cm.<\/li>\n<li>A m\u00e9s Placas Alveolar pretensada<\/li>\n<li>Placa Alveolares dimensions<\/li>\n<li>Placa Alveolares mides<\/li>\n<li>Preu placa alveolar 12cm forjat alveolar<\/li>\n<li>I Plaques alveolars preu m2<\/li>\n<li>Plaques de formig\u00f3 alveolars preus<\/li>\n<li>Forjat plaques alveolars<\/li>\n<li>I Forjat de plaques alveolars<\/li>\n<li>Forjat llosa alveolar<\/li>\n<li>Plaques Alveolars cat\u00e0leg<\/li>\n<li>I Plaques Alveolars per a cases<\/li>\n<li>Plaques Alveolars mides<\/li>\n<\/ul>\n<\/div>\n","protected":false},"excerpt":{"rendered":"<p>INFORMACI\u00d3 T\u00c8CNICA PLACA ALVEOLAR:<br \/>\nLa placa alveolar \u00e9s un element prefabricat de formig\u00f3 pretensat, amb superf\u00edcie plana i gruix constant, alleugerit mitjan\u00e7ant orificis continus a la placa anomenats alv\u00e8ols, que redueixen el pes de l&#8217;element. +info<\/p>\n","protected":false},"featured_media":7976,"template":"","class_list":["post-8419","pref-hormigon","type-pref-hormigon","status-publish","has-post-thumbnail","hentry"],"acf":[],"yoast_head":"<!-- This site is optimized with the Yoast SEO Premium plugin v20.12 (Yoast SEO v27.5) - https:\/\/yoast.com\/product\/yoast-seo-premium-wordpress\/ -->\n<title>Placa Alveolar preus 2026 \u279c Forpol Estructuras, S.L. - Prefabricats<\/title>\n<meta name=\"description\" content=\"Venda de placa alveolar al millor preu de tot Espanya. Veure els nostres preus a forpol.es placa alveolar per tancaments. \u2705 +info\" \/>\n<meta name=\"robots\" content=\"index, follow, max-snippet:-1, max-image-preview:large, max-video-preview:-1\" \/>\n<link rel=\"canonical\" href=\"https:\/\/www.forpol.es\/ca\/prefabricados-hormigon\/plaques-alveolars\/\" \/>\n<meta property=\"og:locale\" content=\"ca_ES\" \/>\n<meta property=\"og:type\" content=\"article\" \/>\n<meta property=\"og:title\" content=\"Placa Alveolar preus 2026 \u279c Forpol Estructuras, S.L. Prefabricats\" \/>\n<meta property=\"og:description\" content=\"\u2777\u24ff\u2777\u2777 Venda de placa alveolar al millor preu de tot Espanya. Veure els nostres preus a forpol.es placa alveolar per tancaments. \u2705 +info\" \/>\n<meta property=\"og:url\" content=\"https:\/\/www.forpol.es\/ca\/prefabricados-hormigon\/plaques-alveolars\/\" \/>\n<meta property=\"og:site_name\" content=\"Forpol\" \/>\n<meta property=\"article:publisher\" content=\"https:\/\/www.facebook.com\/forpolestructuras\/\" \/>\n<meta property=\"article:modified_time\" content=\"2024-05-21T10:40:08+00:00\" \/>\n<meta property=\"og:image\" content=\"https:\/\/www.forpol.es\/wp-content\/uploads\/2021\/11\/ok-placa-alveolar-01.jpg\" \/>\n\t<meta property=\"og:image:width\" content=\"2074\" \/>\n\t<meta property=\"og:image:height\" content=\"1152\" \/>\n\t<meta property=\"og:image:type\" content=\"image\/jpeg\" \/>\n<meta name=\"twitter:card\" content=\"summary_large_image\" \/>\n<meta name=\"twitter:title\" content=\"Placa Alveolar preus 2026 \u279c Forpol Estructuras, S.L. Prefabricats\" \/>\n<meta name=\"twitter:description\" content=\"\u2777\u24ff\u2777\u2777 Venda de placa alveolar al millor preu de tot Espanya. Veure els nostres preus a forpol.es placa alveolar per tancaments. \u2705 +info\" \/>\n<meta name=\"twitter:site\" content=\"@forpol2\" \/>\n<meta name=\"twitter:label1\" content=\"Temps estimat de lectura\" \/>\n\t<meta name=\"twitter:data1\" content=\"4 minuts\" \/>\n<!-- \/ Yoast SEO Premium plugin. -->","yoast_head_json":{"title":"Placa Alveolar preus 2026 \u279c Forpol Estructuras, S.L. - Prefabricats","description":"Venda de placa alveolar al millor preu de tot Espanya. Veure els nostres preus a forpol.es placa alveolar per tancaments. \u2705 +info","robots":{"index":"index","follow":"follow","max-snippet":"max-snippet:-1","max-image-preview":"max-image-preview:large","max-video-preview":"max-video-preview:-1"},"canonical":"https:\/\/www.forpol.es\/ca\/prefabricados-hormigon\/plaques-alveolars\/","og_locale":"ca_ES","og_type":"article","og_title":"Placa Alveolar preus 2026 \u279c Forpol Estructuras, S.L. Prefabricats","og_description":"\u2777\u24ff\u2777\u2777 Venda de placa alveolar al millor preu de tot Espanya. Veure els nostres preus a forpol.es placa alveolar per tancaments. \u2705 +info","og_url":"https:\/\/www.forpol.es\/ca\/prefabricados-hormigon\/plaques-alveolars\/","og_site_name":"Forpol","article_publisher":"https:\/\/www.facebook.com\/forpolestructuras\/","article_modified_time":"2024-05-21T10:40:08+00:00","og_image":[{"width":2074,"height":1152,"url":"https:\/\/www.forpol.es\/wp-content\/uploads\/2021\/11\/ok-placa-alveolar-01.jpg","type":"image\/jpeg"}],"twitter_card":"summary_large_image","twitter_title":"Placa Alveolar preus 2026 \u279c Forpol Estructuras, S.L. Prefabricats","twitter_description":"\u2777\u24ff\u2777\u2777 Venda de placa alveolar al millor preu de tot Espanya. Veure els nostres preus a forpol.es placa alveolar per tancaments. \u2705 +info","twitter_site":"@forpol2","twitter_misc":{"Temps estimat de lectura":"4 minuts"},"schema":{"@context":"https:\/\/schema.org","@graph":[{"@type":"WebPage","@id":"https:\/\/www.forpol.es\/ca\/prefabricados-hormigon\/plaques-alveolars\/","url":"https:\/\/www.forpol.es\/ca\/prefabricados-hormigon\/plaques-alveolars\/","name":"Placa Alveolar preus 2026 \u279c Forpol Estructuras, S.L. - Prefabricats","isPartOf":{"@id":"https:\/\/www.forpol.es\/ca\/#website"},"primaryImageOfPage":{"@id":"https:\/\/www.forpol.es\/ca\/prefabricados-hormigon\/plaques-alveolars\/#primaryimage"},"image":{"@id":"https:\/\/www.forpol.es\/ca\/prefabricados-hormigon\/plaques-alveolars\/#primaryimage"},"thumbnailUrl":"https:\/\/www.forpol.es\/wp-content\/uploads\/2021\/11\/ok-placa-alveolar-01.jpg","datePublished":"2021-11-15T15:28:18+00:00","dateModified":"2024-05-21T10:40:08+00:00","description":"Venda de placa alveolar al millor preu de tot Espanya. Veure els nostres preus a forpol.es placa alveolar per tancaments. \u2705 +info","breadcrumb":{"@id":"https:\/\/www.forpol.es\/ca\/prefabricados-hormigon\/plaques-alveolars\/#breadcrumb"},"inLanguage":"ca","potentialAction":[{"@type":"ReadAction","target":["https:\/\/www.forpol.es\/ca\/prefabricados-hormigon\/plaques-alveolars\/"]}]},{"@type":"ImageObject","inLanguage":"ca","@id":"https:\/\/www.forpol.es\/ca\/prefabricados-hormigon\/plaques-alveolars\/#primaryimage","url":"https:\/\/www.forpol.es\/wp-content\/uploads\/2021\/11\/ok-placa-alveolar-01.jpg","contentUrl":"https:\/\/www.forpol.es\/wp-content\/uploads\/2021\/11\/ok-placa-alveolar-01.jpg","width":2074,"height":1152},{"@type":"BreadcrumbList","@id":"https:\/\/www.forpol.es\/ca\/prefabricados-hormigon\/plaques-alveolars\/#breadcrumb","itemListElement":[{"@type":"ListItem","position":1,"name":"Inici","item":"https:\/\/www.forpol.es\/ca\/inici\/"},{"@type":"ListItem","position":2,"name":"Placa Alveolar"}]},{"@type":"WebSite","@id":"https:\/\/www.forpol.es\/ca\/#website","url":"https:\/\/www.forpol.es\/ca\/","name":"Forpol","description":"Prefabricats de formig\u00f3 i estructures prefabricades","publisher":{"@id":"https:\/\/www.forpol.es\/ca\/#organization"},"potentialAction":[{"@type":"SearchAction","target":{"@type":"EntryPoint","urlTemplate":"https:\/\/www.forpol.es\/ca\/?s={search_term_string}"},"query-input":{"@type":"PropertyValueSpecification","valueRequired":true,"valueName":"search_term_string"}}],"inLanguage":"ca"},{"@type":"Organization","@id":"https:\/\/www.forpol.es\/ca\/#organization","name":"Forpol Estructuras, S.L.","alternateName":"Forpol","url":"https:\/\/www.forpol.es\/ca\/","logo":{"@type":"ImageObject","inLanguage":"ca","@id":"https:\/\/www.forpol.es\/ca\/#\/schema\/logo\/image\/","url":"https:\/\/www.forpol.es\/wp-content\/uploads\/2021\/09\/LOGO-PNG-200x75-2-e1632825250267.png","contentUrl":"https:\/\/www.forpol.es\/wp-content\/uploads\/2021\/09\/LOGO-PNG-200x75-2-e1632825250267.png","width":90,"height":34,"caption":"Forpol Estructuras, S.L."},"image":{"@id":"https:\/\/www.forpol.es\/ca\/#\/schema\/logo\/image\/"},"sameAs":["https:\/\/www.facebook.com\/forpolestructuras\/","https:\/\/x.com\/forpol2","https:\/\/www.instagram.com\/forpol_estructuras\/"]}]}},"_links":{"self":[{"href":"https:\/\/www.forpol.es\/ca\/wp-json\/wp\/v2\/prefabricados-hormigon\/8419","targetHints":{"allow":["GET"]}}],"collection":[{"href":"https:\/\/www.forpol.es\/ca\/wp-json\/wp\/v2\/prefabricados-hormigon"}],"about":[{"href":"https:\/\/www.forpol.es\/ca\/wp-json\/wp\/v2\/types\/pref-hormigon"}],"version-history":[{"count":0,"href":"https:\/\/www.forpol.es\/ca\/wp-json\/wp\/v2\/prefabricados-hormigon\/8419\/revisions"}],"wp:featuredmedia":[{"embeddable":true,"href":"https:\/\/www.forpol.es\/ca\/wp-json\/wp\/v2\/media\/7976"}],"wp:attachment":[{"href":"https:\/\/www.forpol.es\/ca\/wp-json\/wp\/v2\/media?parent=8419"}],"curies":[{"name":"wp","href":"https:\/\/api.w.org\/{rel}","templated":true}]}}