{"id":8363,"date":"2022-04-28T08:59:40","date_gmt":"2022-04-28T06:59:40","guid":{"rendered":"https:\/\/www.forpol.es\/cases-prefabricades-de-formigo\/"},"modified":"2025-08-27T12:45:12","modified_gmt":"2025-08-27T10:45:12","slug":"cases-prefabricades","status":"publish","type":"page","link":"https:\/\/www.forpol.es\/ca\/cases-prefabricades\/","title":{"rendered":"CASES PREFABRICADES DE FORMIG\u00d3"},"content":{"rendered":"\t\t<div data-elementor-type=\"wp-page\" data-elementor-id=\"8363\" class=\"elementor elementor-8363 elementor-4691\" data-elementor-post-type=\"page\">\n\t\t\t\t<div class=\"elementor-element elementor-element-8c6c83c e-con-full e-flex e-con e-parent\" data-id=\"8c6c83c\" data-element_type=\"container\" data-e-type=\"container\">\n\t\t<div class=\"elementor-element elementor-element-90426cc e-flex e-con-boxed e-con e-child\" data-id=\"90426cc\" data-element_type=\"container\" data-e-type=\"container\">\n\t\t\t\t\t<div class=\"e-con-inner\">\n\t\t<div class=\"elementor-element elementor-element-799b2e1 e-con-full e-flex e-con e-child\" data-id=\"799b2e1\" data-element_type=\"container\" data-e-type=\"container\" data-settings=\"{&quot;background_background&quot;:&quot;classic&quot;}\">\n\t\t\t\t<div class=\"elementor-element elementor-element-4566535 elementor-widget elementor-widget-image\" data-id=\"4566535\" data-element_type=\"widget\" data-e-type=\"widget\" data-widget_type=\"image.default\">\n\t\t\t\t<div class=\"elementor-widget-container\">\n\t\t\t\t\t\t\t\t\t\t\t\t\t\t\t<img fetchpriority=\"high\" decoding=\"async\" width=\"1200\" height=\"398\" src=\"https:\/\/www.forpol.es\/wp-content\/uploads\/2024\/04\/casass-prefabricadas-de-hormigon-forpol-hero-1.webp\" class=\"attachment-full size-full wp-image-13833\" alt=\"\" srcset=\"https:\/\/www.forpol.es\/wp-content\/uploads\/2024\/04\/casass-prefabricadas-de-hormigon-forpol-hero-1.webp 1200w, https:\/\/www.forpol.es\/wp-content\/uploads\/2024\/04\/casass-prefabricadas-de-hormigon-forpol-hero-1-500x166.webp 500w, https:\/\/www.forpol.es\/wp-content\/uploads\/2024\/04\/casass-prefabricadas-de-hormigon-forpol-hero-1-1024x340.webp 1024w\" sizes=\"(max-width: 1200px) 100vw, 1200px\" \/>\t\t\t\t\t\t\t\t\t\t\t\t\t\t\t<\/div>\n\t\t\t\t<\/div>\n\t\t<div class=\"elementor-element elementor-element-b6d0c31 e-con-full elementor-hidden-desktop elementor-hidden-widescreen elementor-hidden-laptop elementor-hidden-tablet_extra e-flex e-con e-child\" data-id=\"b6d0c31\" data-element_type=\"container\" data-e-type=\"container\">\n\t\t<a class=\"elementor-element elementor-element-c7331a6 e-con-full e-flex e-con e-child\" data-id=\"c7331a6\" data-element_type=\"container\" data-e-type=\"container\" data-settings=\"{&quot;background_background&quot;:&quot;classic&quot;}\">\n\t\t\t\t<div class=\"elementor-element elementor-element-5562fe4 elementor-widget elementor-widget-heading\" data-id=\"5562fe4\" data-element_type=\"widget\" data-e-type=\"widget\" data-widget_type=\"heading.default\">\n\t\t\t\t<div class=\"elementor-widget-container\">\n\t\t\t\t\t<p class=\"elementor-heading-title elementor-size-default\">PRESSUPOST ONLINE\u200b<\/p>\t\t\t\t<\/div>\n\t\t\t\t<\/div>\n\t\t\t\t<div class=\"elementor-element elementor-element-5bbf599 elementor-view-default elementor-widget elementor-widget-icon\" data-id=\"5bbf599\" data-element_type=\"widget\" data-e-type=\"widget\" data-widget_type=\"icon.default\">\n\t\t\t\t<div class=\"elementor-widget-container\">\n\t\t\t\t\t\t\t<div class=\"elementor-icon-wrapper\">\n\t\t\t<div class=\"elementor-icon\">\n\t\t\t<svg xmlns=\"http:\/\/www.w3.org\/2000\/svg\" xmlns:xlink=\"http:\/\/www.w3.org\/1999\/xlink\" width=\"20\" height=\"20\" viewBox=\"0 0 20 20\"><path d=\"M19.354 10.146l-6-6c-0.195-0.195-0.512-0.195-0.707 0s-0.195 0.512 0 0.707l5.146 5.146h-16.293c-0.276 0-0.5 0.224-0.5 0.5s0.224 0.5 0.5 0.5h16.293l-5.146 5.146c-0.195 0.195-0.195 0.512 0 0.707 0.098 0.098 0.226 0.146 0.354 0.146s0.256-0.049 0.354-0.146l6-6c0.195-0.195 0.195-0.512 0-0.707z\"><\/path><\/svg>\t\t\t<\/div>\n\t\t<\/div>\n\t\t\t\t\t\t<\/div>\n\t\t\t\t<\/div>\n\t\t\t\t<\/a>\n\t\t\t\t<\/div>\n\t\t\t\t<\/div>\n\t\t<div class=\"elementor-element elementor-element-2780085 e-flex e-con-boxed e-con e-child\" data-id=\"2780085\" data-element_type=\"container\" data-e-type=\"container\">\n\t\t\t\t\t<div class=\"e-con-inner\">\n\t\t<a class=\"elementor-element elementor-element-cba6c76 e-con-full caja_boton_seccion_hero elementor-hidden-tablet elementor-hidden-mobile elementor-hidden-mobile_extra e-flex e-con e-child\" data-id=\"cba6c76\" data-element_type=\"container\" data-e-type=\"container\" data-settings=\"{&quot;background_background&quot;:&quot;classic&quot;,&quot;position&quot;:&quot;absolute&quot;}\" href=\"https:\/\/www.forpol.es\/ca\/pressupost-cases-formigo\/\">\n\t\t\t\t<div class=\"elementor-element elementor-element-b74066b elementor-widget elementor-widget-heading\" data-id=\"b74066b\" data-element_type=\"widget\" data-e-type=\"widget\" data-widget_type=\"heading.default\">\n\t\t\t\t<div class=\"elementor-widget-container\">\n\t\t\t\t\t<p class=\"elementor-heading-title elementor-size-default\">PRESSUPOST ONLINE\u200b<\/p>\t\t\t\t<\/div>\n\t\t\t\t<\/div>\n\t\t\t\t<div class=\"elementor-element elementor-element-b165059 elementor-view-default elementor-widget elementor-widget-icon\" data-id=\"b165059\" data-element_type=\"widget\" data-e-type=\"widget\" data-widget_type=\"icon.default\">\n\t\t\t\t<div class=\"elementor-widget-container\">\n\t\t\t\t\t\t\t<div class=\"elementor-icon-wrapper\">\n\t\t\t<div class=\"elementor-icon\">\n\t\t\t<svg xmlns=\"http:\/\/www.w3.org\/2000\/svg\" xmlns:xlink=\"http:\/\/www.w3.org\/1999\/xlink\" width=\"20\" height=\"20\" viewBox=\"0 0 20 20\"><path d=\"M19.354 10.146l-6-6c-0.195-0.195-0.512-0.195-0.707 0s-0.195 0.512 0 0.707l5.146 5.146h-16.293c-0.276 0-0.5 0.224-0.5 0.5s0.224 0.5 0.5 0.5h16.293l-5.146 5.146c-0.195 0.195-0.195 0.512 0 0.707 0.098 0.098 0.226 0.146 0.354 0.146s0.256-0.049 0.354-0.146l6-6c0.195-0.195 0.195-0.512 0-0.707z\"><\/path><\/svg>\t\t\t<\/div>\n\t\t<\/div>\n\t\t\t\t\t\t<\/div>\n\t\t\t\t<\/div>\n\t\t\t\t<\/a>\n\t\t\t\t\t<\/div>\n\t\t\t\t<\/div>\n\t\t\t\t<div class=\"elementor-element elementor-element-e937c1d elementor-widget elementor-widget-heading\" data-id=\"e937c1d\" data-element_type=\"widget\" data-e-type=\"widget\" data-widget_type=\"heading.default\">\n\t\t\t\t<div class=\"elementor-widget-container\">\n\t\t\t\t\t<h1 class=\"elementor-heading-title elementor-size-default\">CASES PREFABRICADES DE FORMIG\u00d3\u200b<\/h1>\t\t\t\t<\/div>\n\t\t\t\t<\/div>\n\t\t\t\t\t<\/div>\n\t\t\t\t<\/div>\n\t\t\t\t<\/div>\n\t\t<div class=\"elementor-element elementor-element-3d74628 e-flex e-con-boxed e-con e-parent\" data-id=\"3d74628\" data-element_type=\"container\" data-e-type=\"container\">\n\t\t\t\t\t<div class=\"e-con-inner\">\n\t\t\t\t<div class=\"elementor-element elementor-element-d661cfc elementor-widget elementor-widget-heading\" data-id=\"d661cfc\" data-element_type=\"widget\" data-e-type=\"widget\" data-widget_type=\"heading.default\">\n\t\t\t\t<div class=\"elementor-widget-container\">\n\t\t\t\t\t<h2 class=\"elementor-heading-title elementor-size-default\">CASES PREFABRICADES DE FORMIG\u00d3 FORPOL: L\u2019ELECCI\u00d3 PERFECTA<\/h2>\t\t\t\t<\/div>\n\t\t\t\t<\/div>\n\t\t\t\t<div class=\"elementor-element elementor-element-887746c elementor-widget elementor-widget-text-editor\" data-id=\"887746c\" data-element_type=\"widget\" data-e-type=\"widget\" data-widget_type=\"text-editor.default\">\n\t\t\t\t<div class=\"elementor-widget-container\">\n\t\t\t\t\t\t\t\t\t<p>A l\u2019hora de\u00a0<strong>construir una casa<\/strong>, \u00e9s probable que et trobis davant de moltes alternatives de construcci\u00f3, materials i altres, totes amb preus, durabilitat i temps de construcci\u00f3 diferents.<\/p>\n<p>Sabem com \u00e9s de cost\u00f3s aixecar una casa de zero amb el\u00a0<strong>m\u00e8tode tradicional de construcci\u00f3<\/strong>, a m\u00e9s de com pot ser d\u2019etern i ni parlar de com es dupliquen els preus en relaci\u00f3 amb el teu pressupost quan el proc\u00e9s s\u2019estira m\u00e9s del compte per problemes.<\/p>\t\t\t\t\t\t\t\t<\/div>\n\t\t\t\t<\/div>\n\t\t\t\t<div class=\"elementor-element elementor-element-52c6a81 elementor-widget elementor-widget-toggle\" data-id=\"52c6a81\" data-element_type=\"widget\" data-e-type=\"widget\" data-widget_type=\"toggle.default\">\n\t\t\t\t<div class=\"elementor-widget-container\">\n\t\t\t\t\t\t\t<div class=\"elementor-toggle\">\n\t\t\t\t\t\t\t<div class=\"elementor-toggle-item\">\n\t\t\t\t\t<div id=\"elementor-tab-title-8671\" class=\"elementor-tab-title\" data-tab=\"1\" role=\"button\" aria-controls=\"elementor-tab-content-8671\" aria-expanded=\"false\">\n\t\t\t\t\t\t\t\t\t\t\t\t<span class=\"elementor-toggle-icon elementor-toggle-icon-left\" aria-hidden=\"true\">\n\t\t\t\t\t\t\t\t\t\t\t\t\t\t\t<span class=\"elementor-toggle-icon-closed\"><i class=\"fas fa-angle-down\"><\/i><\/span>\n\t\t\t\t\t\t\t\t<span class=\"elementor-toggle-icon-opened\"><i class=\"elementor-toggle-icon-opened fas fa-angle-up\"><\/i><\/span>\n\t\t\t\t\t\t\t\t\t\t\t\t\t<\/span>\n\t\t\t\t\t\t\t\t\t\t\t\t<a class=\"elementor-toggle-title\" tabindex=\"0\">Llegir m\u00e9s<\/a>\n\t\t\t\t\t<\/div>\n\n\t\t\t\t\t<div id=\"elementor-tab-content-8671\" class=\"elementor-tab-content elementor-clearfix\" data-tab=\"1\" role=\"region\" aria-labelledby=\"elementor-tab-title-8671\"><p style=\"margin: 0px 0px 1em; padding: 0px; border: 0px; font-variant-numeric: inherit; font-variant-east-asian: inherit; font-variant-alternates: inherit; font-variant-position: inherit; font-stretch: inherit; font-size: 14.3px; line-height: 1.5em; font-family: 'Libre Franklin', serif; font-optical-sizing: inherit; font-kerning: inherit; font-feature-settings: inherit; font-variation-settings: inherit; vertical-align: baseline; color: #2b2b2b;\">\u00c9s per tot aix\u00f2 que a\u00a0<span style=\"margin: 0px; padding: 0px; border: 0px; font-style: inherit; font-variant: inherit; font-weight: 900; font-stretch: inherit; font-size: inherit; line-height: inherit; font-family: inherit; font-optical-sizing: inherit; font-kerning: inherit; font-feature-settings: inherit; font-variation-settings: inherit; vertical-align: baseline;\">FORPOL<\/span>\u00a0tenim per a tu una soluci\u00f3 m\u00e9s econ\u00f2mica, eficient i nova:\u00a0<span style=\"margin: 0px; padding: 0px; border: 0px; font-style: inherit; font-variant: inherit; font-weight: 900; font-stretch: inherit; font-size: inherit; line-height: inherit; font-family: inherit; font-optical-sizing: inherit; font-kerning: inherit; font-feature-settings: inherit; font-variation-settings: inherit; vertical-align: baseline;\">cases prefabricades de formig\u00f3.<\/span><\/p>\n<h3 id=\"h-que-es-una-casa-prefabricada-de-hormigon-de-forpol\" class=\"wp-block-heading\" style=\"margin: 1em 0px 0.5em; padding: 0px; border: 0px; font-variant-numeric: inherit; font-variant-east-asian: inherit; font-variant-alternates: inherit; font-variant-position: inherit; font-weight: bold; font-stretch: inherit; font-size: 20px; line-height: 1em; font-family: 'Roboto Condensed', serif; font-optical-sizing: inherit; font-kerning: inherit; font-feature-settings: inherit; font-variation-settings: inherit; vertical-align: baseline; text-transform: uppercase; color: #2b2b2b; letter-spacing: normal; word-spacing: 0px;\">QU\u00c8 \u00c9S UNA CASA PREFABRICADA DE FORMIG\u00d3 DE FORPOL?<\/h3>\n<p style=\"margin: 0px 0px 1em; padding: 0px; border: 0px; font-variant-numeric: inherit; font-variant-east-asian: inherit; font-variant-alternates: inherit; font-variant-position: inherit; font-stretch: inherit; font-size: 14.3px; line-height: 1.5em; font-family: 'Libre Franklin', serif; font-optical-sizing: inherit; font-kerning: inherit; font-feature-settings: inherit; font-variation-settings: inherit; vertical-align: baseline; color: #2b2b2b;\">Les\u00a0<span style=\"margin: 0px; padding: 0px; border: 0px; font-style: inherit; font-variant: inherit; font-weight: 900; font-stretch: inherit; font-size: inherit; line-height: inherit; font-family: inherit; font-optical-sizing: inherit; font-kerning: inherit; font-feature-settings: inherit; font-variation-settings: inherit; vertical-align: baseline;\">cases prefabricades<\/span>\u00a0<span style=\"margin: 0px; padding: 0px; border: 0px; font-style: inherit; font-variant: inherit; font-weight: 900; font-stretch: inherit; font-size: inherit; line-height: inherit; font-family: inherit; font-optical-sizing: inherit; font-kerning: inherit; font-feature-settings: inherit; font-variation-settings: inherit; vertical-align: baseline;\">de formig\u00f3<\/span>\u00a0s\u00f3n una construcci\u00f3 modular aixecada amb materials pr\u00e8viament elaborats a les nostres instal\u00b7lacions.<\/p>\n<p style=\"margin: 0px 0px 1em; padding: 0px; border: 0px; font-variant-numeric: inherit; font-variant-east-asian: inherit; font-variant-alternates: inherit; font-variant-position: inherit; font-stretch: inherit; font-size: 14.3px; line-height: 1.5em; font-family: 'Libre Franklin', serif; font-optical-sizing: inherit; font-kerning: inherit; font-feature-settings: inherit; font-variation-settings: inherit; vertical-align: baseline; color: #2b2b2b;\">Cada\u00a0<span style=\"margin: 0px; padding: 0px; border: 0px; font-style: inherit; font-variant: inherit; font-weight: 900; font-stretch: inherit; font-size: inherit; line-height: inherit; font-family: inherit; font-optical-sizing: inherit; font-kerning: inherit; font-feature-settings: inherit; font-variation-settings: inherit; vertical-align: baseline;\">habitatge prefabricat<\/span>\u00a0es dissenyar\u00e0 amb les teves prefer\u00e8ncies i d\u2019acord amb el terreny on vols ubicar-lo. Un cop llesta, la casa s\u2019acobla en aquest, de manera senzilla i r\u00e0pida.<\/p>\n<p style=\"margin: 0px 0px 1em; padding: 0px; border: 0px; font-variant-numeric: inherit; font-variant-east-asian: inherit; font-variant-alternates: inherit; font-variant-position: inherit; font-stretch: inherit; font-size: 14.3px; line-height: 1.5em; font-family: 'Libre Franklin', serif; font-optical-sizing: inherit; font-kerning: inherit; font-feature-settings: inherit; font-variation-settings: inherit; vertical-align: baseline; color: #2b2b2b;\">Aquesta \u00e9s, doncs, una opci\u00f3 personalitzable, econ\u00f2mica, r\u00e0pida i\u00a0<span style=\"margin: 0px; padding: 0px; border: 0px; font-style: inherit; font-variant: inherit; font-weight: 900; font-stretch: inherit; font-size: inherit; line-height: inherit; font-family: inherit; font-optical-sizing: inherit; font-kerning: inherit; font-feature-settings: inherit; font-variation-settings: inherit; vertical-align: baseline;\">respectuosa amb el medi ambient<\/span>, avui l\u2019alternativa m\u00e9s intel\u00b7ligent davant dels\u00a0<span style=\"margin: 0px; padding: 0px; border: 0px; font-style: inherit; font-variant: inherit; font-weight: 900; font-stretch: inherit; font-size: inherit; line-height: inherit; font-family: inherit; font-optical-sizing: inherit; font-kerning: inherit; font-feature-settings: inherit; font-variation-settings: inherit; vertical-align: baseline;\">processos de construcci\u00f3 tradicionals llargs i costosos.<\/span><\/p>\n<h3 id=\"h-por-que-elegir-esta-modalidad-de-casas-prefabricadas\" class=\"wp-block-heading\" style=\"margin: 1em 0px 0.5em; padding: 0px; border: 0px; font-variant-numeric: inherit; font-variant-east-asian: inherit; font-variant-alternates: inherit; font-variant-position: inherit; font-weight: bold; font-stretch: inherit; font-size: 20px; line-height: 1em; font-family: 'Roboto Condensed', serif; font-optical-sizing: inherit; font-kerning: inherit; font-feature-settings: inherit; font-variation-settings: inherit; vertical-align: baseline; text-transform: uppercase; color: #2b2b2b; letter-spacing: normal; word-spacing: 0px;\">PER QU\u00c8 TRIAR AQUESTA MODALITAT DE CASES PREFABRICADES?<\/h3>\n<p style=\"margin: 0px 0px 1em; padding: 0px; border: 0px; font-variant-numeric: inherit; font-variant-east-asian: inherit; font-variant-alternates: inherit; font-variant-position: inherit; font-stretch: inherit; font-size: 14.3px; line-height: 1.5em; font-family: 'Libre Franklin', serif; font-optical-sizing: inherit; font-kerning: inherit; font-feature-settings: inherit; font-variation-settings: inherit; vertical-align: baseline; color: #2b2b2b;\">Quan tries una\u00a0<span style=\"margin: 0px; padding: 0px; border: 0px; font-style: inherit; font-variant: inherit; font-weight: 900; font-stretch: inherit; font-size: inherit; line-height: inherit; font-family: inherit; font-optical-sizing: inherit; font-kerning: inherit; font-feature-settings: inherit; font-variation-settings: inherit; vertical-align: baseline;\">casa prefabricada de formig\u00f3<\/span>, est\u00e0s apostant per la rapidesa, la seguretat, la qualitat, l\u2019estalvi i l\u2019efici\u00e8ncia, tant durant el proc\u00e9s constructiu com durant el temps en qu\u00e8 hi viur\u00e0s.<\/p>\n<div class=\"wp-block-image\" style=\"margin: 4vw 0px; padding: 0px; border: 0px; font-variant-numeric: inherit; font-variant-east-asian: inherit; font-variant-alternates: inherit; font-variant-position: inherit; font-stretch: inherit; font-size: 14.3px; line-height: inherit; font-family: 'Libre Franklin', serif; font-optical-sizing: inherit; font-kerning: inherit; font-feature-settings: inherit; font-variation-settings: inherit; vertical-align: baseline; color: #2b2b2b;\">\u00a0<\/div>\n<p><a style=\"background-color: #ffffff; font-family: var( --e-global-typography-text-font-family ), Sans-serif; font-size: var( --e-global-typography-text-font-size ); font-weight: var( --e-global-typography-text-font-weight );\" href=\"https:\/\/www.forpol.es\/presupuesto-casas-hormigon\/\"><img decoding=\"async\" class=\"ls-is-cached lazyloaded wp-image-4839 size-full aligncenter\" src=\"https:\/\/www.forpol.es\/wp-content\/uploads\/2022\/05\/configura-tu-casa-min-scaled-e1656492767944.jpg\" alt=\"\" width=\"877\" height=\"700\" data-src=\"https:\/\/www.forpol.es\/wp-content\/uploads\/2022\/05\/configura-tu-casa-min-1024x817.jpg\" \/><\/a><\/p>\n<p>El\u00a0<strong>formig\u00f3<\/strong>\u00a0\u00e9s un material molt confortable que t\u00e9 la capacitat de conservar la calor i alliberar-lo de forma progressiva, disminuint aix\u00ed la necessitat de calefacci\u00f3 o refrigeraci\u00f3 i amb ella els costos a la llar. Aquest \u00e9s un benefici a llarg termini impagable.<\/p>\n<p>A m\u00e9s, entre altres\u00a0<strong>beneficis del formig\u00f3<\/strong>, aquest ha demostrat ser excel\u00b7lent en la\u00a0<strong>prevenci\u00f3 d\u2019incendis a la llar<\/strong>, ja que no \u00e9s combustible i la seva transmet\u00e0ncia t\u00e8rmica (intercanvi de pot\u00e8ncia t\u00e8rmica) \u00e9s molt baixa en comparaci\u00f3 amb altres materials.<\/p>\n<p>Coneixes aquells ve\u00efns transnonadors que no et deixen dormir en pau? El\u00a0<strong>formig\u00f3 \u00e9s un excel\u00b7lent a\u00efllant<\/strong>, neutralitzant sorolls d\u2019alta densitat comparables amb els dels avions a prop dels aeroports o el soroll dels cotxes a les autopistes concorregudes.<\/p>\n<h3 class=\"wp-block-heading\">CASES PREFABRICADES, LA MILLOR ALTERNATIVA A LA CONSTRUCCI\u00d3 TRADICIONAL<\/h3>\n<p>Les\u00a0<strong>cases prefabricades<\/strong>\u00a0s\u00f3n una alternativa a la construcci\u00f3 convencional no nom\u00e9s m\u00e9s econ\u00f2mica, sin\u00f3 que tamb\u00e9 permet m\u00e9s controls de qualitat a la f\u00e0brica \u2013<strong>FORPOL\u00a0<\/strong>compleix amb la\u00a0<strong>normativa CE<\/strong>\u2013, feines de construcci\u00f3 m\u00e9s r\u00e0pides i segures, acabats perfectes, m\u00e0xima adaptabilitat a les teves prefer\u00e8ncies i habitatges m\u00e9s eficients des de la perspectiva energ\u00e8tica.<\/p>\n<p>A m\u00e9s, l\u2019elecci\u00f3\u00a0<strong>d\u2019una casa prefabricada<\/strong>\u00a0de FORPOL suposa una clara aposta per la sostenibilitat. Es requereixen menys despla\u00e7aments i transports durant la\u00a0<strong>construcci\u00f3 de cases prefabricades de formig\u00f3<\/strong>, el component principal \u00e9s un element altament durable, s\u2019utilitzen menys materials i es generen molts menys residus.<\/p>\n<p>De fet, la major part dels residus es produeixen durant el proc\u00e9s de fabricaci\u00f3, essent convenientment gestionats a les nostres instal\u00b7lacions sempre seguint els est\u00e0ndards m\u00e9s exigents.<\/p>\n<h3 class=\"wp-block-heading\">CASES PREFABRICADES DE FORMIG\u00d3 AMB GARANTIA PER LLEI<\/h3>\n<p>La\u00a0<strong>garantia de les cases prefabricades de formig\u00f3<\/strong>\u00a0\u00e9s igual a una casa constru\u00efda de forma tradicional, i est\u00e0 regulada per la\u00a0<strong>llei d\u2019ordenaci\u00f3 d\u2019edificaci\u00f3 38\/1999.<\/strong><\/p>\n<p>Segons la llei, tots els agents involucrats a la\u00a0<strong>construcci\u00f3 de la casa<\/strong>\u00a0responen a tu davant un desperfecte per deu anys quan els materials de la casa es fan malb\u00e9 per gesti\u00f3 deficient en els fonaments, pilars i altres elements de l\u2019estructura que comprometin la resist\u00e8ncia i estabilitat de la casa.<\/p>\n<p>D\u2019altra banda, tens garantia de tres anys per\u00a0<strong>danys en una casa prefabricada de formig\u00f3<\/strong>\u00a0per defici\u00e8ncies que invalidin l\u2019habitabilitat de l\u2019habitatge (<strong>humitat<\/strong>, a\u00efllament defectu\u00f3s,\u00a0<strong>problemes a les instal\u00b7lacions<\/strong>\u00a0o\u00a0<strong>esquerdes<\/strong>, entre d\u2019altres).<\/p>\n<p>Aix\u00ed mateix, en cas de danys a la terminaci\u00f3 o acabats derivats de defectes a la part executiva de la construcci\u00f3, tens un any de garantia.<\/p>\n<h3 class=\"wp-block-heading\">QUAN TRIGA CONSTRUIR UNA CASA PREFABRICADA DE FORMIG\u00d3?<\/h3>\n<p>El\u00a0<strong>temps de construcci\u00f3<\/strong>\u00a0duna casa prefabricada\u00a0<strong>de formig\u00f3<\/strong>\u00a0\u00e9s daproximadament sis mesos, des del moment de concessi\u00f3 de la teva llic\u00e8ncia dobra.<\/p>\n<p>En comparaci\u00f3 alhora que normalment porta la construcci\u00f3 d\u2019una casa de manera tradicional, les\u00a0<strong>cases prefabricades de formig\u00f3<\/strong>\u00a0prenen un 70% menys de temps per estar llestes.<\/p>\n<p>Una casa prefabricada de formig\u00f3 necessita aproximadament quatre setmanes per muntar els murs sobre els fonaments i quatre mesos m\u00e9s per acabar la resta de la casa.<\/p>\n<h3 class=\"wp-block-heading\">QU\u00c8 INCLOU EL PREU DE CASA PREFABRICADA DE FORMIG\u00d3?<\/h3>\n<p>Quan contractes un\u00a0<strong>servei per a casa teva prefabricada de formig\u00f3<\/strong>, has de tenir en compte la mida i el seu disseny, ja que aquests faran una gran difer\u00e8ncia en el preu final.<\/p>\n<p>Fora d\u2019aix\u00f2, el\u00a0<strong>servei de cases prefabricades de formig\u00f3<\/strong>\u00a0inclou generalment la\u00a0<strong>construcci\u00f3 de la casa<\/strong>\u00a0a partir de la mem\u00f2ria de qualitat, el\u00a0<strong>projecte d\u2019execuci\u00f3 i direcci\u00f3<\/strong>, la\u00a0<strong>tramitaci\u00f3 de llic\u00e8ncies i taxes<\/strong>\u00a0amb els seus costos,\u00a0<strong>honoraris dels arquitectes<\/strong>\u00a0i altres persones involucrades, assegurances, llum, aigua,\u00a0<strong>gesti\u00f3 de residus<\/strong>, fonaments i connexions de servei i els estudis requerits.<\/p>\n<p>Ja ho saps,\u00a0<strong>contractar casa teva prefabricada de formig\u00f3s<\/strong>\u00a0un servei complet i ben pensat, perqu\u00e8 no hagis de preocupar-te per assumptes m\u00e9s enll\u00e0 del que t\u2019interessa realment:\u00a0<strong>casa teva nova<\/strong>\u00a0en temps r\u00e8cord, amb la millor qualitat.<\/p><\/div>\n\t\t\t\t<\/div>\n\t\t\t\t\t\t\t\t<\/div>\n\t\t\t\t\t\t<\/div>\n\t\t\t\t<\/div>\n\t\t\t\t\t<\/div>\n\t\t\t\t<\/div>\n\t\t<div class=\"elementor-element elementor-element-e6b604e e-flex e-con-boxed e-con e-parent\" data-id=\"e6b604e\" data-element_type=\"container\" data-e-type=\"container\">\n\t\t\t\t\t<div class=\"e-con-inner\">\n\t\t\t\t<div class=\"elementor-element elementor-element-2ff79ae elementor-grid-4 otras_casas_loop_grid elementor-grid-tablet-2 elementor-grid-mobile-1 elementor-widget elementor-widget-loop-grid\" data-id=\"2ff79ae\" data-element_type=\"widget\" data-e-type=\"widget\" data-settings=\"{&quot;template_id&quot;:12479,&quot;columns&quot;:4,&quot;row_gap&quot;:{&quot;unit&quot;:&quot;px&quot;,&quot;size&quot;:0,&quot;sizes&quot;:[]},&quot;_skin&quot;:&quot;post&quot;,&quot;columns_tablet&quot;:&quot;2&quot;,&quot;columns_mobile&quot;:&quot;1&quot;,&quot;edit_handle_selector&quot;:&quot;[data-elementor-type=\\&quot;loop-item\\&quot;]&quot;,&quot;row_gap_widescreen&quot;:{&quot;unit&quot;:&quot;px&quot;,&quot;size&quot;:&quot;&quot;,&quot;sizes&quot;:[]},&quot;row_gap_laptop&quot;:{&quot;unit&quot;:&quot;px&quot;,&quot;size&quot;:&quot;&quot;,&quot;sizes&quot;:[]},&quot;row_gap_tablet_extra&quot;:{&quot;unit&quot;:&quot;px&quot;,&quot;size&quot;:&quot;&quot;,&quot;sizes&quot;:[]},&quot;row_gap_tablet&quot;:{&quot;unit&quot;:&quot;px&quot;,&quot;size&quot;:&quot;&quot;,&quot;sizes&quot;:[]},&quot;row_gap_mobile_extra&quot;:{&quot;unit&quot;:&quot;px&quot;,&quot;size&quot;:&quot;&quot;,&quot;sizes&quot;:[]},&quot;row_gap_mobile&quot;:{&quot;unit&quot;:&quot;px&quot;,&quot;size&quot;:&quot;&quot;,&quot;sizes&quot;:[]}}\" data-widget_type=\"loop-grid.post\">\n\t\t\t\t<div class=\"elementor-widget-container\">\n\t\t\t\t\t\t\t<div class=\"elementor-loop-container elementor-grid\" role=\"list\">\n\t\t<style id=\"loop-12479\">.elementor-12479 .elementor-element.elementor-element-09f2da4{--display:flex;--flex-direction:column;--container-widget-width:100%;--container-widget-height:initial;--container-widget-flex-grow:0;--container-widget-align-self:initial;--flex-wrap-mobile:wrap;--gap:0px 0px;--row-gap:0px;--column-gap:0px;--padding-top:0px;--padding-bottom:0px;--padding-left:0px;--padding-right:0px;}.elementor-12479 .elementor-element.elementor-element-dccfc2b{--display:flex;--gap:0px 0px;--row-gap:0px;--column-gap:0px;--padding-top:0px;--padding-bottom:0px;--padding-left:0px;--padding-right:0px;}.elementor-12479 .elementor-element.elementor-element-6212676{--display:flex;--margin-top:0px;--margin-bottom:15px;--margin-left:0px;--margin-right:0px;--padding-top:0px;--padding-bottom:0px;--padding-left:0px;--padding-right:0px;}.elementor-12479 .elementor-element.elementor-element-95c34a5 img{width:100%;height:260px;object-fit:cover;object-position:center center;}.elementor-12479 .elementor-element.elementor-element-7defa71{--display:flex;--gap:0px 0px;--row-gap:0px;--column-gap:0px;}.elementor-12479 .elementor-element.elementor-element-d983fe6 .elementor-heading-title{font-family:var( --e-global-typography-a8ce854-font-family ), Sans-serif;font-size:var( --e-global-typography-a8ce854-font-size );font-weight:var( --e-global-typography-a8ce854-font-weight );text-transform:var( --e-global-typography-a8ce854-text-transform );line-height:var( --e-global-typography-a8ce854-line-height );letter-spacing:var( --e-global-typography-a8ce854-letter-spacing );word-spacing:var( --e-global-typography-a8ce854-word-spacing );color:var( --e-global-color-secondary );}.elementor-12479 .elementor-element.elementor-element-75c1ffa .elementor-widget-container{color:var( --e-global-color-primary );}.elementor-12479 .elementor-element.elementor-element-75c1ffa > .elementor-widget-container{margin:0px 0px 015px 0px;}.elementor-12479 .elementor-element.elementor-element-dd9604e{font-size:var( --e-global-typography-65a42bf-font-size );font-weight:var( --e-global-typography-65a42bf-font-weight );line-height:var( --e-global-typography-65a42bf-line-height );letter-spacing:var( --e-global-typography-65a42bf-letter-spacing );word-spacing:var( --e-global-typography-65a42bf-word-spacing );color:var( --e-global-color-primary );}.elementor-12479 .elementor-element.elementor-element-dd9604e > .elementor-widget-container{margin:0px 0px -15px 0px;}.elementor-12479 .elementor-element.elementor-element-25945f1{font-family:var( --e-global-typography-a86e250-font-family ), Sans-serif;font-size:var( --e-global-typography-a86e250-font-size );font-weight:var( --e-global-typography-a86e250-font-weight );line-height:var( --e-global-typography-a86e250-line-height );letter-spacing:var( --e-global-typography-a86e250-letter-spacing );word-spacing:var( --e-global-typography-a86e250-word-spacing );color:var( --e-global-color-primary );}.elementor-12479 .elementor-element.elementor-element-56bbf35{font-size:var( --e-global-typography-65a42bf-font-size );font-weight:var( --e-global-typography-65a42bf-font-weight );line-height:var( --e-global-typography-65a42bf-line-height );letter-spacing:var( --e-global-typography-65a42bf-letter-spacing );word-spacing:var( --e-global-typography-65a42bf-word-spacing );color:var( --e-global-color-primary );}.elementor-12479 .elementor-element.elementor-element-43cc3e6{--spacer-size:75px;}.elementor-12479 .elementor-element.elementor-element-48005ab .elementor-icon-wrapper{text-align:center;}.elementor-12479 .elementor-element.elementor-element-48005ab.elementor-view-stacked .elementor-icon{background-color:var( --e-global-color-secondary );}.elementor-12479 .elementor-element.elementor-element-48005ab.elementor-view-framed .elementor-icon, .elementor-12479 .elementor-element.elementor-element-48005ab.elementor-view-default .elementor-icon{color:var( --e-global-color-secondary );border-color:var( --e-global-color-secondary );}.elementor-12479 .elementor-element.elementor-element-48005ab.elementor-view-framed .elementor-icon, .elementor-12479 .elementor-element.elementor-element-48005ab.elementor-view-default .elementor-icon svg{fill:var( --e-global-color-secondary );}.elementor-12479 .elementor-element.elementor-element-48005ab .elementor-icon{font-size:68px;}.elementor-12479 .elementor-element.elementor-element-48005ab .elementor-icon svg{height:68px;}.elementor-12479 .elementor-element.elementor-element-48005ab > .elementor-widget-container{margin:0px 10px 0px 0px;}.elementor-12479 .elementor-element.elementor-element-48005ab.elementor-element{--align-self:flex-end;}.elementor-12479 .elementor-element.elementor-element-48005ab{bottom:0px;}@media(max-width:1366px){.elementor-12479 .elementor-element.elementor-element-d983fe6 .elementor-heading-title{font-size:var( --e-global-typography-a8ce854-font-size );line-height:var( --e-global-typography-a8ce854-line-height );letter-spacing:var( --e-global-typography-a8ce854-letter-spacing );word-spacing:var( --e-global-typography-a8ce854-word-spacing );}.elementor-12479 .elementor-element.elementor-element-dd9604e{font-size:var( --e-global-typography-65a42bf-font-size );line-height:var( --e-global-typography-65a42bf-line-height );letter-spacing:var( --e-global-typography-65a42bf-letter-spacing );word-spacing:var( --e-global-typography-65a42bf-word-spacing );}.elementor-12479 .elementor-element.elementor-element-25945f1{font-size:var( --e-global-typography-a86e250-font-size );line-height:var( --e-global-typography-a86e250-line-height );letter-spacing:var( --e-global-typography-a86e250-letter-spacing );word-spacing:var( --e-global-typography-a86e250-word-spacing );}.elementor-12479 .elementor-element.elementor-element-56bbf35{font-size:var( --e-global-typography-65a42bf-font-size );line-height:var( --e-global-typography-65a42bf-line-height );letter-spacing:var( --e-global-typography-65a42bf-letter-spacing );word-spacing:var( --e-global-typography-65a42bf-word-spacing );}}@media(max-width:1024px){.elementor-12479 .elementor-element.elementor-element-d983fe6 .elementor-heading-title{font-size:var( --e-global-typography-a8ce854-font-size );line-height:var( --e-global-typography-a8ce854-line-height );letter-spacing:var( --e-global-typography-a8ce854-letter-spacing );word-spacing:var( --e-global-typography-a8ce854-word-spacing );}.elementor-12479 .elementor-element.elementor-element-dd9604e{font-size:var( --e-global-typography-65a42bf-font-size );line-height:var( --e-global-typography-65a42bf-line-height );letter-spacing:var( --e-global-typography-65a42bf-letter-spacing );word-spacing:var( --e-global-typography-65a42bf-word-spacing );}.elementor-12479 .elementor-element.elementor-element-25945f1{font-size:var( --e-global-typography-a86e250-font-size );line-height:var( --e-global-typography-a86e250-line-height );letter-spacing:var( --e-global-typography-a86e250-letter-spacing );word-spacing:var( --e-global-typography-a86e250-word-spacing );}.elementor-12479 .elementor-element.elementor-element-56bbf35{font-size:var( --e-global-typography-65a42bf-font-size );line-height:var( --e-global-typography-65a42bf-line-height );letter-spacing:var( --e-global-typography-65a42bf-letter-spacing );word-spacing:var( --e-global-typography-65a42bf-word-spacing );}}@media(max-width:767px){.elementor-12479 .elementor-element.elementor-element-d983fe6 .elementor-heading-title{font-size:var( --e-global-typography-a8ce854-font-size );line-height:var( --e-global-typography-a8ce854-line-height );letter-spacing:var( --e-global-typography-a8ce854-letter-spacing );word-spacing:var( --e-global-typography-a8ce854-word-spacing );}.elementor-12479 .elementor-element.elementor-element-dd9604e{font-size:var( --e-global-typography-65a42bf-font-size );line-height:var( --e-global-typography-65a42bf-line-height );letter-spacing:var( --e-global-typography-65a42bf-letter-spacing );word-spacing:var( --e-global-typography-65a42bf-word-spacing );}.elementor-12479 .elementor-element.elementor-element-25945f1{font-size:var( --e-global-typography-a86e250-font-size );line-height:var( --e-global-typography-a86e250-line-height );letter-spacing:var( --e-global-typography-a86e250-letter-spacing );word-spacing:var( --e-global-typography-a86e250-word-spacing );}.elementor-12479 .elementor-element.elementor-element-56bbf35{font-size:var( --e-global-typography-65a42bf-font-size );line-height:var( --e-global-typography-65a42bf-line-height );letter-spacing:var( --e-global-typography-65a42bf-letter-spacing );word-spacing:var( --e-global-typography-65a42bf-word-spacing );}}@media(min-width:768px){.elementor-12479 .elementor-element.elementor-element-7defa71{--width:80%;}}@media(min-width:2400px){.elementor-12479 .elementor-element.elementor-element-d983fe6 .elementor-heading-title{font-size:var( --e-global-typography-a8ce854-font-size );line-height:var( --e-global-typography-a8ce854-line-height );letter-spacing:var( --e-global-typography-a8ce854-letter-spacing );word-spacing:var( --e-global-typography-a8ce854-word-spacing );}.elementor-12479 .elementor-element.elementor-element-dd9604e{font-size:var( --e-global-typography-65a42bf-font-size );line-height:var( --e-global-typography-65a42bf-line-height );letter-spacing:var( --e-global-typography-65a42bf-letter-spacing );word-spacing:var( --e-global-typography-65a42bf-word-spacing );}.elementor-12479 .elementor-element.elementor-element-25945f1{font-size:var( --e-global-typography-a86e250-font-size );line-height:var( --e-global-typography-a86e250-line-height );letter-spacing:var( --e-global-typography-a86e250-letter-spacing );word-spacing:var( --e-global-typography-a86e250-word-spacing );}.elementor-12479 .elementor-element.elementor-element-56bbf35{font-size:var( --e-global-typography-65a42bf-font-size );line-height:var( --e-global-typography-65a42bf-line-height );letter-spacing:var( --e-global-typography-65a42bf-letter-spacing );word-spacing:var( --e-global-typography-65a42bf-word-spacing );}}<\/style>\t\t<div data-elementor-type=\"loop-item\" data-elementor-id=\"12479\" class=\"elementor elementor-12479 e-loop-item e-loop-item-8364 post-8364 casas-prefabricadas type-casas-prefabricadas status-publish has-post-thumbnail hentry\" data-elementor-post-type=\"elementor_library\" data-custom-edit-handle=\"1\">\n\t\t\t<a class=\"elementor-element elementor-element-09f2da4 e-con-full otras-single e-flex e-con e-parent\" data-id=\"09f2da4\" data-element_type=\"container\" data-e-type=\"container\" href=\"https:\/\/www.forpol.es\/ca\/casas-prefabricadas\/construccio-de-cases-economiques-models\/\">\n\t\t<div class=\"elementor-element elementor-element-dccfc2b e-flex e-con-boxed e-con e-child\" data-id=\"dccfc2b\" data-element_type=\"container\" data-e-type=\"container\">\n\t\t\t\t\t<div class=\"e-con-inner\">\n\t\t<div class=\"elementor-element elementor-element-6212676 otras-image-container e-flex e-con-boxed e-con e-child\" data-id=\"6212676\" data-element_type=\"container\" data-e-type=\"container\">\n\t\t\t\t\t<div class=\"e-con-inner\">\n\t\t\t\t<div class=\"elementor-element elementor-element-95c34a5 elementor-widget elementor-widget-image\" data-id=\"95c34a5\" data-element_type=\"widget\" data-e-type=\"widget\" data-widget_type=\"image.default\">\n\t\t\t\t<div class=\"elementor-widget-container\">\n\t\t\t\t\t\t\t\t\t\t\t\t\t\t\t<img decoding=\"async\" width=\"800\" height=\"350\" src=\"https:\/\/www.forpol.es\/wp-content\/uploads\/2022\/02\/SLAIDER-1-1024x448.jpg\" class=\"attachment-large size-large wp-image-8268\" alt=\"SLAIDER viviendas prefabricadas precios 1 (1)\" srcset=\"https:\/\/www.forpol.es\/wp-content\/uploads\/2022\/02\/SLAIDER-1-1024x448.jpg 1024w, https:\/\/www.forpol.es\/wp-content\/uploads\/2022\/02\/SLAIDER-1-500x219.jpg 500w, https:\/\/www.forpol.es\/wp-content\/uploads\/2022\/02\/SLAIDER-1.jpg 1600w\" sizes=\"(max-width: 800px) 100vw, 800px\" \/>\t\t\t\t\t\t\t\t\t\t\t\t\t\t\t<\/div>\n\t\t\t\t<\/div>\n\t\t\t\t\t<\/div>\n\t\t\t\t<\/div>\n\t\t<div class=\"elementor-element elementor-element-7defa71 e-con-full e-flex e-con e-child\" data-id=\"7defa71\" data-element_type=\"container\" data-e-type=\"container\">\n\t\t\t\t<div class=\"elementor-element elementor-element-d983fe6 elementor-widget elementor-widget-theme-post-title elementor-page-title elementor-widget-heading\" data-id=\"d983fe6\" data-element_type=\"widget\" data-e-type=\"widget\" data-widget_type=\"theme-post-title.default\">\n\t\t\t\t<div class=\"elementor-widget-container\">\n\t\t\t\t\t<p class=\"elementor-heading-title elementor-size-default\">CONSTRUCCI\u00d3 DE CASES ECON\u00d2MIQUES MODELS<\/p>\t\t\t\t<\/div>\n\t\t\t\t<\/div>\n\t\t\t\t<div class=\"elementor-element elementor-element-75c1ffa elementor-widget elementor-widget-theme-post-excerpt\" data-id=\"75c1ffa\" data-element_type=\"widget\" data-e-type=\"widget\" data-widget_type=\"theme-post-excerpt.default\">\n\t\t\t\t<div class=\"elementor-widget-container\">\n\t\t\t\t\tConstrucci\u00f3 de cases econ\u00f2miques model S1\nLa casa prefabricada model S de FORPOL es distribueix en dues plantes, s\u00f3n dos habitatges per separat, amb la possibilitat de llogar-ne un.\t\t\t\t<\/div>\n\t\t\t\t<\/div>\n\t\t\t\t<div class=\"elementor-element elementor-element-dd9604e elementor-widget elementor-widget-text-editor\" data-id=\"dd9604e\" data-element_type=\"widget\" data-e-type=\"widget\" data-widget_type=\"text-editor.default\">\n\t\t\t\t<div class=\"elementor-widget-container\">\n\t\t\t\t\t\t\t\t\t<p>Distribu\u00eft en dues plantes per separat<br \/>\nPlanta baixa de 120 m\u00b2<br \/>\n3 habitacions<br \/>\n2 banys<br \/>\n1era planta de 76 m\u00b2<br \/>\n2 habitacions<br \/>\n1 bany<br \/>\nAmb un total de 196 m\u00b2<\/p>\n\t\t\t\t\t\t\t\t<\/div>\n\t\t\t\t<\/div>\n\t\t\t\t<div class=\"elementor-element elementor-element-25945f1 elementor-widget elementor-widget-text-editor\" data-id=\"25945f1\" data-element_type=\"widget\" data-e-type=\"widget\" data-widget_type=\"text-editor.default\">\n\t\t\t\t<div class=\"elementor-widget-container\">\n\t\t\t\t\t\t\t\t\tA partir de 323.400 \u20ac\t\t\t\t\t\t\t\t<\/div>\n\t\t\t\t<\/div>\n\t\t\t\t<div class=\"elementor-element elementor-element-56bbf35 elementor-widget elementor-widget-text-editor\" data-id=\"56bbf35\" data-element_type=\"widget\" data-e-type=\"widget\" data-widget_type=\"text-editor.default\">\n\t\t\t\t<div class=\"elementor-widget-container\">\n\t\t\t\t\t\t\t\t\t<p>Claus en m\u00e0<br \/>\nO a partir de  88.200 \u20ac<br \/>\nEstructura, tancament i coberta<\/p>\n\t\t\t\t\t\t\t\t<\/div>\n\t\t\t\t<\/div>\n\t\t\t\t<div class=\"elementor-element elementor-element-43cc3e6 elementor-widget elementor-widget-spacer\" data-id=\"43cc3e6\" data-element_type=\"widget\" data-e-type=\"widget\" data-widget_type=\"spacer.default\">\n\t\t\t\t<div class=\"elementor-widget-container\">\n\t\t\t\t\t\t\t<div class=\"elementor-spacer\">\n\t\t\t<div class=\"elementor-spacer-inner\"><\/div>\n\t\t<\/div>\n\t\t\t\t\t\t<\/div>\n\t\t\t\t<\/div>\n\t\t\t\t<\/div>\n\t\t\t\t\t<\/div>\n\t\t\t\t<\/div>\n\t\t\t\t<div class=\"elementor-element elementor-element-48005ab elementor-absolute elementor-view-default elementor-widget elementor-widget-icon\" data-id=\"48005ab\" data-element_type=\"widget\" data-e-type=\"widget\" data-settings=\"{&quot;_position&quot;:&quot;absolute&quot;}\" data-widget_type=\"icon.default\">\n\t\t\t\t<div class=\"elementor-widget-container\">\n\t\t\t\t\t\t\t<div class=\"elementor-icon-wrapper\">\n\t\t\t<div class=\"elementor-icon\">\n\t\t\t<svg xmlns=\"http:\/\/www.w3.org\/2000\/svg\" xmlns:xlink=\"http:\/\/www.w3.org\/1999\/xlink\" width=\"20\" height=\"20\" viewBox=\"0 0 20 20\"><path d=\"M19.354 10.146l-6-6c-0.195-0.195-0.512-0.195-0.707 0s-0.195 0.512 0 0.707l5.146 5.146h-16.293c-0.276 0-0.5 0.224-0.5 0.5s0.224 0.5 0.5 0.5h16.293l-5.146 5.146c-0.195 0.195-0.195 0.512 0 0.707 0.098 0.098 0.226 0.146 0.354 0.146s0.256-0.049 0.354-0.146l6-6c0.195-0.195 0.195-0.512 0-0.707z\"><\/path><\/svg>\t\t\t<\/div>\n\t\t<\/div>\n\t\t\t\t\t\t<\/div>\n\t\t\t\t<\/div>\n\t\t\t\t<\/a>\n\t\t\t\t<\/div>\n\t\t\t\t<div data-elementor-type=\"loop-item\" data-elementor-id=\"12479\" class=\"elementor elementor-12479 e-loop-item e-loop-item-8379 post-8379 casas-prefabricadas type-casas-prefabricadas status-publish has-post-thumbnail hentry\" data-elementor-post-type=\"elementor_library\" data-custom-edit-handle=\"1\">\n\t\t\t<a class=\"elementor-element elementor-element-09f2da4 e-con-full otras-single e-flex e-con e-parent\" data-id=\"09f2da4\" data-element_type=\"container\" data-e-type=\"container\" href=\"https:\/\/www.forpol.es\/ca\/casas-prefabricadas\/txoko-cases\/\">\n\t\t<div class=\"elementor-element elementor-element-dccfc2b e-flex e-con-boxed e-con e-child\" data-id=\"dccfc2b\" data-element_type=\"container\" data-e-type=\"container\">\n\t\t\t\t\t<div class=\"e-con-inner\">\n\t\t<div class=\"elementor-element elementor-element-6212676 otras-image-container e-flex e-con-boxed e-con e-child\" data-id=\"6212676\" data-element_type=\"container\" data-e-type=\"container\">\n\t\t\t\t\t<div class=\"e-con-inner\">\n\t\t\t\t<div class=\"elementor-element elementor-element-95c34a5 elementor-widget elementor-widget-image\" data-id=\"95c34a5\" data-element_type=\"widget\" data-e-type=\"widget\" data-widget_type=\"image.default\">\n\t\t\t\t<div class=\"elementor-widget-container\">\n\t\t\t\t\t\t\t\t\t\t\t\t\t\t\t<img loading=\"lazy\" decoding=\"async\" width=\"800\" height=\"450\" src=\"https:\/\/www.forpol.es\/wp-content\/uploads\/2021\/08\/OK-CASA-PREFABRICADAS-DE-HORMIGON-LOW-COST-MODELO-TXOKO-7-1024x576.jpg\" class=\"attachment-large size-large wp-image-7201\" alt=\"Casas txoko 2021\" srcset=\"https:\/\/www.forpol.es\/wp-content\/uploads\/2021\/08\/OK-CASA-PREFABRICADAS-DE-HORMIGON-LOW-COST-MODELO-TXOKO-7-1024x576.jpg 1024w, https:\/\/www.forpol.es\/wp-content\/uploads\/2021\/08\/OK-CASA-PREFABRICADAS-DE-HORMIGON-LOW-COST-MODELO-TXOKO-7-500x281.jpg 500w, https:\/\/www.forpol.es\/wp-content\/uploads\/2021\/08\/OK-CASA-PREFABRICADAS-DE-HORMIGON-LOW-COST-MODELO-TXOKO-7.jpg 1600w\" sizes=\"(max-width: 800px) 100vw, 800px\" \/>\t\t\t\t\t\t\t\t\t\t\t\t\t\t\t<\/div>\n\t\t\t\t<\/div>\n\t\t\t\t\t<\/div>\n\t\t\t\t<\/div>\n\t\t<div class=\"elementor-element elementor-element-7defa71 e-con-full e-flex e-con e-child\" data-id=\"7defa71\" data-element_type=\"container\" data-e-type=\"container\">\n\t\t\t\t<div class=\"elementor-element elementor-element-d983fe6 elementor-widget elementor-widget-theme-post-title elementor-page-title elementor-widget-heading\" data-id=\"d983fe6\" data-element_type=\"widget\" data-e-type=\"widget\" data-widget_type=\"theme-post-title.default\">\n\t\t\t\t<div class=\"elementor-widget-container\">\n\t\t\t\t\t<p class=\"elementor-heading-title elementor-size-default\">CASA DE FORMIG\u00d3 MODEL TXOKO<\/p>\t\t\t\t<\/div>\n\t\t\t\t<\/div>\n\t\t\t\t<div class=\"elementor-element elementor-element-75c1ffa elementor-widget elementor-widget-theme-post-excerpt\" data-id=\"75c1ffa\" data-element_type=\"widget\" data-e-type=\"widget\" data-widget_type=\"theme-post-excerpt.default\">\n\t\t\t\t<div class=\"elementor-widget-container\">\n\t\t\t\t\tSi disposeu d'un jard\u00ed i voleu crear un espai de reuni\u00f3 amb la vostra fam\u00edlia o amics, un lloc on viure trobades, celebracions, jocs de taula, menjars i llargues sobretaules, el model Txoko de FORPOL \u00e9s l'opci\u00f3 perfecta.\t\t\t\t<\/div>\n\t\t\t\t<\/div>\n\t\t\t\t<div class=\"elementor-element elementor-element-dd9604e elementor-widget elementor-widget-text-editor\" data-id=\"dd9604e\" data-element_type=\"widget\" data-e-type=\"widget\" data-widget_type=\"text-editor.default\">\n\t\t\t\t<div class=\"elementor-widget-container\">\n\t\t\t\t\t\t\t\t\t<p>40 m\u00b2 Constru\u00efts<br \/>\n1 Bany<\/p>\n\t\t\t\t\t\t\t\t<\/div>\n\t\t\t\t<\/div>\n\t\t\t\t<div class=\"elementor-element elementor-element-25945f1 elementor-widget elementor-widget-text-editor\" data-id=\"25945f1\" data-element_type=\"widget\" data-e-type=\"widget\" data-widget_type=\"text-editor.default\">\n\t\t\t\t<div class=\"elementor-widget-container\">\n\t\t\t\t\t\t\t\t\tA partir de  80.000 \u20ac\t\t\t\t\t\t\t\t<\/div>\n\t\t\t\t<\/div>\n\t\t\t\t<div class=\"elementor-element elementor-element-56bbf35 elementor-widget elementor-widget-text-editor\" data-id=\"56bbf35\" data-element_type=\"widget\" data-e-type=\"widget\" data-widget_type=\"text-editor.default\">\n\t\t\t\t<div class=\"elementor-widget-container\">\n\t\t\t\t\t\t\t\t\t<p>Claus en m\u00e0<br \/>\nO a partir de 18.000 \u20ac<br \/>\nEstructura, tancament i coberta<\/p>\n\t\t\t\t\t\t\t\t<\/div>\n\t\t\t\t<\/div>\n\t\t\t\t<div class=\"elementor-element elementor-element-43cc3e6 elementor-widget elementor-widget-spacer\" data-id=\"43cc3e6\" data-element_type=\"widget\" data-e-type=\"widget\" data-widget_type=\"spacer.default\">\n\t\t\t\t<div class=\"elementor-widget-container\">\n\t\t\t\t\t\t\t<div class=\"elementor-spacer\">\n\t\t\t<div class=\"elementor-spacer-inner\"><\/div>\n\t\t<\/div>\n\t\t\t\t\t\t<\/div>\n\t\t\t\t<\/div>\n\t\t\t\t<\/div>\n\t\t\t\t\t<\/div>\n\t\t\t\t<\/div>\n\t\t\t\t<div class=\"elementor-element elementor-element-48005ab elementor-absolute elementor-view-default elementor-widget elementor-widget-icon\" data-id=\"48005ab\" data-element_type=\"widget\" data-e-type=\"widget\" data-settings=\"{&quot;_position&quot;:&quot;absolute&quot;}\" data-widget_type=\"icon.default\">\n\t\t\t\t<div class=\"elementor-widget-container\">\n\t\t\t\t\t\t\t<div class=\"elementor-icon-wrapper\">\n\t\t\t<div class=\"elementor-icon\">\n\t\t\t<svg xmlns=\"http:\/\/www.w3.org\/2000\/svg\" xmlns:xlink=\"http:\/\/www.w3.org\/1999\/xlink\" width=\"20\" height=\"20\" viewBox=\"0 0 20 20\"><path d=\"M19.354 10.146l-6-6c-0.195-0.195-0.512-0.195-0.707 0s-0.195 0.512 0 0.707l5.146 5.146h-16.293c-0.276 0-0.5 0.224-0.5 0.5s0.224 0.5 0.5 0.5h16.293l-5.146 5.146c-0.195 0.195-0.195 0.512 0 0.707 0.098 0.098 0.226 0.146 0.354 0.146s0.256-0.049 0.354-0.146l6-6c0.195-0.195 0.195-0.512 0-0.707z\"><\/path><\/svg>\t\t\t<\/div>\n\t\t<\/div>\n\t\t\t\t\t\t<\/div>\n\t\t\t\t<\/div>\n\t\t\t\t<\/a>\n\t\t\t\t<\/div>\n\t\t\t\t<div data-elementor-type=\"loop-item\" data-elementor-id=\"12479\" class=\"elementor elementor-12479 e-loop-item e-loop-item-8380 post-8380 casas-prefabricadas type-casas-prefabricadas status-publish has-post-thumbnail hentry\" data-elementor-post-type=\"elementor_library\" data-custom-edit-handle=\"1\">\n\t\t\t<a class=\"elementor-element elementor-element-09f2da4 e-con-full otras-single e-flex e-con e-parent\" data-id=\"09f2da4\" data-element_type=\"container\" data-e-type=\"container\" href=\"https:\/\/www.forpol.es\/ca\/casas-prefabricadas\/casa-hormigon-prefabricada\/\">\n\t\t<div class=\"elementor-element elementor-element-dccfc2b e-flex e-con-boxed e-con e-child\" data-id=\"dccfc2b\" data-element_type=\"container\" data-e-type=\"container\">\n\t\t\t\t\t<div class=\"e-con-inner\">\n\t\t<div class=\"elementor-element elementor-element-6212676 otras-image-container e-flex e-con-boxed e-con e-child\" data-id=\"6212676\" data-element_type=\"container\" data-e-type=\"container\">\n\t\t\t\t\t<div class=\"e-con-inner\">\n\t\t\t\t<div class=\"elementor-element elementor-element-95c34a5 elementor-widget elementor-widget-image\" data-id=\"95c34a5\" data-element_type=\"widget\" data-e-type=\"widget\" data-widget_type=\"image.default\">\n\t\t\t\t<div class=\"elementor-widget-container\">\n\t\t\t\t\t\t\t\t\t\t\t\t\t\t\t<img loading=\"lazy\" decoding=\"async\" width=\"800\" height=\"566\" src=\"https:\/\/www.forpol.es\/wp-content\/uploads\/2021\/08\/OK-CASA-PREFABRICADAS-DE-HORMIGON-LOW-COST-MODELO-T2-2-1024x724.jpg\" class=\"attachment-large size-large wp-image-7184\" alt=\"\" srcset=\"https:\/\/www.forpol.es\/wp-content\/uploads\/2021\/08\/OK-CASA-PREFABRICADAS-DE-HORMIGON-LOW-COST-MODELO-T2-2-1024x724.jpg 1024w, https:\/\/www.forpol.es\/wp-content\/uploads\/2021\/08\/OK-CASA-PREFABRICADAS-DE-HORMIGON-LOW-COST-MODELO-T2-2-500x353.jpg 500w, https:\/\/www.forpol.es\/wp-content\/uploads\/2021\/08\/OK-CASA-PREFABRICADAS-DE-HORMIGON-LOW-COST-MODELO-T2-2.jpg 1600w\" sizes=\"(max-width: 800px) 100vw, 800px\" \/>\t\t\t\t\t\t\t\t\t\t\t\t\t\t\t<\/div>\n\t\t\t\t<\/div>\n\t\t\t\t\t<\/div>\n\t\t\t\t<\/div>\n\t\t<div class=\"elementor-element elementor-element-7defa71 e-con-full e-flex e-con e-child\" data-id=\"7defa71\" data-element_type=\"container\" data-e-type=\"container\">\n\t\t\t\t<div class=\"elementor-element elementor-element-d983fe6 elementor-widget elementor-widget-theme-post-title elementor-page-title elementor-widget-heading\" data-id=\"d983fe6\" data-element_type=\"widget\" data-e-type=\"widget\" data-widget_type=\"theme-post-title.default\">\n\t\t\t\t<div class=\"elementor-widget-container\">\n\t\t\t\t\t<p class=\"elementor-heading-title elementor-size-default\">CASA DE FORMIG\u00d3 PREFABRICAT PREU MODEL T2<\/p>\t\t\t\t<\/div>\n\t\t\t\t<\/div>\n\t\t\t\t<div class=\"elementor-element elementor-element-75c1ffa elementor-widget elementor-widget-theme-post-excerpt\" data-id=\"75c1ffa\" data-element_type=\"widget\" data-e-type=\"widget\" data-widget_type=\"theme-post-excerpt.default\">\n\t\t\t\t<div class=\"elementor-widget-container\">\n\t\t\t\t\tLa casa prefabricada de formig\u00f3 Model T2\/2022 de FORPOL \u00e9s un habitatge idoni per a fam\u00edlies, c\u00f2mode, amb espais interiors lluminosos i una est\u00e8tica exterior que resulta alhora senzilla, atractiva i de f\u00e0cil integraci\u00f3 al seu entorn. Ofereix 120 m\u00b2, 3 habitacions, 2 banys i un ampli espai on s\u00b4integren el sal\u00f3, el menjador i la cuina.\t\t\t\t<\/div>\n\t\t\t\t<\/div>\n\t\t\t\t<div class=\"elementor-element elementor-element-dd9604e elementor-widget elementor-widget-text-editor\" data-id=\"dd9604e\" data-element_type=\"widget\" data-e-type=\"widget\" data-widget_type=\"text-editor.default\">\n\t\t\t\t<div class=\"elementor-widget-container\">\n\t\t\t\t\t\t\t\t\t<p>120 m\u00b2 Constru\u00efts<br \/>\n3 Habitacions<br \/>\n2 Bany<\/p>\n\t\t\t\t\t\t\t\t<\/div>\n\t\t\t\t<\/div>\n\t\t\t\t<div class=\"elementor-element elementor-element-25945f1 elementor-widget elementor-widget-text-editor\" data-id=\"25945f1\" data-element_type=\"widget\" data-e-type=\"widget\" data-widget_type=\"text-editor.default\">\n\t\t\t\t<div class=\"elementor-widget-container\">\n\t\t\t\t\t\t\t\t\tA partir de  198.000 \u20ac\t\t\t\t\t\t\t\t<\/div>\n\t\t\t\t<\/div>\n\t\t\t\t<div class=\"elementor-element elementor-element-56bbf35 elementor-widget elementor-widget-text-editor\" data-id=\"56bbf35\" data-element_type=\"widget\" data-e-type=\"widget\" data-widget_type=\"text-editor.default\">\n\t\t\t\t<div class=\"elementor-widget-container\">\n\t\t\t\t\t\t\t\t\t<p>Claus en m\u00e0<br \/>\nO a partir de  54.000 \u20ac<br \/>\nEstructura, tancament i coberta<\/p>\n\t\t\t\t\t\t\t\t<\/div>\n\t\t\t\t<\/div>\n\t\t\t\t<div class=\"elementor-element elementor-element-43cc3e6 elementor-widget elementor-widget-spacer\" data-id=\"43cc3e6\" data-element_type=\"widget\" data-e-type=\"widget\" data-widget_type=\"spacer.default\">\n\t\t\t\t<div class=\"elementor-widget-container\">\n\t\t\t\t\t\t\t<div class=\"elementor-spacer\">\n\t\t\t<div class=\"elementor-spacer-inner\"><\/div>\n\t\t<\/div>\n\t\t\t\t\t\t<\/div>\n\t\t\t\t<\/div>\n\t\t\t\t<\/div>\n\t\t\t\t\t<\/div>\n\t\t\t\t<\/div>\n\t\t\t\t<div class=\"elementor-element elementor-element-48005ab elementor-absolute elementor-view-default elementor-widget elementor-widget-icon\" data-id=\"48005ab\" data-element_type=\"widget\" data-e-type=\"widget\" data-settings=\"{&quot;_position&quot;:&quot;absolute&quot;}\" data-widget_type=\"icon.default\">\n\t\t\t\t<div class=\"elementor-widget-container\">\n\t\t\t\t\t\t\t<div class=\"elementor-icon-wrapper\">\n\t\t\t<div class=\"elementor-icon\">\n\t\t\t<svg xmlns=\"http:\/\/www.w3.org\/2000\/svg\" xmlns:xlink=\"http:\/\/www.w3.org\/1999\/xlink\" width=\"20\" height=\"20\" viewBox=\"0 0 20 20\"><path d=\"M19.354 10.146l-6-6c-0.195-0.195-0.512-0.195-0.707 0s-0.195 0.512 0 0.707l5.146 5.146h-16.293c-0.276 0-0.5 0.224-0.5 0.5s0.224 0.5 0.5 0.5h16.293l-5.146 5.146c-0.195 0.195-0.195 0.512 0 0.707 0.098 0.098 0.226 0.146 0.354 0.146s0.256-0.049 0.354-0.146l6-6c0.195-0.195 0.195-0.512 0-0.707z\"><\/path><\/svg>\t\t\t<\/div>\n\t\t<\/div>\n\t\t\t\t\t\t<\/div>\n\t\t\t\t<\/div>\n\t\t\t\t<\/a>\n\t\t\t\t<\/div>\n\t\t\t\t<div data-elementor-type=\"loop-item\" data-elementor-id=\"12479\" class=\"elementor elementor-12479 e-loop-item e-loop-item-8381 post-8381 casas-prefabricadas type-casas-prefabricadas status-publish has-post-thumbnail hentry\" data-elementor-post-type=\"elementor_library\" data-custom-edit-handle=\"1\">\n\t\t\t<a class=\"elementor-element elementor-element-09f2da4 e-con-full otras-single e-flex e-con e-parent\" data-id=\"09f2da4\" data-element_type=\"container\" data-e-type=\"container\" href=\"https:\/\/www.forpol.es\/ca\/casas-prefabricadas\/cases-prefabricades-de-formigo\/\">\n\t\t<div class=\"elementor-element elementor-element-dccfc2b e-flex e-con-boxed e-con e-child\" data-id=\"dccfc2b\" data-element_type=\"container\" data-e-type=\"container\">\n\t\t\t\t\t<div class=\"e-con-inner\">\n\t\t<div class=\"elementor-element elementor-element-6212676 otras-image-container e-flex e-con-boxed e-con e-child\" data-id=\"6212676\" data-element_type=\"container\" data-e-type=\"container\">\n\t\t\t\t\t<div class=\"e-con-inner\">\n\t\t\t\t<div class=\"elementor-element elementor-element-95c34a5 elementor-widget elementor-widget-image\" data-id=\"95c34a5\" data-element_type=\"widget\" data-e-type=\"widget\" data-widget_type=\"image.default\">\n\t\t\t\t<div class=\"elementor-widget-container\">\n\t\t\t\t\t\t\t\t\t\t\t\t\t\t\t<img loading=\"lazy\" decoding=\"async\" width=\"800\" height=\"450\" src=\"https:\/\/www.forpol.es\/wp-content\/uploads\/2021\/08\/OK-CASA-PREFABRICADAS-DE-HORMIGON-LOW-COST-MODELO-T1-2-1024x576.jpg\" class=\"attachment-large size-large wp-image-7177\" alt=\"\" srcset=\"https:\/\/www.forpol.es\/wp-content\/uploads\/2021\/08\/OK-CASA-PREFABRICADAS-DE-HORMIGON-LOW-COST-MODELO-T1-2-1024x576.jpg 1024w, https:\/\/www.forpol.es\/wp-content\/uploads\/2021\/08\/OK-CASA-PREFABRICADAS-DE-HORMIGON-LOW-COST-MODELO-T1-2-500x281.jpg 500w, https:\/\/www.forpol.es\/wp-content\/uploads\/2021\/08\/OK-CASA-PREFABRICADAS-DE-HORMIGON-LOW-COST-MODELO-T1-2.jpg 1600w\" sizes=\"(max-width: 800px) 100vw, 800px\" \/>\t\t\t\t\t\t\t\t\t\t\t\t\t\t\t<\/div>\n\t\t\t\t<\/div>\n\t\t\t\t\t<\/div>\n\t\t\t\t<\/div>\n\t\t<div class=\"elementor-element elementor-element-7defa71 e-con-full e-flex e-con e-child\" data-id=\"7defa71\" data-element_type=\"container\" data-e-type=\"container\">\n\t\t\t\t<div class=\"elementor-element elementor-element-d983fe6 elementor-widget elementor-widget-theme-post-title elementor-page-title elementor-widget-heading\" data-id=\"d983fe6\" data-element_type=\"widget\" data-e-type=\"widget\" data-widget_type=\"theme-post-title.default\">\n\t\t\t\t<div class=\"elementor-widget-container\">\n\t\t\t\t\t<p class=\"elementor-heading-title elementor-size-default\">CASES PREFABRICADES DE FORMIG\u00d3 2022 MODEL T1<\/p>\t\t\t\t<\/div>\n\t\t\t\t<\/div>\n\t\t\t\t<div class=\"elementor-element elementor-element-75c1ffa elementor-widget elementor-widget-theme-post-excerpt\" data-id=\"75c1ffa\" data-element_type=\"widget\" data-e-type=\"widget\" data-widget_type=\"theme-post-excerpt.default\">\n\t\t\t\t<div class=\"elementor-widget-container\">\n\t\t\t\t\tLES CASES PREFABRICADES DE FORMIG\u00d3 M\u00c9S ECON\u00d2MIQUES I FUNCIONALS\nLes cases prefabricades de formig\u00f3 Model T1 s\u00f3n habitatges funcionals amb una atractiva pres\u00e8ncia exterior, que s'integrar\u00e0 a la perfecci\u00f3 a l'entorn que trieu. Als seus 80 m\u00b2 de superf\u00edcie, compta amb 2 habitacions i 1 bany, cuina i sal\u00f3-menjador.\t\t\t\t<\/div>\n\t\t\t\t<\/div>\n\t\t\t\t<div class=\"elementor-element elementor-element-dd9604e elementor-widget elementor-widget-text-editor\" data-id=\"dd9604e\" data-element_type=\"widget\" data-e-type=\"widget\" data-widget_type=\"text-editor.default\">\n\t\t\t\t<div class=\"elementor-widget-container\">\n\t\t\t\t\t\t\t\t\t<p>80 m\u00b2 Constru\u00efts<br \/>\n2 Habitacions<br \/>\n1 Bany<\/p>\n\t\t\t\t\t\t\t\t<\/div>\n\t\t\t\t<\/div>\n\t\t\t\t<div class=\"elementor-element elementor-element-25945f1 elementor-widget elementor-widget-text-editor\" data-id=\"25945f1\" data-element_type=\"widget\" data-e-type=\"widget\" data-widget_type=\"text-editor.default\">\n\t\t\t\t<div class=\"elementor-widget-container\">\n\t\t\t\t\t\t\t\t\tA partir de 152.000 \u20ac\t\t\t\t\t\t\t\t<\/div>\n\t\t\t\t<\/div>\n\t\t\t\t<div class=\"elementor-element elementor-element-56bbf35 elementor-widget elementor-widget-text-editor\" data-id=\"56bbf35\" data-element_type=\"widget\" data-e-type=\"widget\" data-widget_type=\"text-editor.default\">\n\t\t\t\t<div class=\"elementor-widget-container\">\n\t\t\t\t\t\t\t\t\t<p>Claus en m\u00e0<br \/>\nO a partir de  36.000 \u20ac<br \/>\nEstructura, tancament i coberta<\/p>\n\t\t\t\t\t\t\t\t<\/div>\n\t\t\t\t<\/div>\n\t\t\t\t<div class=\"elementor-element elementor-element-43cc3e6 elementor-widget elementor-widget-spacer\" data-id=\"43cc3e6\" data-element_type=\"widget\" data-e-type=\"widget\" data-widget_type=\"spacer.default\">\n\t\t\t\t<div class=\"elementor-widget-container\">\n\t\t\t\t\t\t\t<div class=\"elementor-spacer\">\n\t\t\t<div class=\"elementor-spacer-inner\"><\/div>\n\t\t<\/div>\n\t\t\t\t\t\t<\/div>\n\t\t\t\t<\/div>\n\t\t\t\t<\/div>\n\t\t\t\t\t<\/div>\n\t\t\t\t<\/div>\n\t\t\t\t<div class=\"elementor-element elementor-element-48005ab elementor-absolute elementor-view-default elementor-widget elementor-widget-icon\" data-id=\"48005ab\" data-element_type=\"widget\" data-e-type=\"widget\" data-settings=\"{&quot;_position&quot;:&quot;absolute&quot;}\" data-widget_type=\"icon.default\">\n\t\t\t\t<div class=\"elementor-widget-container\">\n\t\t\t\t\t\t\t<div class=\"elementor-icon-wrapper\">\n\t\t\t<div class=\"elementor-icon\">\n\t\t\t<svg xmlns=\"http:\/\/www.w3.org\/2000\/svg\" xmlns:xlink=\"http:\/\/www.w3.org\/1999\/xlink\" width=\"20\" height=\"20\" viewBox=\"0 0 20 20\"><path d=\"M19.354 10.146l-6-6c-0.195-0.195-0.512-0.195-0.707 0s-0.195 0.512 0 0.707l5.146 5.146h-16.293c-0.276 0-0.5 0.224-0.5 0.5s0.224 0.5 0.5 0.5h16.293l-5.146 5.146c-0.195 0.195-0.195 0.512 0 0.707 0.098 0.098 0.226 0.146 0.354 0.146s0.256-0.049 0.354-0.146l6-6c0.195-0.195 0.195-0.512 0-0.707z\"><\/path><\/svg>\t\t\t<\/div>\n\t\t<\/div>\n\t\t\t\t\t\t<\/div>\n\t\t\t\t<\/div>\n\t\t\t\t<\/a>\n\t\t\t\t<\/div>\n\t\t\t\t<div data-elementor-type=\"loop-item\" data-elementor-id=\"12479\" class=\"elementor elementor-12479 e-loop-item e-loop-item-8382 post-8382 casas-prefabricadas type-casas-prefabricadas status-publish has-post-thumbnail hentry\" data-elementor-post-type=\"elementor_library\" data-custom-edit-handle=\"1\">\n\t\t\t<a class=\"elementor-element elementor-element-09f2da4 e-con-full otras-single e-flex e-con e-parent\" data-id=\"09f2da4\" data-element_type=\"container\" data-e-type=\"container\" href=\"https:\/\/www.forpol.es\/ca\/casas-prefabricadas\/habitatges-prefabricats-modulars\/\">\n\t\t<div class=\"elementor-element elementor-element-dccfc2b e-flex e-con-boxed e-con e-child\" data-id=\"dccfc2b\" data-element_type=\"container\" data-e-type=\"container\">\n\t\t\t\t\t<div class=\"e-con-inner\">\n\t\t<div class=\"elementor-element elementor-element-6212676 otras-image-container e-flex e-con-boxed e-con e-child\" data-id=\"6212676\" data-element_type=\"container\" data-e-type=\"container\">\n\t\t\t\t\t<div class=\"e-con-inner\">\n\t\t\t\t<div class=\"elementor-element elementor-element-95c34a5 elementor-widget elementor-widget-image\" data-id=\"95c34a5\" data-element_type=\"widget\" data-e-type=\"widget\" data-widget_type=\"image.default\">\n\t\t\t\t<div class=\"elementor-widget-container\">\n\t\t\t\t\t\t\t\t\t\t\t\t\t\t\t<img loading=\"lazy\" decoding=\"async\" width=\"800\" height=\"450\" src=\"https:\/\/www.forpol.es\/wp-content\/uploads\/2021\/08\/OK-CASA-PREFABRICADAS-DE-HORMIGON-LOW-COST-MODELO-O1-2-1024x576.jpg\" class=\"attachment-large size-large wp-image-7169\" alt=\"\" srcset=\"https:\/\/www.forpol.es\/wp-content\/uploads\/2021\/08\/OK-CASA-PREFABRICADAS-DE-HORMIGON-LOW-COST-MODELO-O1-2-1024x576.jpg 1024w, https:\/\/www.forpol.es\/wp-content\/uploads\/2021\/08\/OK-CASA-PREFABRICADAS-DE-HORMIGON-LOW-COST-MODELO-O1-2-500x281.jpg 500w, https:\/\/www.forpol.es\/wp-content\/uploads\/2021\/08\/OK-CASA-PREFABRICADAS-DE-HORMIGON-LOW-COST-MODELO-O1-2.jpg 1600w\" sizes=\"(max-width: 800px) 100vw, 800px\" \/>\t\t\t\t\t\t\t\t\t\t\t\t\t\t\t<\/div>\n\t\t\t\t<\/div>\n\t\t\t\t\t<\/div>\n\t\t\t\t<\/div>\n\t\t<div class=\"elementor-element elementor-element-7defa71 e-con-full e-flex e-con e-child\" data-id=\"7defa71\" data-element_type=\"container\" data-e-type=\"container\">\n\t\t\t\t<div class=\"elementor-element elementor-element-d983fe6 elementor-widget elementor-widget-theme-post-title elementor-page-title elementor-widget-heading\" data-id=\"d983fe6\" data-element_type=\"widget\" data-e-type=\"widget\" data-widget_type=\"theme-post-title.default\">\n\t\t\t\t<div class=\"elementor-widget-container\">\n\t\t\t\t\t<p class=\"elementor-heading-title elementor-size-default\">HABITATGES PREFABRICATS MODULARS MODEL O1<\/p>\t\t\t\t<\/div>\n\t\t\t\t<\/div>\n\t\t\t\t<div class=\"elementor-element elementor-element-75c1ffa elementor-widget elementor-widget-theme-post-excerpt\" data-id=\"75c1ffa\" data-element_type=\"widget\" data-e-type=\"widget\" data-widget_type=\"theme-post-excerpt.default\">\n\t\t\t\t<div class=\"elementor-widget-container\">\n\t\t\t\t\tHABITATGES PREFABRICATS MODULARS:\nEls habitatges prefabricats modulars de formig\u00f3 s\u00f3n habitatges que s'elaboren a f\u00e0brica seguint els processos tecnol\u00f2gics m\u00e9s actuals, amb seccions que es poden transportar i acoblar f\u00e0cilment al seu empla\u00e7ament final.\t\t\t\t<\/div>\n\t\t\t\t<\/div>\n\t\t\t\t<div class=\"elementor-element elementor-element-dd9604e elementor-widget elementor-widget-text-editor\" data-id=\"dd9604e\" data-element_type=\"widget\" data-e-type=\"widget\" data-widget_type=\"text-editor.default\">\n\t\t\t\t<div class=\"elementor-widget-container\">\n\t\t\t\t\t\t\t\t\t<p>80 m\u00b2 Constru\u00efts<br \/>\n2 Habitacions<br \/>\n1 Bany<\/p>\n\t\t\t\t\t\t\t\t<\/div>\n\t\t\t\t<\/div>\n\t\t\t\t<div class=\"elementor-element elementor-element-25945f1 elementor-widget elementor-widget-text-editor\" data-id=\"25945f1\" data-element_type=\"widget\" data-e-type=\"widget\" data-widget_type=\"text-editor.default\">\n\t\t\t\t<div class=\"elementor-widget-container\">\n\t\t\t\t\t\t\t\t\tA partir de 152.000 \u20ac\t\t\t\t\t\t\t\t<\/div>\n\t\t\t\t<\/div>\n\t\t\t\t<div class=\"elementor-element elementor-element-56bbf35 elementor-widget elementor-widget-text-editor\" data-id=\"56bbf35\" data-element_type=\"widget\" data-e-type=\"widget\" data-widget_type=\"text-editor.default\">\n\t\t\t\t<div class=\"elementor-widget-container\">\n\t\t\t\t\t\t\t\t\t<p>Claus en m\u00e0<br \/>\nO a partir de  36.000 \u20ac<br \/>\nEstructura, tancament i coberta<\/p>\n\t\t\t\t\t\t\t\t<\/div>\n\t\t\t\t<\/div>\n\t\t\t\t<div class=\"elementor-element elementor-element-43cc3e6 elementor-widget elementor-widget-spacer\" data-id=\"43cc3e6\" data-element_type=\"widget\" data-e-type=\"widget\" data-widget_type=\"spacer.default\">\n\t\t\t\t<div class=\"elementor-widget-container\">\n\t\t\t\t\t\t\t<div class=\"elementor-spacer\">\n\t\t\t<div class=\"elementor-spacer-inner\"><\/div>\n\t\t<\/div>\n\t\t\t\t\t\t<\/div>\n\t\t\t\t<\/div>\n\t\t\t\t<\/div>\n\t\t\t\t\t<\/div>\n\t\t\t\t<\/div>\n\t\t\t\t<div class=\"elementor-element elementor-element-48005ab elementor-absolute elementor-view-default elementor-widget elementor-widget-icon\" data-id=\"48005ab\" data-element_type=\"widget\" data-e-type=\"widget\" data-settings=\"{&quot;_position&quot;:&quot;absolute&quot;}\" data-widget_type=\"icon.default\">\n\t\t\t\t<div class=\"elementor-widget-container\">\n\t\t\t\t\t\t\t<div class=\"elementor-icon-wrapper\">\n\t\t\t<div class=\"elementor-icon\">\n\t\t\t<svg xmlns=\"http:\/\/www.w3.org\/2000\/svg\" xmlns:xlink=\"http:\/\/www.w3.org\/1999\/xlink\" width=\"20\" height=\"20\" viewBox=\"0 0 20 20\"><path d=\"M19.354 10.146l-6-6c-0.195-0.195-0.512-0.195-0.707 0s-0.195 0.512 0 0.707l5.146 5.146h-16.293c-0.276 0-0.5 0.224-0.5 0.5s0.224 0.5 0.5 0.5h16.293l-5.146 5.146c-0.195 0.195-0.195 0.512 0 0.707 0.098 0.098 0.226 0.146 0.354 0.146s0.256-0.049 0.354-0.146l6-6c0.195-0.195 0.195-0.512 0-0.707z\"><\/path><\/svg>\t\t\t<\/div>\n\t\t<\/div>\n\t\t\t\t\t\t<\/div>\n\t\t\t\t<\/div>\n\t\t\t\t<\/a>\n\t\t\t\t<\/div>\n\t\t\t\t<div data-elementor-type=\"loop-item\" data-elementor-id=\"12479\" class=\"elementor elementor-12479 e-loop-item e-loop-item-8383 post-8383 casas-prefabricadas type-casas-prefabricadas status-publish has-post-thumbnail hentry\" data-elementor-post-type=\"elementor_library\" data-custom-edit-handle=\"1\">\n\t\t\t<a class=\"elementor-element elementor-element-09f2da4 e-con-full otras-single e-flex e-con e-parent\" data-id=\"09f2da4\" data-element_type=\"container\" data-e-type=\"container\" href=\"https:\/\/www.forpol.es\/ca\/casas-prefabricadas\/habitatges-de-formigo\/\">\n\t\t<div class=\"elementor-element elementor-element-dccfc2b e-flex e-con-boxed e-con e-child\" data-id=\"dccfc2b\" data-element_type=\"container\" data-e-type=\"container\">\n\t\t\t\t\t<div class=\"e-con-inner\">\n\t\t<div class=\"elementor-element elementor-element-6212676 otras-image-container e-flex e-con-boxed e-con e-child\" data-id=\"6212676\" data-element_type=\"container\" data-e-type=\"container\">\n\t\t\t\t\t<div class=\"e-con-inner\">\n\t\t\t\t<div class=\"elementor-element elementor-element-95c34a5 elementor-widget elementor-widget-image\" data-id=\"95c34a5\" data-element_type=\"widget\" data-e-type=\"widget\" data-widget_type=\"image.default\">\n\t\t\t\t<div class=\"elementor-widget-container\">\n\t\t\t\t\t\t\t\t\t\t\t\t\t\t\t<img loading=\"lazy\" decoding=\"async\" width=\"800\" height=\"450\" src=\"https:\/\/www.forpol.es\/wp-content\/uploads\/2021\/08\/OK-CASA-PREFABRICADAS-DE-HORMIGON-LOW-COST-MODELO-M1-2-1024x576.jpg\" class=\"attachment-large size-large wp-image-7160\" alt=\"\" srcset=\"https:\/\/www.forpol.es\/wp-content\/uploads\/2021\/08\/OK-CASA-PREFABRICADAS-DE-HORMIGON-LOW-COST-MODELO-M1-2-1024x576.jpg 1024w, https:\/\/www.forpol.es\/wp-content\/uploads\/2021\/08\/OK-CASA-PREFABRICADAS-DE-HORMIGON-LOW-COST-MODELO-M1-2-500x281.jpg 500w, https:\/\/www.forpol.es\/wp-content\/uploads\/2021\/08\/OK-CASA-PREFABRICADAS-DE-HORMIGON-LOW-COST-MODELO-M1-2.jpg 1600w\" sizes=\"(max-width: 800px) 100vw, 800px\" \/>\t\t\t\t\t\t\t\t\t\t\t\t\t\t\t<\/div>\n\t\t\t\t<\/div>\n\t\t\t\t\t<\/div>\n\t\t\t\t<\/div>\n\t\t<div class=\"elementor-element elementor-element-7defa71 e-con-full e-flex e-con e-child\" data-id=\"7defa71\" data-element_type=\"container\" data-e-type=\"container\">\n\t\t\t\t<div class=\"elementor-element elementor-element-d983fe6 elementor-widget elementor-widget-theme-post-title elementor-page-title elementor-widget-heading\" data-id=\"d983fe6\" data-element_type=\"widget\" data-e-type=\"widget\" data-widget_type=\"theme-post-title.default\">\n\t\t\t\t<div class=\"elementor-widget-container\">\n\t\t\t\t\t<p class=\"elementor-heading-title elementor-size-default\">HABITATGES DE FORMIG\u00d3, MODEL M1<\/p>\t\t\t\t<\/div>\n\t\t\t\t<\/div>\n\t\t\t\t<div class=\"elementor-element elementor-element-75c1ffa elementor-widget elementor-widget-theme-post-excerpt\" data-id=\"75c1ffa\" data-element_type=\"widget\" data-e-type=\"widget\" data-widget_type=\"theme-post-excerpt.default\">\n\t\t\t\t<div class=\"elementor-widget-container\">\n\t\t\t\t\tHabitatges de formig\u00f3:\nL\u00b4habitatge de formig\u00f3 M1 \u00e9s el model m\u00e9s gran i complet de FORPOL. Ofereix m\u00e9s de 200 m\u00b2 de superf\u00edcie a una planta, amb tres habitacions, dos banys, un sal\u00f3-menjador ampli i capacitat d'aparcament per a dos cotxes.\t\t\t\t<\/div>\n\t\t\t\t<\/div>\n\t\t\t\t<div class=\"elementor-element elementor-element-dd9604e elementor-widget elementor-widget-text-editor\" data-id=\"dd9604e\" data-element_type=\"widget\" data-e-type=\"widget\" data-widget_type=\"text-editor.default\">\n\t\t\t\t<div class=\"elementor-widget-container\">\n\t\t\t\t\t\t\t\t\t<p>218 m\u00b2 Constru\u00efts<br \/>\n3 Habitacions<br \/>\n2 Banys<br \/>\n2 Cotxes<\/p>\n\t\t\t\t\t\t\t\t<\/div>\n\t\t\t\t<\/div>\n\t\t\t\t<div class=\"elementor-element elementor-element-25945f1 elementor-widget elementor-widget-text-editor\" data-id=\"25945f1\" data-element_type=\"widget\" data-e-type=\"widget\" data-widget_type=\"text-editor.default\">\n\t\t\t\t<div class=\"elementor-widget-container\">\n\t\t\t\t\t\t\t\t\tA partir de 359.700 \u20ac\t\t\t\t\t\t\t\t<\/div>\n\t\t\t\t<\/div>\n\t\t\t\t<div class=\"elementor-element elementor-element-56bbf35 elementor-widget elementor-widget-text-editor\" data-id=\"56bbf35\" data-element_type=\"widget\" data-e-type=\"widget\" data-widget_type=\"text-editor.default\">\n\t\t\t\t<div class=\"elementor-widget-container\">\n\t\t\t\t\t\t\t\t\t<p>Claus en m\u00e0<br \/>\nO a partir de  98.100 \u20ac<br \/>\nEstructura, tancament i coberta<\/p>\n\t\t\t\t\t\t\t\t<\/div>\n\t\t\t\t<\/div>\n\t\t\t\t<div class=\"elementor-element elementor-element-43cc3e6 elementor-widget elementor-widget-spacer\" data-id=\"43cc3e6\" data-element_type=\"widget\" data-e-type=\"widget\" data-widget_type=\"spacer.default\">\n\t\t\t\t<div class=\"elementor-widget-container\">\n\t\t\t\t\t\t\t<div class=\"elementor-spacer\">\n\t\t\t<div class=\"elementor-spacer-inner\"><\/div>\n\t\t<\/div>\n\t\t\t\t\t\t<\/div>\n\t\t\t\t<\/div>\n\t\t\t\t<\/div>\n\t\t\t\t\t<\/div>\n\t\t\t\t<\/div>\n\t\t\t\t<div class=\"elementor-element elementor-element-48005ab elementor-absolute elementor-view-default elementor-widget elementor-widget-icon\" data-id=\"48005ab\" data-element_type=\"widget\" data-e-type=\"widget\" data-settings=\"{&quot;_position&quot;:&quot;absolute&quot;}\" data-widget_type=\"icon.default\">\n\t\t\t\t<div class=\"elementor-widget-container\">\n\t\t\t\t\t\t\t<div class=\"elementor-icon-wrapper\">\n\t\t\t<div class=\"elementor-icon\">\n\t\t\t<svg xmlns=\"http:\/\/www.w3.org\/2000\/svg\" xmlns:xlink=\"http:\/\/www.w3.org\/1999\/xlink\" width=\"20\" height=\"20\" viewBox=\"0 0 20 20\"><path d=\"M19.354 10.146l-6-6c-0.195-0.195-0.512-0.195-0.707 0s-0.195 0.512 0 0.707l5.146 5.146h-16.293c-0.276 0-0.5 0.224-0.5 0.5s0.224 0.5 0.5 0.5h16.293l-5.146 5.146c-0.195 0.195-0.195 0.512 0 0.707 0.098 0.098 0.226 0.146 0.354 0.146s0.256-0.049 0.354-0.146l6-6c0.195-0.195 0.195-0.512 0-0.707z\"><\/path><\/svg>\t\t\t<\/div>\n\t\t<\/div>\n\t\t\t\t\t\t<\/div>\n\t\t\t\t<\/div>\n\t\t\t\t<\/a>\n\t\t\t\t<\/div>\n\t\t\t\t<div data-elementor-type=\"loop-item\" data-elementor-id=\"12479\" class=\"elementor elementor-12479 e-loop-item e-loop-item-8384 post-8384 casas-prefabricadas type-casas-prefabricadas status-publish has-post-thumbnail hentry\" data-elementor-post-type=\"elementor_library\" data-custom-edit-handle=\"1\">\n\t\t\t<a class=\"elementor-element elementor-element-09f2da4 e-con-full otras-single e-flex e-con e-parent\" data-id=\"09f2da4\" data-element_type=\"container\" data-e-type=\"container\" href=\"https:\/\/www.forpol.es\/ca\/casas-prefabricadas\/casa-prefabricada-moderna\/\">\n\t\t<div class=\"elementor-element elementor-element-dccfc2b e-flex e-con-boxed e-con e-child\" data-id=\"dccfc2b\" data-element_type=\"container\" data-e-type=\"container\">\n\t\t\t\t\t<div class=\"e-con-inner\">\n\t\t<div class=\"elementor-element elementor-element-6212676 otras-image-container e-flex e-con-boxed e-con e-child\" data-id=\"6212676\" data-element_type=\"container\" data-e-type=\"container\">\n\t\t\t\t\t<div class=\"e-con-inner\">\n\t\t\t\t<div class=\"elementor-element elementor-element-95c34a5 elementor-widget elementor-widget-image\" data-id=\"95c34a5\" data-element_type=\"widget\" data-e-type=\"widget\" data-widget_type=\"image.default\">\n\t\t\t\t<div class=\"elementor-widget-container\">\n\t\t\t\t\t\t\t\t\t\t\t\t\t\t\t<img loading=\"lazy\" decoding=\"async\" width=\"800\" height=\"445\" src=\"https:\/\/www.forpol.es\/wp-content\/uploads\/2021\/08\/OK-CASA-PREFABRICADAS-DE-HORMIGON-LOW-COST-MODELO-J1-7-1024x569.jpg\" class=\"attachment-large size-large wp-image-7154\" alt=\"\" srcset=\"https:\/\/www.forpol.es\/wp-content\/uploads\/2021\/08\/OK-CASA-PREFABRICADAS-DE-HORMIGON-LOW-COST-MODELO-J1-7-1024x569.jpg 1024w, https:\/\/www.forpol.es\/wp-content\/uploads\/2021\/08\/OK-CASA-PREFABRICADAS-DE-HORMIGON-LOW-COST-MODELO-J1-7-500x278.jpg 500w, https:\/\/www.forpol.es\/wp-content\/uploads\/2021\/08\/OK-CASA-PREFABRICADAS-DE-HORMIGON-LOW-COST-MODELO-J1-7.jpg 1600w\" sizes=\"(max-width: 800px) 100vw, 800px\" \/>\t\t\t\t\t\t\t\t\t\t\t\t\t\t\t<\/div>\n\t\t\t\t<\/div>\n\t\t\t\t\t<\/div>\n\t\t\t\t<\/div>\n\t\t<div class=\"elementor-element elementor-element-7defa71 e-con-full e-flex e-con e-child\" data-id=\"7defa71\" data-element_type=\"container\" data-e-type=\"container\">\n\t\t\t\t<div class=\"elementor-element elementor-element-d983fe6 elementor-widget elementor-widget-theme-post-title elementor-page-title elementor-widget-heading\" data-id=\"d983fe6\" data-element_type=\"widget\" data-e-type=\"widget\" data-widget_type=\"theme-post-title.default\">\n\t\t\t\t<div class=\"elementor-widget-container\">\n\t\t\t\t\t<p class=\"elementor-heading-title elementor-size-default\">CASA PREFABRICADA MODERNA MODEL J1<\/p>\t\t\t\t<\/div>\n\t\t\t\t<\/div>\n\t\t\t\t<div class=\"elementor-element elementor-element-75c1ffa elementor-widget elementor-widget-theme-post-excerpt\" data-id=\"75c1ffa\" data-element_type=\"widget\" data-e-type=\"widget\" data-widget_type=\"theme-post-excerpt.default\">\n\t\t\t\t<div class=\"elementor-widget-container\">\n\t\t\t\t\tCASA PREFABRICADA MODERNA:\nLa casa moderna prefabricada model J1 de FORPOL es distribueix en tres m\u00f2duls en forma de J, units per passadissos i distribu\u00efdors.\t\t\t\t<\/div>\n\t\t\t\t<\/div>\n\t\t\t\t<div class=\"elementor-element elementor-element-dd9604e elementor-widget elementor-widget-text-editor\" data-id=\"dd9604e\" data-element_type=\"widget\" data-e-type=\"widget\" data-widget_type=\"text-editor.default\">\n\t\t\t\t<div class=\"elementor-widget-container\">\n\t\t\t\t\t\t\t\t\t<p>120 m\u00b2 Constru\u00efts<br \/>\n3 Habitacions<br \/>\n1 Bany<\/p>\n\t\t\t\t\t\t\t\t<\/div>\n\t\t\t\t<\/div>\n\t\t\t\t<div class=\"elementor-element elementor-element-25945f1 elementor-widget elementor-widget-text-editor\" data-id=\"25945f1\" data-element_type=\"widget\" data-e-type=\"widget\" data-widget_type=\"text-editor.default\">\n\t\t\t\t<div class=\"elementor-widget-container\">\n\t\t\t\t\t\t\t\t\tA partir 198.000 \u20ac\t\t\t\t\t\t\t\t<\/div>\n\t\t\t\t<\/div>\n\t\t\t\t<div class=\"elementor-element elementor-element-56bbf35 elementor-widget elementor-widget-text-editor\" data-id=\"56bbf35\" data-element_type=\"widget\" data-e-type=\"widget\" data-widget_type=\"text-editor.default\">\n\t\t\t\t<div class=\"elementor-widget-container\">\n\t\t\t\t\t\t\t\t\t<p>Claus en m\u00e0<br \/>\nO a partir de  54.000 \u20ac<br \/>\nEstructura, tancament i coberta<\/p>\n\t\t\t\t\t\t\t\t<\/div>\n\t\t\t\t<\/div>\n\t\t\t\t<div class=\"elementor-element elementor-element-43cc3e6 elementor-widget elementor-widget-spacer\" data-id=\"43cc3e6\" data-element_type=\"widget\" data-e-type=\"widget\" data-widget_type=\"spacer.default\">\n\t\t\t\t<div class=\"elementor-widget-container\">\n\t\t\t\t\t\t\t<div class=\"elementor-spacer\">\n\t\t\t<div class=\"elementor-spacer-inner\"><\/div>\n\t\t<\/div>\n\t\t\t\t\t\t<\/div>\n\t\t\t\t<\/div>\n\t\t\t\t<\/div>\n\t\t\t\t\t<\/div>\n\t\t\t\t<\/div>\n\t\t\t\t<div class=\"elementor-element elementor-element-48005ab elementor-absolute elementor-view-default elementor-widget elementor-widget-icon\" data-id=\"48005ab\" data-element_type=\"widget\" data-e-type=\"widget\" data-settings=\"{&quot;_position&quot;:&quot;absolute&quot;}\" data-widget_type=\"icon.default\">\n\t\t\t\t<div class=\"elementor-widget-container\">\n\t\t\t\t\t\t\t<div class=\"elementor-icon-wrapper\">\n\t\t\t<div class=\"elementor-icon\">\n\t\t\t<svg xmlns=\"http:\/\/www.w3.org\/2000\/svg\" xmlns:xlink=\"http:\/\/www.w3.org\/1999\/xlink\" width=\"20\" height=\"20\" viewBox=\"0 0 20 20\"><path d=\"M19.354 10.146l-6-6c-0.195-0.195-0.512-0.195-0.707 0s-0.195 0.512 0 0.707l5.146 5.146h-16.293c-0.276 0-0.5 0.224-0.5 0.5s0.224 0.5 0.5 0.5h16.293l-5.146 5.146c-0.195 0.195-0.195 0.512 0 0.707 0.098 0.098 0.226 0.146 0.354 0.146s0.256-0.049 0.354-0.146l6-6c0.195-0.195 0.195-0.512 0-0.707z\"><\/path><\/svg>\t\t\t<\/div>\n\t\t<\/div>\n\t\t\t\t\t\t<\/div>\n\t\t\t\t<\/div>\n\t\t\t\t<\/a>\n\t\t\t\t<\/div>\n\t\t\t\t<div data-elementor-type=\"loop-item\" data-elementor-id=\"12479\" class=\"elementor elementor-12479 e-loop-item e-loop-item-8385 post-8385 casas-prefabricadas type-casas-prefabricadas status-publish has-post-thumbnail hentry\" data-elementor-post-type=\"elementor_library\" data-custom-edit-handle=\"1\">\n\t\t\t<a class=\"elementor-element elementor-element-09f2da4 e-con-full otras-single e-flex e-con e-parent\" data-id=\"09f2da4\" data-element_type=\"container\" data-e-type=\"container\" href=\"https:\/\/www.forpol.es\/ca\/casas-prefabricadas\/casa-low-cost\/\">\n\t\t<div class=\"elementor-element elementor-element-dccfc2b e-flex e-con-boxed e-con e-child\" data-id=\"dccfc2b\" data-element_type=\"container\" data-e-type=\"container\">\n\t\t\t\t\t<div class=\"e-con-inner\">\n\t\t<div class=\"elementor-element elementor-element-6212676 otras-image-container e-flex e-con-boxed e-con e-child\" data-id=\"6212676\" data-element_type=\"container\" data-e-type=\"container\">\n\t\t\t\t\t<div class=\"e-con-inner\">\n\t\t\t\t<div class=\"elementor-element elementor-element-95c34a5 elementor-widget elementor-widget-image\" data-id=\"95c34a5\" data-element_type=\"widget\" data-e-type=\"widget\" data-widget_type=\"image.default\">\n\t\t\t\t<div class=\"elementor-widget-container\">\n\t\t\t\t\t\t\t\t\t\t\t\t\t\t\t<img loading=\"lazy\" decoding=\"async\" width=\"800\" height=\"450\" src=\"https:\/\/www.forpol.es\/wp-content\/uploads\/2021\/08\/OK-CASA-PREFABRICADAS-DE-HORMIGON-LOW-COST-MODELO-H1-3-1024x576.jpg\" class=\"attachment-large size-large wp-image-7145\" alt=\"\" srcset=\"https:\/\/www.forpol.es\/wp-content\/uploads\/2021\/08\/OK-CASA-PREFABRICADAS-DE-HORMIGON-LOW-COST-MODELO-H1-3-1024x576.jpg 1024w, https:\/\/www.forpol.es\/wp-content\/uploads\/2021\/08\/OK-CASA-PREFABRICADAS-DE-HORMIGON-LOW-COST-MODELO-H1-3-500x281.jpg 500w, https:\/\/www.forpol.es\/wp-content\/uploads\/2021\/08\/OK-CASA-PREFABRICADAS-DE-HORMIGON-LOW-COST-MODELO-H1-3.jpg 1280w\" sizes=\"(max-width: 800px) 100vw, 800px\" \/>\t\t\t\t\t\t\t\t\t\t\t\t\t\t\t<\/div>\n\t\t\t\t<\/div>\n\t\t\t\t\t<\/div>\n\t\t\t\t<\/div>\n\t\t<div class=\"elementor-element elementor-element-7defa71 e-con-full e-flex e-con e-child\" data-id=\"7defa71\" data-element_type=\"container\" data-e-type=\"container\">\n\t\t\t\t<div class=\"elementor-element elementor-element-d983fe6 elementor-widget elementor-widget-theme-post-title elementor-page-title elementor-widget-heading\" data-id=\"d983fe6\" data-element_type=\"widget\" data-e-type=\"widget\" data-widget_type=\"theme-post-title.default\">\n\t\t\t\t<div class=\"elementor-widget-container\">\n\t\t\t\t\t<p class=\"elementor-heading-title elementor-size-default\">CASA LOW COST PREFABRICADA MODEL H1<\/p>\t\t\t\t<\/div>\n\t\t\t\t<\/div>\n\t\t\t\t<div class=\"elementor-element elementor-element-75c1ffa elementor-widget elementor-widget-theme-post-excerpt\" data-id=\"75c1ffa\" data-element_type=\"widget\" data-e-type=\"widget\" data-widget_type=\"theme-post-excerpt.default\">\n\t\t\t\t<div class=\"elementor-widget-container\">\n\t\t\t\t\tCASA LOW COST:\nA FORPOL optimitzem al m\u00e0xim el nostre proc\u00e9s productiu per poder oferir-li un habitatge que sigui alhora ample, econ\u00f2mic i amb la m\u00e0xima qualitat.\t\t\t\t<\/div>\n\t\t\t\t<\/div>\n\t\t\t\t<div class=\"elementor-element elementor-element-dd9604e elementor-widget elementor-widget-text-editor\" data-id=\"dd9604e\" data-element_type=\"widget\" data-e-type=\"widget\" data-widget_type=\"text-editor.default\">\n\t\t\t\t<div class=\"elementor-widget-container\">\n\t\t\t\t\t\t\t\t\t<p>120 m\u00b2 Constru\u00efts<br \/>\n2 Habitacions<br \/>\n1 Bany<br \/>\n2 Cotxes<\/p>\n\t\t\t\t\t\t\t\t<\/div>\n\t\t\t\t<\/div>\n\t\t\t\t<div class=\"elementor-element elementor-element-25945f1 elementor-widget elementor-widget-text-editor\" data-id=\"25945f1\" data-element_type=\"widget\" data-e-type=\"widget\" data-widget_type=\"text-editor.default\">\n\t\t\t\t<div class=\"elementor-widget-container\">\n\t\t\t\t\t\t\t\t\tA partir de 198.000 \u20ac\t\t\t\t\t\t\t\t<\/div>\n\t\t\t\t<\/div>\n\t\t\t\t<div class=\"elementor-element elementor-element-56bbf35 elementor-widget elementor-widget-text-editor\" data-id=\"56bbf35\" data-element_type=\"widget\" data-e-type=\"widget\" data-widget_type=\"text-editor.default\">\n\t\t\t\t<div class=\"elementor-widget-container\">\n\t\t\t\t\t\t\t\t\t<p>Claus en m\u00e0<br \/>\nO a partir de  54.000 \u20ac<br \/>\nEstructura, tancament i coberta<\/p>\n\t\t\t\t\t\t\t\t<\/div>\n\t\t\t\t<\/div>\n\t\t\t\t<div class=\"elementor-element elementor-element-43cc3e6 elementor-widget elementor-widget-spacer\" data-id=\"43cc3e6\" data-element_type=\"widget\" data-e-type=\"widget\" data-widget_type=\"spacer.default\">\n\t\t\t\t<div class=\"elementor-widget-container\">\n\t\t\t\t\t\t\t<div class=\"elementor-spacer\">\n\t\t\t<div class=\"elementor-spacer-inner\"><\/div>\n\t\t<\/div>\n\t\t\t\t\t\t<\/div>\n\t\t\t\t<\/div>\n\t\t\t\t<\/div>\n\t\t\t\t\t<\/div>\n\t\t\t\t<\/div>\n\t\t\t\t<div class=\"elementor-element elementor-element-48005ab elementor-absolute elementor-view-default elementor-widget elementor-widget-icon\" data-id=\"48005ab\" data-element_type=\"widget\" data-e-type=\"widget\" data-settings=\"{&quot;_position&quot;:&quot;absolute&quot;}\" data-widget_type=\"icon.default\">\n\t\t\t\t<div class=\"elementor-widget-container\">\n\t\t\t\t\t\t\t<div class=\"elementor-icon-wrapper\">\n\t\t\t<div class=\"elementor-icon\">\n\t\t\t<svg xmlns=\"http:\/\/www.w3.org\/2000\/svg\" xmlns:xlink=\"http:\/\/www.w3.org\/1999\/xlink\" width=\"20\" height=\"20\" viewBox=\"0 0 20 20\"><path d=\"M19.354 10.146l-6-6c-0.195-0.195-0.512-0.195-0.707 0s-0.195 0.512 0 0.707l5.146 5.146h-16.293c-0.276 0-0.5 0.224-0.5 0.5s0.224 0.5 0.5 0.5h16.293l-5.146 5.146c-0.195 0.195-0.195 0.512 0 0.707 0.098 0.098 0.226 0.146 0.354 0.146s0.256-0.049 0.354-0.146l6-6c0.195-0.195 0.195-0.512 0-0.707z\"><\/path><\/svg>\t\t\t<\/div>\n\t\t<\/div>\n\t\t\t\t\t\t<\/div>\n\t\t\t\t<\/div>\n\t\t\t\t<\/a>\n\t\t\t\t<\/div>\n\t\t\t\t<div data-elementor-type=\"loop-item\" data-elementor-id=\"12479\" class=\"elementor elementor-12479 e-loop-item e-loop-item-8386 post-8386 casas-prefabricadas type-casas-prefabricadas status-publish has-post-thumbnail hentry\" data-elementor-post-type=\"elementor_library\" data-custom-edit-handle=\"1\">\n\t\t\t<a class=\"elementor-element elementor-element-09f2da4 e-con-full otras-single e-flex e-con e-parent\" data-id=\"09f2da4\" data-element_type=\"container\" data-e-type=\"container\" href=\"https:\/\/www.forpol.es\/ca\/casas-prefabricadas\/casa-de-formigo-armat\/\">\n\t\t<div class=\"elementor-element elementor-element-dccfc2b e-flex e-con-boxed e-con e-child\" data-id=\"dccfc2b\" data-element_type=\"container\" data-e-type=\"container\">\n\t\t\t\t\t<div class=\"e-con-inner\">\n\t\t<div class=\"elementor-element elementor-element-6212676 otras-image-container e-flex e-con-boxed e-con e-child\" data-id=\"6212676\" data-element_type=\"container\" data-e-type=\"container\">\n\t\t\t\t\t<div class=\"e-con-inner\">\n\t\t\t\t<div class=\"elementor-element elementor-element-95c34a5 elementor-widget elementor-widget-image\" data-id=\"95c34a5\" data-element_type=\"widget\" data-e-type=\"widget\" data-widget_type=\"image.default\">\n\t\t\t\t<div class=\"elementor-widget-container\">\n\t\t\t\t\t\t\t\t\t\t\t\t\t\t\t<img loading=\"lazy\" decoding=\"async\" width=\"800\" height=\"450\" src=\"https:\/\/www.forpol.es\/wp-content\/uploads\/2021\/08\/Caseta-comedor-2-1024x576.jpg\" class=\"attachment-large size-large wp-image-7744\" alt=\"\" srcset=\"https:\/\/www.forpol.es\/wp-content\/uploads\/2021\/08\/Caseta-comedor-2-1024x576.jpg 1024w, https:\/\/www.forpol.es\/wp-content\/uploads\/2021\/08\/Caseta-comedor-2-500x281.jpg 500w, https:\/\/www.forpol.es\/wp-content\/uploads\/2021\/08\/Caseta-comedor-2.jpg 1920w\" sizes=\"(max-width: 800px) 100vw, 800px\" \/>\t\t\t\t\t\t\t\t\t\t\t\t\t\t\t<\/div>\n\t\t\t\t<\/div>\n\t\t\t\t\t<\/div>\n\t\t\t\t<\/div>\n\t\t<div class=\"elementor-element elementor-element-7defa71 e-con-full e-flex e-con e-child\" data-id=\"7defa71\" data-element_type=\"container\" data-e-type=\"container\">\n\t\t\t\t<div class=\"elementor-element elementor-element-d983fe6 elementor-widget elementor-widget-theme-post-title elementor-page-title elementor-widget-heading\" data-id=\"d983fe6\" data-element_type=\"widget\" data-e-type=\"widget\" data-widget_type=\"theme-post-title.default\">\n\t\t\t\t<div class=\"elementor-widget-container\">\n\t\t\t\t\t<p class=\"elementor-heading-title elementor-size-default\">CASA DE FORMIG\u00d3 ARMAT MODEL A2<\/p>\t\t\t\t<\/div>\n\t\t\t\t<\/div>\n\t\t\t\t<div class=\"elementor-element elementor-element-75c1ffa elementor-widget elementor-widget-theme-post-excerpt\" data-id=\"75c1ffa\" data-element_type=\"widget\" data-e-type=\"widget\" data-widget_type=\"theme-post-excerpt.default\">\n\t\t\t\t<div class=\"elementor-widget-container\">\n\t\t\t\t\tCasa de formig\u00f3 armat:\nEl model A2 de FORPOL \u00e9s una alternativa perfecta per a fam\u00edlies que vulguin disposar d\u00b4un nou habitatge en poc temps i amb una inversi\u00f3 redu\u00efda.\t\t\t\t<\/div>\n\t\t\t\t<\/div>\n\t\t\t\t<div class=\"elementor-element elementor-element-dd9604e elementor-widget elementor-widget-text-editor\" data-id=\"dd9604e\" data-element_type=\"widget\" data-e-type=\"widget\" data-widget_type=\"text-editor.default\">\n\t\t\t\t<div class=\"elementor-widget-container\">\n\t\t\t\t\t\t\t\t\t<p>40 m\u00b2 Constru\u00efts<br \/>\n2 Habitacions<br \/>\n1 Bany<\/p>\n\t\t\t\t\t\t\t\t<\/div>\n\t\t\t\t<\/div>\n\t\t\t\t<div class=\"elementor-element elementor-element-25945f1 elementor-widget elementor-widget-text-editor\" data-id=\"25945f1\" data-element_type=\"widget\" data-e-type=\"widget\" data-widget_type=\"text-editor.default\">\n\t\t\t\t<div class=\"elementor-widget-container\">\n\t\t\t\t\t\t\t\t\tA partir de 95.000 \u20ac\t\t\t\t\t\t\t\t<\/div>\n\t\t\t\t<\/div>\n\t\t\t\t<div class=\"elementor-element elementor-element-56bbf35 elementor-widget elementor-widget-text-editor\" data-id=\"56bbf35\" data-element_type=\"widget\" data-e-type=\"widget\" data-widget_type=\"text-editor.default\">\n\t\t\t\t<div class=\"elementor-widget-container\">\n\t\t\t\t\t\t\t\t\t<p>Claus en m\u00e0<br \/>\nO a partir de  18.000 \u20ac<br \/>\nEstructura, tancament i coberta<\/p>\n\t\t\t\t\t\t\t\t<\/div>\n\t\t\t\t<\/div>\n\t\t\t\t<div class=\"elementor-element elementor-element-43cc3e6 elementor-widget elementor-widget-spacer\" data-id=\"43cc3e6\" data-element_type=\"widget\" data-e-type=\"widget\" data-widget_type=\"spacer.default\">\n\t\t\t\t<div class=\"elementor-widget-container\">\n\t\t\t\t\t\t\t<div class=\"elementor-spacer\">\n\t\t\t<div class=\"elementor-spacer-inner\"><\/div>\n\t\t<\/div>\n\t\t\t\t\t\t<\/div>\n\t\t\t\t<\/div>\n\t\t\t\t<\/div>\n\t\t\t\t\t<\/div>\n\t\t\t\t<\/div>\n\t\t\t\t<div class=\"elementor-element elementor-element-48005ab elementor-absolute elementor-view-default elementor-widget elementor-widget-icon\" data-id=\"48005ab\" data-element_type=\"widget\" data-e-type=\"widget\" data-settings=\"{&quot;_position&quot;:&quot;absolute&quot;}\" data-widget_type=\"icon.default\">\n\t\t\t\t<div class=\"elementor-widget-container\">\n\t\t\t\t\t\t\t<div class=\"elementor-icon-wrapper\">\n\t\t\t<div class=\"elementor-icon\">\n\t\t\t<svg xmlns=\"http:\/\/www.w3.org\/2000\/svg\" xmlns:xlink=\"http:\/\/www.w3.org\/1999\/xlink\" width=\"20\" height=\"20\" viewBox=\"0 0 20 20\"><path d=\"M19.354 10.146l-6-6c-0.195-0.195-0.512-0.195-0.707 0s-0.195 0.512 0 0.707l5.146 5.146h-16.293c-0.276 0-0.5 0.224-0.5 0.5s0.224 0.5 0.5 0.5h16.293l-5.146 5.146c-0.195 0.195-0.195 0.512 0 0.707 0.098 0.098 0.226 0.146 0.354 0.146s0.256-0.049 0.354-0.146l6-6c0.195-0.195 0.195-0.512 0-0.707z\"><\/path><\/svg>\t\t\t<\/div>\n\t\t<\/div>\n\t\t\t\t\t\t<\/div>\n\t\t\t\t<\/div>\n\t\t\t\t<\/a>\n\t\t\t\t<\/div>\n\t\t\t\t<div data-elementor-type=\"loop-item\" data-elementor-id=\"12479\" class=\"elementor elementor-12479 e-loop-item e-loop-item-8387 post-8387 casas-prefabricadas type-casas-prefabricadas status-publish has-post-thumbnail hentry\" data-elementor-post-type=\"elementor_library\" data-custom-edit-handle=\"1\">\n\t\t\t<a class=\"elementor-element elementor-element-09f2da4 e-con-full otras-single e-flex e-con e-parent\" data-id=\"09f2da4\" data-element_type=\"container\" data-e-type=\"container\" href=\"https:\/\/www.forpol.es\/ca\/casas-prefabricadas\/construir-casa-moderna\/\">\n\t\t<div class=\"elementor-element elementor-element-dccfc2b e-flex e-con-boxed e-con e-child\" data-id=\"dccfc2b\" data-element_type=\"container\" data-e-type=\"container\">\n\t\t\t\t\t<div class=\"e-con-inner\">\n\t\t<div class=\"elementor-element elementor-element-6212676 otras-image-container e-flex e-con-boxed e-con e-child\" data-id=\"6212676\" data-element_type=\"container\" data-e-type=\"container\">\n\t\t\t\t\t<div class=\"e-con-inner\">\n\t\t\t\t<div class=\"elementor-element elementor-element-95c34a5 elementor-widget elementor-widget-image\" data-id=\"95c34a5\" data-element_type=\"widget\" data-e-type=\"widget\" data-widget_type=\"image.default\">\n\t\t\t\t<div class=\"elementor-widget-container\">\n\t\t\t\t\t\t\t\t\t\t\t\t\t\t\t<img loading=\"lazy\" decoding=\"async\" width=\"800\" height=\"445\" src=\"https:\/\/www.forpol.es\/wp-content\/uploads\/2021\/08\/OK-CASA-PREFABRICADAS-DE-HORMIGON-LOW-COST-MODELO-A1-2-1024x569.jpg\" class=\"attachment-large size-large wp-image-7132\" alt=\"\" srcset=\"https:\/\/www.forpol.es\/wp-content\/uploads\/2021\/08\/OK-CASA-PREFABRICADAS-DE-HORMIGON-LOW-COST-MODELO-A1-2-1024x569.jpg 1024w, https:\/\/www.forpol.es\/wp-content\/uploads\/2021\/08\/OK-CASA-PREFABRICADAS-DE-HORMIGON-LOW-COST-MODELO-A1-2-500x278.jpg 500w\" sizes=\"(max-width: 800px) 100vw, 800px\" \/>\t\t\t\t\t\t\t\t\t\t\t\t\t\t\t<\/div>\n\t\t\t\t<\/div>\n\t\t\t\t\t<\/div>\n\t\t\t\t<\/div>\n\t\t<div class=\"elementor-element elementor-element-7defa71 e-con-full e-flex e-con e-child\" data-id=\"7defa71\" data-element_type=\"container\" data-e-type=\"container\">\n\t\t\t\t<div class=\"elementor-element elementor-element-d983fe6 elementor-widget elementor-widget-theme-post-title elementor-page-title elementor-widget-heading\" data-id=\"d983fe6\" data-element_type=\"widget\" data-e-type=\"widget\" data-widget_type=\"theme-post-title.default\">\n\t\t\t\t<div class=\"elementor-widget-container\">\n\t\t\t\t\t<p class=\"elementor-heading-title elementor-size-default\">CONSTRUIR CASA MODERNA MODEL A1<\/p>\t\t\t\t<\/div>\n\t\t\t\t<\/div>\n\t\t\t\t<div class=\"elementor-element elementor-element-75c1ffa elementor-widget elementor-widget-theme-post-excerpt\" data-id=\"75c1ffa\" data-element_type=\"widget\" data-e-type=\"widget\" data-widget_type=\"theme-post-excerpt.default\">\n\t\t\t\t<div class=\"elementor-widget-container\">\n\t\t\t\t\tCONSTRUIR CASA MODERNA:\nSi busqueu un habitatge de superf\u00edcie redu\u00efda, r\u00e0pida construcci\u00f3 i de f\u00e0cil adaptaci\u00f3 a qualsevol espai sense que les dimensions siguin un problema, el Model A1 de FORPOL \u00e9s l'alternativa m\u00e9s adequada.\t\t\t\t<\/div>\n\t\t\t\t<\/div>\n\t\t\t\t<div class=\"elementor-element elementor-element-dd9604e elementor-widget elementor-widget-text-editor\" data-id=\"dd9604e\" data-element_type=\"widget\" data-e-type=\"widget\" data-widget_type=\"text-editor.default\">\n\t\t\t\t<div class=\"elementor-widget-container\">\n\t\t\t\t\t\t\t\t\t<p>40 m\u00b2 Constru\u00efts<br \/>\n1 Habitacions<br \/>\n1 Bany<\/p>\n\t\t\t\t\t\t\t\t<\/div>\n\t\t\t\t<\/div>\n\t\t\t\t<div class=\"elementor-element elementor-element-25945f1 elementor-widget elementor-widget-text-editor\" data-id=\"25945f1\" data-element_type=\"widget\" data-e-type=\"widget\" data-widget_type=\"text-editor.default\">\n\t\t\t\t<div class=\"elementor-widget-container\">\n\t\t\t\t\t\t\t\t\tA partir de 80.000 \u20ac\t\t\t\t\t\t\t\t<\/div>\n\t\t\t\t<\/div>\n\t\t\t\t<div class=\"elementor-element elementor-element-56bbf35 elementor-widget elementor-widget-text-editor\" data-id=\"56bbf35\" data-element_type=\"widget\" data-e-type=\"widget\" data-widget_type=\"text-editor.default\">\n\t\t\t\t<div class=\"elementor-widget-container\">\n\t\t\t\t\t\t\t\t\t<p>Claus en m\u00e0<br \/>\nO a partir de 18.000 \u20ac<br \/>\nEstructura, tancament i coberta<\/p>\n\t\t\t\t\t\t\t\t<\/div>\n\t\t\t\t<\/div>\n\t\t\t\t<div class=\"elementor-element elementor-element-43cc3e6 elementor-widget elementor-widget-spacer\" data-id=\"43cc3e6\" data-element_type=\"widget\" data-e-type=\"widget\" data-widget_type=\"spacer.default\">\n\t\t\t\t<div class=\"elementor-widget-container\">\n\t\t\t\t\t\t\t<div class=\"elementor-spacer\">\n\t\t\t<div class=\"elementor-spacer-inner\"><\/div>\n\t\t<\/div>\n\t\t\t\t\t\t<\/div>\n\t\t\t\t<\/div>\n\t\t\t\t<\/div>\n\t\t\t\t\t<\/div>\n\t\t\t\t<\/div>\n\t\t\t\t<div class=\"elementor-element elementor-element-48005ab elementor-absolute elementor-view-default elementor-widget elementor-widget-icon\" data-id=\"48005ab\" data-element_type=\"widget\" data-e-type=\"widget\" data-settings=\"{&quot;_position&quot;:&quot;absolute&quot;}\" data-widget_type=\"icon.default\">\n\t\t\t\t<div class=\"elementor-widget-container\">\n\t\t\t\t\t\t\t<div class=\"elementor-icon-wrapper\">\n\t\t\t<div class=\"elementor-icon\">\n\t\t\t<svg xmlns=\"http:\/\/www.w3.org\/2000\/svg\" xmlns:xlink=\"http:\/\/www.w3.org\/1999\/xlink\" width=\"20\" height=\"20\" viewBox=\"0 0 20 20\"><path d=\"M19.354 10.146l-6-6c-0.195-0.195-0.512-0.195-0.707 0s-0.195 0.512 0 0.707l5.146 5.146h-16.293c-0.276 0-0.5 0.224-0.5 0.5s0.224 0.5 0.5 0.5h16.293l-5.146 5.146c-0.195 0.195-0.195 0.512 0 0.707 0.098 0.098 0.226 0.146 0.354 0.146s0.256-0.049 0.354-0.146l6-6c0.195-0.195 0.195-0.512 0-0.707z\"><\/path><\/svg>\t\t\t<\/div>\n\t\t<\/div>\n\t\t\t\t\t\t<\/div>\n\t\t\t\t<\/div>\n\t\t\t\t<\/a>\n\t\t\t\t<\/div>\n\t\t\t\t<\/div>\n\t\t\n\t\t\t\t\t\t<\/div>\n\t\t\t\t<\/div>\n\t\t\t\t\t<\/div>\n\t\t\t\t<\/div>\n\t\t\t\t<\/div>\n\t\t","protected":false},"excerpt":{"rendered":"<p>PRESSUPOST ONLINE\u200b PRESSUPOST ONLINE\u200b CASES PREFABRICADES DE FORMIG\u00d3\u200b CASES PREFABRICADES DE FORMIG\u00d3 FORPOL: L\u2019ELECCI\u00d3 PERFECTA A l\u2019hora de\u00a0construir una casa, \u00e9s probable que et trobis davant de moltes alternatives de construcci\u00f3, materials i altres, totes amb preus, durabilitat i temps de construcci\u00f3 diferents. Sabem com \u00e9s de cost\u00f3s aixecar una casa de zero amb el\u00a0m\u00e8tode&#8230;<\/p>\n","protected":false},"author":1,"featured_media":8089,"parent":0,"menu_order":0,"comment_status":"closed","ping_status":"closed","template":"","meta":{"_acf_changed":false,"forpol_feed_naves_html":"","forpol_feed_precomur_html":"","forpol_feed_alveolar_html":"","forpol_feed_nichos_prefabricados_html":"","footnotes":""},"funcionalitat_-_pagines":[],"class_list":["post-8363","page","type-page","status-publish","has-post-thumbnail","hentry"],"acf":[],"yoast_head":"<!-- This site is optimized with the Yoast SEO Premium plugin v20.12 (Yoast SEO v27.5) - https:\/\/yoast.com\/product\/yoast-seo-premium-wordpress\/ -->\n<title>Cases Prefabricades de Formig\u00f3\u3010 FORPOL ESTRUCTURES \u3011<\/title>\n<meta name=\"description\" content=\"Troba la teva CASES PREFABRICADES de FORMIG\u00d3, veure MODELS i PREUS de casa teva ideal. \u2705 A FORPOL ens adaptem a les teves necessitats.\" \/>\n<meta name=\"robots\" content=\"index, follow, max-snippet:-1, max-image-preview:large, max-video-preview:-1\" \/>\n<link rel=\"canonical\" href=\"https:\/\/www.forpol.es\/ca\/cases-prefabricades\/\" \/>\n<meta property=\"og:locale\" content=\"ca_ES\" \/>\n<meta property=\"og:type\" content=\"article\" \/>\n<meta property=\"og:title\" content=\"CASES PREFABRICADES DE FORMIG\u00d3\" \/>\n<meta property=\"og:description\" content=\"Troba la teva CASES PREFABRICADES de FORMIG\u00d3, veure MODELS i PREUS de casa teva ideal. \u2705 A FORPOL ens adaptem a les teves necessitats.\" \/>\n<meta property=\"og:url\" content=\"https:\/\/www.forpol.es\/ca\/cases-prefabricades\/\" \/>\n<meta property=\"og:site_name\" content=\"Forpol\" \/>\n<meta property=\"article:publisher\" content=\"https:\/\/www.facebook.com\/forpolestructuras\/\" \/>\n<meta property=\"article:modified_time\" content=\"2025-08-27T10:45:12+00:00\" \/>\n<meta property=\"og:image\" content=\"https:\/\/www.forpol.es\/wp-content\/uploads\/2021\/12\/Folpol-02.jpg\" \/>\n\t<meta property=\"og:image:width\" content=\"1600\" \/>\n\t<meta property=\"og:image:height\" content=\"859\" \/>\n\t<meta property=\"og:image:type\" content=\"image\/jpeg\" \/>\n<meta name=\"twitter:card\" content=\"summary_large_image\" \/>\n<meta name=\"twitter:site\" content=\"@forpol2\" \/>\n<meta name=\"twitter:label1\" content=\"Temps estimat de lectura\" \/>\n\t<meta name=\"twitter:data1\" content=\"17 minuts\" \/>\n<!-- \/ Yoast SEO Premium plugin. -->","yoast_head_json":{"title":"Cases Prefabricades de Formig\u00f3\u3010 FORPOL ESTRUCTURES \u3011","description":"Troba la teva CASES PREFABRICADES de FORMIG\u00d3, veure MODELS i PREUS de casa teva ideal. \u2705 A FORPOL ens adaptem a les teves necessitats.","robots":{"index":"index","follow":"follow","max-snippet":"max-snippet:-1","max-image-preview":"max-image-preview:large","max-video-preview":"max-video-preview:-1"},"canonical":"https:\/\/www.forpol.es\/ca\/cases-prefabricades\/","og_locale":"ca_ES","og_type":"article","og_title":"CASES PREFABRICADES DE FORMIG\u00d3","og_description":"Troba la teva CASES PREFABRICADES de FORMIG\u00d3, veure MODELS i PREUS de casa teva ideal. \u2705 A FORPOL ens adaptem a les teves necessitats.","og_url":"https:\/\/www.forpol.es\/ca\/cases-prefabricades\/","og_site_name":"Forpol","article_publisher":"https:\/\/www.facebook.com\/forpolestructuras\/","article_modified_time":"2025-08-27T10:45:12+00:00","og_image":[{"width":1600,"height":859,"url":"https:\/\/www.forpol.es\/wp-content\/uploads\/2021\/12\/Folpol-02.jpg","type":"image\/jpeg"}],"twitter_card":"summary_large_image","twitter_site":"@forpol2","twitter_misc":{"Temps estimat de lectura":"17 minuts"},"schema":{"@context":"https:\/\/schema.org","@graph":[{"@type":"WebPage","@id":"https:\/\/www.forpol.es\/ca\/cases-prefabricades\/","url":"https:\/\/www.forpol.es\/ca\/cases-prefabricades\/","name":"Cases Prefabricades de Formig\u00f3\u3010 FORPOL ESTRUCTURES \u3011","isPartOf":{"@id":"https:\/\/www.forpol.es\/ca\/#website"},"primaryImageOfPage":{"@id":"https:\/\/www.forpol.es\/ca\/cases-prefabricades\/#primaryimage"},"image":{"@id":"https:\/\/www.forpol.es\/ca\/cases-prefabricades\/#primaryimage"},"thumbnailUrl":"https:\/\/www.forpol.es\/wp-content\/uploads\/2021\/12\/Folpol-02.jpg","datePublished":"2022-04-28T06:59:40+00:00","dateModified":"2025-08-27T10:45:12+00:00","description":"Troba la teva CASES PREFABRICADES de FORMIG\u00d3, veure MODELS i PREUS de casa teva ideal. \u2705 A FORPOL ens adaptem a les teves necessitats.","breadcrumb":{"@id":"https:\/\/www.forpol.es\/ca\/cases-prefabricades\/#breadcrumb"},"inLanguage":"ca","potentialAction":[{"@type":"ReadAction","target":["https:\/\/www.forpol.es\/ca\/cases-prefabricades\/"]}]},{"@type":"ImageObject","inLanguage":"ca","@id":"https:\/\/www.forpol.es\/ca\/cases-prefabricades\/#primaryimage","url":"https:\/\/www.forpol.es\/wp-content\/uploads\/2021\/12\/Folpol-02.jpg","contentUrl":"https:\/\/www.forpol.es\/wp-content\/uploads\/2021\/12\/Folpol-02.jpg","width":1600,"height":859,"caption":"Cases prefabricades econ\u00f2miques"},{"@type":"BreadcrumbList","@id":"https:\/\/www.forpol.es\/ca\/cases-prefabricades\/#breadcrumb","itemListElement":[{"@type":"ListItem","position":1,"name":"Inici","item":"https:\/\/www.forpol.es\/ca\/inici\/"},{"@type":"ListItem","position":2,"name":"CASES PREFABRICADES DE FORMIG\u00d3"}]},{"@type":"WebSite","@id":"https:\/\/www.forpol.es\/ca\/#website","url":"https:\/\/www.forpol.es\/ca\/","name":"Forpol","description":"Prefabricats de formig\u00f3 i estructures prefabricades","publisher":{"@id":"https:\/\/www.forpol.es\/ca\/#organization"},"potentialAction":[{"@type":"SearchAction","target":{"@type":"EntryPoint","urlTemplate":"https:\/\/www.forpol.es\/ca\/?s={search_term_string}"},"query-input":{"@type":"PropertyValueSpecification","valueRequired":true,"valueName":"search_term_string"}}],"inLanguage":"ca"},{"@type":"Organization","@id":"https:\/\/www.forpol.es\/ca\/#organization","name":"Forpol Estructuras, S.L.","alternateName":"Forpol","url":"https:\/\/www.forpol.es\/ca\/","logo":{"@type":"ImageObject","inLanguage":"ca","@id":"https:\/\/www.forpol.es\/ca\/#\/schema\/logo\/image\/","url":"https:\/\/www.forpol.es\/wp-content\/uploads\/2021\/09\/LOGO-PNG-200x75-2-e1632825250267.png","contentUrl":"https:\/\/www.forpol.es\/wp-content\/uploads\/2021\/09\/LOGO-PNG-200x75-2-e1632825250267.png","width":90,"height":34,"caption":"Forpol Estructuras, S.L."},"image":{"@id":"https:\/\/www.forpol.es\/ca\/#\/schema\/logo\/image\/"},"sameAs":["https:\/\/www.facebook.com\/forpolestructuras\/","https:\/\/x.com\/forpol2","https:\/\/www.instagram.com\/forpol_estructuras\/"]}]}},"_links":{"self":[{"href":"https:\/\/www.forpol.es\/ca\/wp-json\/wp\/v2\/pages\/8363","targetHints":{"allow":["GET"]}}],"collection":[{"href":"https:\/\/www.forpol.es\/ca\/wp-json\/wp\/v2\/pages"}],"about":[{"href":"https:\/\/www.forpol.es\/ca\/wp-json\/wp\/v2\/types\/page"}],"author":[{"embeddable":true,"href":"https:\/\/www.forpol.es\/ca\/wp-json\/wp\/v2\/users\/1"}],"replies":[{"embeddable":true,"href":"https:\/\/www.forpol.es\/ca\/wp-json\/wp\/v2\/comments?post=8363"}],"version-history":[{"count":0,"href":"https:\/\/www.forpol.es\/ca\/wp-json\/wp\/v2\/pages\/8363\/revisions"}],"wp:featuredmedia":[{"embeddable":true,"href":"https:\/\/www.forpol.es\/ca\/wp-json\/wp\/v2\/media\/8089"}],"wp:attachment":[{"href":"https:\/\/www.forpol.es\/ca\/wp-json\/wp\/v2\/media?parent=8363"}],"wp:term":[{"taxonomy":"funcionalitat_-_pagines","embeddable":true,"href":"https:\/\/www.forpol.es\/ca\/wp-json\/wp\/v2\/funcionalitat_-_pagines?post=8363"}],"curies":[{"name":"wp","href":"https:\/\/api.w.org\/{rel}","templated":true}]}}