{"id":8641,"date":"2021-08-09T18:43:45","date_gmt":"2021-08-09T16:43:45","guid":{"rendered":"https:\/\/www.forpol.es\/obras-realizadas\/termacol\/"},"modified":"2022-10-27T12:34:04","modified_gmt":"2022-10-27T10:34:04","slug":"termacol_01","status":"publish","type":"obras-realizadas","link":"https:\/\/www.forpol.es\/ca\/obras-realizadas\/termacol_01\/","title":{"rendered":"Termacol"},"content":{"rendered":"<h2 id=\"cc-m-header-11170748498\">5 HABITATGES UNIFAMILIARS A PRATS DE LLU\u00c7ANES AMB PRELOSA TERMACOL<\/h2>\n<div id=\"cc-m-11524541398\" class=\"j-module n j-header \">\n<h3 id=\"cc-m-header-11524541398\">CONSTRUCCI\u00d3 DE FORJATS PER A HABITATGES AMB PRELLOSA TERMACOL<\/h3>\n<\/div>\n<div id=\"cc-m-11170754298\" class=\"j-module n j-text \">\n<p>Termacol prelosa alleugerida:<\/p>\n<ul>\n<li>Plaques armades\u00a03 + 21 per a forjat de 29 cm de gruix. 1.043 m \u00b2<\/li>\n<\/ul>\n<h4><strong>PRELLOSA AUTOPORTANT ALLEUGERIDA:<\/strong><\/h4>\n<ul>\n<li>Placa autoportant per a sostre calculada en funci\u00f3 de les c\u00e0rregues i longituds descrites a continuaci\u00f3.<\/li>\n<li>Composta de dos nervis de formig\u00f3 armat de doble T.<\/li>\n<li>Amb un entre eix de 60 cm, units mitjan\u00e7ant panells de poliestir\u00e8 expandit continu (sense pont t\u00e8rmic).<\/li>\n<li>Formig\u00f3 HA-25 \/ P \/ 16IIa resist\u00e8ncia caracter\u00edstica 25 N \/ mm2.<\/li>\n<li>Acer B-500S de resist\u00e8ncia caracter\u00edstica 500 N \/ mm2. (Que s&#8217;han de complementar amb la col\u00b7locaci\u00f3 de negatius segons pl\u00e0nol d&#8217;execuci\u00f3 i una xapa de formig\u00f3 H250 de 5 cm de gruix amb la seva malla de repartiment a c\u00e0rrec de la propietat.).<\/li>\n<li>Plaques posades en obra sobre cami\u00f3 .toler\u00e0ncia dimensional de les plaques + \u2013 2 cm.<\/li>\n<\/ul>\n<div id=\"cc-m-11398208298\" class=\"j-module n j-text \">\n<p><span id=\"result_box\" class=\"\" lang=\"es\" xml:lang=\"es\"><span class=\"hps\">La utilitzaci\u00f3<\/span>\u00a0<span class=\"hps\">de<\/span>\u00a0<span class=\"hps\">plaques<\/span>\u00a0<span class=\"hps\">alveolars<\/span>\u00a0<span class=\"hps\">a l&#8217;edificaci\u00f3<\/span>\u00a0<span class=\"hps\">d&#8217;habitatges,<\/span>\u00a0<span class=\"hps\">t\u00e9 com a conseq\u00fc\u00e8ncia<\/span>\u00a0<span class=\"hps\">que les bigues<\/span>\u00a0<span class=\"hps\">han de tenir<\/span>\u00a0<span class=\"hps\">major<\/span>\u00a0<span class=\"hps\">canto<\/span>\u00a0<span class=\"hps\">que<\/span>\u00a0<span class=\"hps\">les<\/span>\u00a0<span class=\"hps\">plaques,<\/span>\u00a0<span class=\"hps\">obligant<\/span>\u00a0<span class=\"hps\">a col\u00b7locar<\/span>\u00a0falsos\u00a0<span class=\"hps\">sostres<\/span>, que encareixen\u00a0<span class=\"hps\">l&#8217;habitatge<\/span>\u00a0<span class=\"hps\">en comparaci\u00f3<\/span>\u00a0<span class=\"hps\">al cl\u00e0ssic<\/span>\u00a0<span class=\"hps\">enguixat<\/span>\u00a0<span class=\"hps\">directe.<\/span><\/span><\/p>\n<\/div>\n<div id=\"cc-m-11398208398\" class=\"j-module n j-text \">\n<h4><strong><span id=\"result_box\" class=\"\" lang=\"es\" xml:lang=\"es\"><span class=\"hps\">LA PRELLOSA ALLEUGERIDA AUTOPORTANT TERMACOL:<\/span><\/span><\/strong><\/h4>\n<ul>\n<li><span id=\"result_box\" class=\"\" lang=\"es\" xml:lang=\"es\"><span class=\"hps\">\u00c9s un<\/span>\u00a0 <span class=\"hps\">tipus de placa<\/span>\u00a0 <span class=\"hps\">semi<\/span><span class=\"atn\">\u2013<\/span>prefabricada\u00a0<span class=\"hps\">que reunint els<\/span>\u00a0<span class=\"hps\">\u00a0<span class=\"hps\">avantatges de la<\/span>\u00a0<span class=\"hps\">prefabricaci\u00f3.<\/span><\/span><\/span><\/li>\n<li><span id=\"result_box\" class=\"\" lang=\"es\" xml:lang=\"es\"><span class=\"hps\">Amb<\/span>\u00a0 <span class=\"hps\">la conseg\u00fcent<\/span>\u00a0 <span class=\"hps\">disminuci\u00f3<\/span>\u00a0 <span class=\"hps\">de temps<\/span>\u00a0 <span class=\"hps\">en l&#8217; execuci\u00f3<\/span>\u00a0 <span class=\"hps\">de l&#8217; obra.<\/span><\/span><\/li>\n<li><span id=\"result_box\" class=\"\" lang=\"es\" xml:lang=\"es\"><span class=\"hps\">Aporta una soluci\u00f3<\/span>\u00a0<span class=\"hps\">al suport<\/span>\u00a0<span class=\"hps\">sobre les<\/span>\u00a0<span class=\"hps\">bigues que<\/span>\u00a0<span class=\"hps\">permet deixar<\/span>\u00a0<span class=\"hps\">la part inferior<\/span>\u00a0<span class=\"hps\">de l&#8217;estructura<\/span>\u00a0<span class=\"hps\">totalment plana<\/span>\u00a0<span class=\"hps\">i llesta per<\/span>\u00a0<span class=\"hps\">rebre<\/span>\u00a0<span class=\"hps\">el<\/span>\u00a0<span class=\"hps\">econ\u00f3mic<\/span>\u00a0<span class=\"hps\">enguixat<\/span>\u00a0<span class=\"hps atn\">(<\/span>motiu pel qual\u00a0<span class=\"hps\">el<\/span>\u00a0<span class=\"hps\">acabat del<\/span>\u00a0<span class=\"hps\">poliestir\u00e8<\/span>\u00a0<span class=\"hps\">es<\/span>\u00a0<span class=\"hps\">ranurat<\/span>).<\/span><\/li>\n<li>Encara que aquesta\u00a0<span class=\"hps\">placa<\/span>\u00a0<span class=\"hps\">pot<\/span>\u00a0<span class=\"hps\">utilitzar-se amb<\/span>\u00a0<span class=\"hps\">l&#8217;encofrat<\/span>\u00a0<span class=\"hps\">cl\u00e0ssic<\/span>\u00a0<span class=\"hps\">de bigues<\/span>\u00a0<span class=\"hps\">planes<\/span>\u00a0<span class=\"hps\">unidireccionals<\/span>\u00a0<span class=\"hps\">(utilitzats<\/span>\u00a0<span class=\"hps\">per recolzar les<\/span>\u00a0<span class=\"hps\">bigues<\/span>\u00a0<span class=\"hps\">i<\/span>\u00a0<span class=\"hps\">les<\/span>\u00a0<span class=\"hps\">biguetes<\/span>\u00a0<span class=\"hps\">del forjat<\/span>\u00a0<span class=\"hps\">tradicional<\/span>), tamb\u00e9\u00a0<span class=\"hps\">es pot utilitzar<\/span>\u00a0<span class=\"hps\">sobre murs<\/span>\u00a0<span class=\"hps\">de carga i<\/span>\u00a0<span class=\"hps\">bigues<\/span>\u00a0<span class=\"hps\">prefabricades.<\/span><\/li>\n<\/ul>\n<\/div>\n<p><strong>CONSTRUCCI\u00d3 DE 5 HABITATGES UNIFAMILIARS ENTRE MITGERES A BARCELONA.<br \/>\n<\/strong> Adre\u00e7a: C. Alpens &#8211; Crta A Sabadell Prats de Llu\u00e7anes, Barcelona.<\/p>\n<\/div>\n<div id=\"cc-m-11524541698\" class=\"j-module n j-header \">\n<h3 id=\"cc-m-header-11524541698\" class=\"\">PREUS ECON\u00d2MICS DE PRELLOSA ALLEUGERIDA I AUTOPORTANT TERMACOL<\/h3>\n<\/div>\n<div id=\"cc-m-11170774998\" class=\"j-module n j-googlemaps \">\n<div id=\"cc-m-map-11170774998\"><\/div>\n<\/div>\n","protected":false},"excerpt":{"rendered":"<p>PREUS ECON\u00d2MICS DE PRELLOSA ALLEUGERIDA I AUTOPORTANT TERMACOL<br \/>\nConstrucci\u00f3 de forjats amb prelloses alleugerides TERMACOL i prellosa FARLAP.<br \/>\nFORPOL empresa l\u00edder a Espanya en la construcci\u00f3 de forjats<\/p>\n","protected":false},"featured_media":7240,"template":"","tipo":[76],"class_list":["post-8641","obras-realizadas","type-obras-realizadas","status-publish","has-post-thumbnail","hentry","tipo-prefabricats-de-formigo"],"acf":[],"yoast_head":"<!-- This site is optimized with the Yoast SEO Premium plugin v20.12 (Yoast SEO v27.5) - https:\/\/yoast.com\/product\/yoast-seo-premium-wordpress\/ -->\n<title>Termacol prelosa alleugerida per a forjats - Forpol Estructuras, S.L. 2026<\/title>\n<meta name=\"description\" content=\"Construcci\u00f3 de forjats amb preloses alleugerides TERMACOL i prelosa FARLAP. FORPOL empresa l\u00edder a Espanya en la construcci\u00f3 de forjats\" \/>\n<meta name=\"robots\" content=\"index, follow, max-snippet:-1, max-image-preview:large, max-video-preview:-1\" \/>\n<link rel=\"canonical\" href=\"https:\/\/www.forpol.es\/ca\/obras-realizadas\/termacol_01\/\" \/>\n<meta property=\"og:locale\" content=\"ca_ES\" \/>\n<meta property=\"og:type\" content=\"article\" \/>\n<meta property=\"og:title\" content=\"Termacol\" \/>\n<meta property=\"og:description\" content=\"Construcci\u00f3 de forjats amb preloses alleugerides TERMACOL i prelosa FARLAP. FORPOL empresa l\u00edder a Espanya en la construcci\u00f3 de forjats\" \/>\n<meta property=\"og:url\" content=\"https:\/\/www.forpol.es\/ca\/obras-realizadas\/termacol_01\/\" \/>\n<meta property=\"og:site_name\" content=\"Forpol\" \/>\n<meta property=\"article:publisher\" content=\"https:\/\/www.facebook.com\/forpolestructuras\/\" \/>\n<meta property=\"article:modified_time\" content=\"2022-10-27T10:34:04+00:00\" \/>\n<meta property=\"og:image\" content=\"https:\/\/www.forpol.es\/wp-content\/uploads\/2021\/08\/OK-TERMACOL-EN-PRATS-DE-LLUCANES-1.jpg\" \/>\n\t<meta property=\"og:image:width\" content=\"1600\" \/>\n\t<meta property=\"og:image:height\" content=\"1200\" \/>\n\t<meta property=\"og:image:type\" content=\"image\/jpeg\" \/>\n<meta name=\"twitter:card\" content=\"summary_large_image\" \/>\n<meta name=\"twitter:site\" content=\"@forpol2\" \/>\n<meta name=\"twitter:label1\" content=\"Temps estimat de lectura\" \/>\n\t<meta name=\"twitter:data1\" content=\"2 minuts\" \/>\n<!-- \/ Yoast SEO Premium plugin. -->","yoast_head_json":{"title":"Termacol prelosa alleugerida per a forjats - Forpol Estructuras, S.L. 2026","description":"Construcci\u00f3 de forjats amb preloses alleugerides TERMACOL i prelosa FARLAP. FORPOL empresa l\u00edder a Espanya en la construcci\u00f3 de forjats","robots":{"index":"index","follow":"follow","max-snippet":"max-snippet:-1","max-image-preview":"max-image-preview:large","max-video-preview":"max-video-preview:-1"},"canonical":"https:\/\/www.forpol.es\/ca\/obras-realizadas\/termacol_01\/","og_locale":"ca_ES","og_type":"article","og_title":"Termacol","og_description":"Construcci\u00f3 de forjats amb preloses alleugerides TERMACOL i prelosa FARLAP. FORPOL empresa l\u00edder a Espanya en la construcci\u00f3 de forjats","og_url":"https:\/\/www.forpol.es\/ca\/obras-realizadas\/termacol_01\/","og_site_name":"Forpol","article_publisher":"https:\/\/www.facebook.com\/forpolestructuras\/","article_modified_time":"2022-10-27T10:34:04+00:00","og_image":[{"width":1600,"height":1200,"url":"https:\/\/www.forpol.es\/wp-content\/uploads\/2021\/08\/OK-TERMACOL-EN-PRATS-DE-LLUCANES-1.jpg","type":"image\/jpeg"}],"twitter_card":"summary_large_image","twitter_site":"@forpol2","twitter_misc":{"Temps estimat de lectura":"2 minuts"},"schema":{"@context":"https:\/\/schema.org","@graph":[{"@type":"WebPage","@id":"https:\/\/www.forpol.es\/ca\/obras-realizadas\/termacol_01\/","url":"https:\/\/www.forpol.es\/ca\/obras-realizadas\/termacol_01\/","name":"Termacol prelosa alleugerida per a forjats - Forpol Estructuras, S.L. 2026","isPartOf":{"@id":"https:\/\/www.forpol.es\/ca\/#website"},"primaryImageOfPage":{"@id":"https:\/\/www.forpol.es\/ca\/obras-realizadas\/termacol_01\/#primaryimage"},"image":{"@id":"https:\/\/www.forpol.es\/ca\/obras-realizadas\/termacol_01\/#primaryimage"},"thumbnailUrl":"https:\/\/www.forpol.es\/wp-content\/uploads\/2021\/08\/OK-TERMACOL-EN-PRATS-DE-LLUCANES-1.jpg","datePublished":"2021-08-09T16:43:45+00:00","dateModified":"2022-10-27T10:34:04+00:00","description":"Construcci\u00f3 de forjats amb preloses alleugerides TERMACOL i prelosa FARLAP. FORPOL empresa l\u00edder a Espanya en la construcci\u00f3 de forjats","breadcrumb":{"@id":"https:\/\/www.forpol.es\/ca\/obras-realizadas\/termacol_01\/#breadcrumb"},"inLanguage":"ca","potentialAction":[{"@type":"ReadAction","target":["https:\/\/www.forpol.es\/ca\/obras-realizadas\/termacol_01\/"]}]},{"@type":"ImageObject","inLanguage":"ca","@id":"https:\/\/www.forpol.es\/ca\/obras-realizadas\/termacol_01\/#primaryimage","url":"https:\/\/www.forpol.es\/wp-content\/uploads\/2021\/08\/OK-TERMACOL-EN-PRATS-DE-LLUCANES-1.jpg","contentUrl":"https:\/\/www.forpol.es\/wp-content\/uploads\/2021\/08\/OK-TERMACOL-EN-PRATS-DE-LLUCANES-1.jpg","width":1600,"height":1200,"caption":"TERMACOL EN PRATS DE LLU\u00c7ANES"},{"@type":"BreadcrumbList","@id":"https:\/\/www.forpol.es\/ca\/obras-realizadas\/termacol_01\/#breadcrumb","itemListElement":[{"@type":"ListItem","position":1,"name":"Inici","item":"https:\/\/www.forpol.es\/ca\/inici\/"},{"@type":"ListItem","position":2,"name":"Termacol"}]},{"@type":"WebSite","@id":"https:\/\/www.forpol.es\/ca\/#website","url":"https:\/\/www.forpol.es\/ca\/","name":"Forpol","description":"Prefabricats de formig\u00f3 i estructures prefabricades","publisher":{"@id":"https:\/\/www.forpol.es\/ca\/#organization"},"potentialAction":[{"@type":"SearchAction","target":{"@type":"EntryPoint","urlTemplate":"https:\/\/www.forpol.es\/ca\/?s={search_term_string}"},"query-input":{"@type":"PropertyValueSpecification","valueRequired":true,"valueName":"search_term_string"}}],"inLanguage":"ca"},{"@type":"Organization","@id":"https:\/\/www.forpol.es\/ca\/#organization","name":"Forpol Estructuras, S.L.","alternateName":"Forpol","url":"https:\/\/www.forpol.es\/ca\/","logo":{"@type":"ImageObject","inLanguage":"ca","@id":"https:\/\/www.forpol.es\/ca\/#\/schema\/logo\/image\/","url":"https:\/\/www.forpol.es\/wp-content\/uploads\/2021\/09\/LOGO-PNG-200x75-2-e1632825250267.png","contentUrl":"https:\/\/www.forpol.es\/wp-content\/uploads\/2021\/09\/LOGO-PNG-200x75-2-e1632825250267.png","width":90,"height":34,"caption":"Forpol Estructuras, S.L."},"image":{"@id":"https:\/\/www.forpol.es\/ca\/#\/schema\/logo\/image\/"},"sameAs":["https:\/\/www.facebook.com\/forpolestructuras\/","https:\/\/x.com\/forpol2","https:\/\/www.instagram.com\/forpol_estructuras\/"]}]}},"_links":{"self":[{"href":"https:\/\/www.forpol.es\/ca\/wp-json\/wp\/v2\/obras-realizadas\/8641","targetHints":{"allow":["GET"]}}],"collection":[{"href":"https:\/\/www.forpol.es\/ca\/wp-json\/wp\/v2\/obras-realizadas"}],"about":[{"href":"https:\/\/www.forpol.es\/ca\/wp-json\/wp\/v2\/types\/obras-realizadas"}],"version-history":[{"count":0,"href":"https:\/\/www.forpol.es\/ca\/wp-json\/wp\/v2\/obras-realizadas\/8641\/revisions"}],"wp:featuredmedia":[{"embeddable":true,"href":"https:\/\/www.forpol.es\/ca\/wp-json\/wp\/v2\/media\/7240"}],"wp:attachment":[{"href":"https:\/\/www.forpol.es\/ca\/wp-json\/wp\/v2\/media?parent=8641"}],"wp:term":[{"taxonomy":"tipo","embeddable":true,"href":"https:\/\/www.forpol.es\/ca\/wp-json\/wp\/v2\/tipo?post=8641"}],"curies":[{"name":"wp","href":"https:\/\/api.w.org\/{rel}","templated":true}]}}