{"id":8589,"date":"2021-08-10T18:36:17","date_gmt":"2021-08-10T16:36:17","guid":{"rendered":"https:\/\/www.forpol.es\/obras-realizadas\/preu-metre-mur-formigo\/"},"modified":"2022-10-27T10:45:08","modified_gmt":"2022-10-27T08:45:08","slug":"preu-metre-mur-formigo","status":"publish","type":"obras-realizadas","link":"https:\/\/www.forpol.es\/ca\/obras-realizadas\/preu-metre-mur-formigo\/","title":{"rendered":"Preu metre mur formig\u00f3"},"content":{"rendered":"<h2 id=\"cc-m-header-11214059898\">PREU METRO MUR FORMIG\u00d3 PREFABRICAT A SANTA COLOMA DE CERVELL\u00d3 (BARCELONA)<\/h2>\n<div id=\"cc-m-11214060198\" class=\"j-module n j-header \">\n<h3 id=\"cc-m-header-11214060198\">CONSTRUCCI\u00d3 DE MURS PREFABRICATS DE FORMIG\u00d3 PER A UN HABITATGE UNIFAMILIAR A\u00cfLLAT<\/h3>\n<p>Preu metro mur formig\u00f3: <a href=\"https:\/\/www.forpol.es\/ca\/contacte\/\" target=\"_blank\" rel=\"noopener\">&#8220;CONTACTE&#8221;<\/a><\/p>\n<\/div>\n<div id=\"cc-m-11214060398\" class=\"j-module n j-header \">\n<h4 id=\"cc-m-header-11214060398\">MUR DE FORMIG\u00d3 PREFABRICAT<\/h4>\n<\/div>\n<div id=\"cc-m-11214060498\" class=\"j-module n j-text \">\n<ul>\n<li><strong>Mur prefabricat, constitu\u00eft<\/strong> per dues llasses de 5 cm paral\u00b7.<\/li>\n<li>Els gruixos del mur estan en funci\u00f3 de les c\u00e0rregues i longituds descrites a continuaci\u00f3.<\/li>\n<li>Amb bisell exterior o juntes cada 1.2 m verticalment.<\/li>\n<li>Formig\u00f3 HA-25 a les cares del prefabricat, acer B-500-S, a l&#8217; interior del prefabricat.<\/li>\n<li>En el cas de realitzar el c\u00e0lcul de fonamentaci\u00f3 i mur pel departament t\u00e8cnic de <strong>FORPOL ESTRUCTURAS, S.L<\/strong>.<\/li>\n<li>Aquest s&#8217; ajustar\u00e0 a la norma EHE, EFHE, Euro codi, NT d&#8217; estructures i bibliografia del professor J. Calavera.<\/li>\n<li>Toler\u00e0ncia en qualsevol de les dimensions de les plaques + &#8211; 2 cm.<\/li>\n<li>Els armats i dimensions del mur s&#8217; ajusten a les dades facilitades pel client.<\/li>\n<\/ul>\n<p>Adre\u00e7a: C\/ Ripoll\u00e8s, &#8211; 08758 Cervell\u00f3, Barcelona<\/p>\n<h4><strong>AMPLADA I GRUIX DELS MURS PRECOMUR:<\/strong><\/h4>\n<ul>\n<li><span class=\"hps\">L&#8217; amplada<\/span> <span class=\"hps\">est\u00e0ndard<\/span> <span class=\"hps\">\u00e9s d<\/span><span class=\"hps\">&#8216; 1&#8217; 2<\/span> <span class=\"hps\">m,<\/span> <span class=\"hps\">tot i que per<\/span> a <span class=\"hps\">rematades<\/span> <span class=\"hps\">tamb\u00e9<\/span> <span class=\"hps\">es fabriquen<\/span> <span class=\"hps\">m\u00e9s<\/span> <span class=\"hps\">estrets.<\/span><\/li>\n<li><span class=\"hps\">De la mateixa manera<\/span>, la coronaci\u00f3 <span class=\"hps\">es fabrica<\/span> <span class=\"hps\">amb<\/span> <span class=\"hps\">inclinaci\u00f3<\/span> <span class=\"hps\">per formar<\/span> <span class=\"hps\">aletes<\/span> <span class=\"hps\">o<\/span> <span class=\"hps\">arracades.<\/span><\/li>\n<li><span class=\"hps\">El gruix<\/span> <span class=\"hps\"><strong>del mur<\/strong><\/span> <span class=\"hps\">varia en funci\u00f3<\/span> <span class=\"hps\">de l&#8217;al\u00e7ada,<\/span> <span class=\"hps\">com e=<\/span>0,10*h, <span class=\"hps\">aix\u00ed<\/span> <span class=\"hps\">com<\/span> <span class=\"hps\">per exemple, el<\/span> <span class=\"hps\">cl\u00e0ssic<\/span> <span class=\"hps\">mur de<\/span> <span class=\"hps\">soterrani<\/span> <span class=\"hps\">de garatges<\/span> <span class=\"hps\">d&#8217; habitatges d&#8217; uns<\/span> <span class=\"hps\">3<\/span> <span class=\"hps\">m<\/span> <span class=\"hps\">d&#8217; al\u00e7ada<\/span> <span class=\"hps\">lliure<\/span> <span class=\"hps\">tindr\u00e0 30<\/span> <span class=\"hps\">cm de gruix<\/span>;<\/li>\n<li><span class=\"hps\">A m\u00e9s, un<\/span> <strong><span class=\"hps\">mur<\/span> <span class=\"hps\">de contenci\u00f3<\/span><\/strong> <span class=\"hps\">de 6 m<\/span> <span class=\"hps\">d&#8217; al\u00e7ada<\/span> <span class=\"hps\">tindr\u00e0<\/span> <span class=\"hps\">60 cm<\/span>.<\/li>\n<li><span class=\"hps\">La altura<\/span> <span class=\"hps\">de<\/span> <span class=\"hps\">fabricaci\u00f3<\/span> <span class=\"hps\">m\u00e0xima<\/span> <span class=\"hps\">pot arribar a ser<\/span> <span class=\"hps\">de 10<\/span> <span class=\"hps\">m.<\/span><\/li>\n<li><span class=\"hps\">El<\/span> <span class=\"hps\">prefabricat<\/span> i<span class=\"hps\"> el interior<\/span> <span class=\"hps\">son<\/span> <span class=\"hps\">de formig\u00f3 H<\/span>-25.<\/li>\n<li><span class=\"hps\">L&#8217;acer<\/span> <span class=\"hps\">\u00e9s del<\/span> <span class=\"hps\">tipus B<\/span><span class=\"atn\">\u2013<\/span>500S.<\/li>\n<li><span class=\"hps\">Els<\/span> <span class=\"hps\">recobriments,<\/span> <span class=\"hps\">perqu\u00e8<\/span> <span class=\"hps\">es tracta<\/span> <span class=\"hps\">d&#8217;un panell<\/span> <span class=\"hps\">prefabricat<\/span> <span class=\"hps\">en<\/span> <span class=\"hps\">factoria<\/span>. <span class=\"hps\">s\u00f3n<\/span> <span class=\"hps\">de 2 cm.<\/span><\/li>\n<\/ul>\n<p>Contacti amb el departament comercial de <strong>FORPOL ESTRUCTURAS<\/strong><\/p>\n<ul>\n<li>Un dels nostres assessors especialitzats en &#8220;Preu metro mur formig\u00f3&#8221; li resoldr\u00e0 tots els seus dubtes<\/li>\n<li>Demaneu pressupost sense comprom\u00eds<\/li>\n<li>Millors preus de tot Espanya<\/li>\n<li>Atenci\u00f3 Personalitzada per a tots els nostres clients<\/li>\n<li>Tracte proper amb els clients, acompanyant-los en tot el proc\u00e9s i adaptant-nos a totes les situacions i necessitats.<\/li>\n<\/ul>\n<p>Llavors que esperes <a href=\"https:\/\/www.forpol.es\/ca\/contacte\/\" target=\"_blank\" rel=\"noopener\">LLAMENOS<\/a> per fer-li un pressupost sense comprom\u00eds del Preu metre.<\/p>\n<\/div>\n<p><a href=\"https:\/\/www.forpol.es\/ca\/prefabricados-hormigon\/mur-prefabricat-precomur\/\">MUR<\/a><\/p>\n","protected":false},"excerpt":{"rendered":"<p>PREU METRO MUR FORMIG\u00d3 PREFABRICAT A BARCELONA<br \/>\nPreu metre mur formig\u00f3 per a la construcci\u00f3 d&#8217; habitatges.<br \/>\nEn forpol.es tenim els millors preus de tot Espanya. +INFO<\/p>\n","protected":false},"featured_media":7417,"template":"","tipo":[76],"class_list":["post-8589","obras-realizadas","type-obras-realizadas","status-publish","has-post-thumbnail","hentry","tipo-prefabricats-de-formigo"],"acf":[],"yoast_head":"<!-- This site is optimized with the Yoast SEO Premium plugin v20.12 (Yoast SEO v27.5) - https:\/\/yoast.com\/product\/yoast-seo-premium-wordpress\/ -->\n<title>Preu metre mur formig\u00f3 2026 \u270d FORPOL ESTRUCTURES<\/title>\n<meta name=\"description\" content=\"Preu metre mur formig\u00f3 per a la construcci\u00f3 d&#039;habitatges \u261d en forpol.es tenim els millors preus de tot Espanya. \u2795 INFO\" \/>\n<meta name=\"robots\" content=\"index, follow, max-snippet:-1, max-image-preview:large, max-video-preview:-1\" \/>\n<link rel=\"canonical\" href=\"https:\/\/www.forpol.es\/ca\/obras-realizadas\/preu-metre-mur-formigo\/\" \/>\n<meta property=\"og:locale\" content=\"ca_ES\" \/>\n<meta property=\"og:type\" content=\"article\" \/>\n<meta property=\"og:title\" content=\"Preu metre mur formig\u00f3\" \/>\n<meta property=\"og:description\" content=\"Preu metre mur formig\u00f3 per a la construcci\u00f3 d&#039;habitatges \u261d en forpol.es tenim els millors preus de tot Espanya. \u2795 INFO\" \/>\n<meta property=\"og:url\" content=\"https:\/\/www.forpol.es\/ca\/obras-realizadas\/preu-metre-mur-formigo\/\" \/>\n<meta property=\"og:site_name\" content=\"Forpol\" \/>\n<meta property=\"article:publisher\" content=\"https:\/\/www.facebook.com\/forpolestructuras\/\" \/>\n<meta property=\"article:modified_time\" content=\"2022-10-27T08:45:08+00:00\" \/>\n<meta property=\"og:image\" content=\"https:\/\/www.forpol.es\/wp-content\/uploads\/2021\/08\/OK-MUROS-PREFABRICADOS-EN-SANTA-COLOMA-DE-CERVELLO-1.jpg\" \/>\n\t<meta property=\"og:image:width\" content=\"1600\" \/>\n\t<meta property=\"og:image:height\" content=\"1200\" \/>\n\t<meta property=\"og:image:type\" content=\"image\/jpeg\" \/>\n<meta name=\"twitter:card\" content=\"summary_large_image\" \/>\n<meta name=\"twitter:site\" content=\"@forpol2\" \/>\n<meta name=\"twitter:label1\" content=\"Temps estimat de lectura\" \/>\n\t<meta name=\"twitter:data1\" content=\"2 minuts\" \/>\n<!-- \/ Yoast SEO Premium plugin. -->","yoast_head_json":{"title":"Preu metre mur formig\u00f3 2026 \u270d FORPOL ESTRUCTURES","description":"Preu metre mur formig\u00f3 per a la construcci\u00f3 d'habitatges \u261d en forpol.es tenim els millors preus de tot Espanya. \u2795 INFO","robots":{"index":"index","follow":"follow","max-snippet":"max-snippet:-1","max-image-preview":"max-image-preview:large","max-video-preview":"max-video-preview:-1"},"canonical":"https:\/\/www.forpol.es\/ca\/obras-realizadas\/preu-metre-mur-formigo\/","og_locale":"ca_ES","og_type":"article","og_title":"Preu metre mur formig\u00f3","og_description":"Preu metre mur formig\u00f3 per a la construcci\u00f3 d'habitatges \u261d en forpol.es tenim els millors preus de tot Espanya. \u2795 INFO","og_url":"https:\/\/www.forpol.es\/ca\/obras-realizadas\/preu-metre-mur-formigo\/","og_site_name":"Forpol","article_publisher":"https:\/\/www.facebook.com\/forpolestructuras\/","article_modified_time":"2022-10-27T08:45:08+00:00","og_image":[{"width":1600,"height":1200,"url":"https:\/\/www.forpol.es\/wp-content\/uploads\/2021\/08\/OK-MUROS-PREFABRICADOS-EN-SANTA-COLOMA-DE-CERVELLO-1.jpg","type":"image\/jpeg"}],"twitter_card":"summary_large_image","twitter_site":"@forpol2","twitter_misc":{"Temps estimat de lectura":"2 minuts"},"schema":{"@context":"https:\/\/schema.org","@graph":[{"@type":"WebPage","@id":"https:\/\/www.forpol.es\/ca\/obras-realizadas\/preu-metre-mur-formigo\/","url":"https:\/\/www.forpol.es\/ca\/obras-realizadas\/preu-metre-mur-formigo\/","name":"Preu metre mur formig\u00f3 2026 \u270d FORPOL ESTRUCTURES","isPartOf":{"@id":"https:\/\/www.forpol.es\/ca\/#website"},"primaryImageOfPage":{"@id":"https:\/\/www.forpol.es\/ca\/obras-realizadas\/preu-metre-mur-formigo\/#primaryimage"},"image":{"@id":"https:\/\/www.forpol.es\/ca\/obras-realizadas\/preu-metre-mur-formigo\/#primaryimage"},"thumbnailUrl":"https:\/\/www.forpol.es\/wp-content\/uploads\/2021\/08\/OK-MUROS-PREFABRICADOS-EN-SANTA-COLOMA-DE-CERVELLO-1.jpg","datePublished":"2021-08-10T16:36:17+00:00","dateModified":"2022-10-27T08:45:08+00:00","description":"Preu metre mur formig\u00f3 per a la construcci\u00f3 d'habitatges \u261d en forpol.es tenim els millors preus de tot Espanya. \u2795 INFO","breadcrumb":{"@id":"https:\/\/www.forpol.es\/ca\/obras-realizadas\/preu-metre-mur-formigo\/#breadcrumb"},"inLanguage":"ca","potentialAction":[{"@type":"ReadAction","target":["https:\/\/www.forpol.es\/ca\/obras-realizadas\/preu-metre-mur-formigo\/"]}]},{"@type":"ImageObject","inLanguage":"ca","@id":"https:\/\/www.forpol.es\/ca\/obras-realizadas\/preu-metre-mur-formigo\/#primaryimage","url":"https:\/\/www.forpol.es\/wp-content\/uploads\/2021\/08\/OK-MUROS-PREFABRICADOS-EN-SANTA-COLOMA-DE-CERVELLO-1.jpg","contentUrl":"https:\/\/www.forpol.es\/wp-content\/uploads\/2021\/08\/OK-MUROS-PREFABRICADOS-EN-SANTA-COLOMA-DE-CERVELLO-1.jpg","width":1600,"height":1200,"caption":"MUROS PREFABRICADOS EN SANTA COLOMA DE CERVELLO"},{"@type":"BreadcrumbList","@id":"https:\/\/www.forpol.es\/ca\/obras-realizadas\/preu-metre-mur-formigo\/#breadcrumb","itemListElement":[{"@type":"ListItem","position":1,"name":"Inici","item":"https:\/\/www.forpol.es\/ca\/inici\/"},{"@type":"ListItem","position":2,"name":"Preu metre mur formig\u00f3"}]},{"@type":"WebSite","@id":"https:\/\/www.forpol.es\/ca\/#website","url":"https:\/\/www.forpol.es\/ca\/","name":"Forpol","description":"Prefabricats de formig\u00f3 i estructures prefabricades","publisher":{"@id":"https:\/\/www.forpol.es\/ca\/#organization"},"potentialAction":[{"@type":"SearchAction","target":{"@type":"EntryPoint","urlTemplate":"https:\/\/www.forpol.es\/ca\/?s={search_term_string}"},"query-input":{"@type":"PropertyValueSpecification","valueRequired":true,"valueName":"search_term_string"}}],"inLanguage":"ca"},{"@type":"Organization","@id":"https:\/\/www.forpol.es\/ca\/#organization","name":"Forpol Estructuras, S.L.","alternateName":"Forpol","url":"https:\/\/www.forpol.es\/ca\/","logo":{"@type":"ImageObject","inLanguage":"ca","@id":"https:\/\/www.forpol.es\/ca\/#\/schema\/logo\/image\/","url":"https:\/\/www.forpol.es\/wp-content\/uploads\/2021\/09\/LOGO-PNG-200x75-2-e1632825250267.png","contentUrl":"https:\/\/www.forpol.es\/wp-content\/uploads\/2021\/09\/LOGO-PNG-200x75-2-e1632825250267.png","width":90,"height":34,"caption":"Forpol Estructuras, S.L."},"image":{"@id":"https:\/\/www.forpol.es\/ca\/#\/schema\/logo\/image\/"},"sameAs":["https:\/\/www.facebook.com\/forpolestructuras\/","https:\/\/x.com\/forpol2","https:\/\/www.instagram.com\/forpol_estructuras\/"]}]}},"_links":{"self":[{"href":"https:\/\/www.forpol.es\/ca\/wp-json\/wp\/v2\/obras-realizadas\/8589","targetHints":{"allow":["GET"]}}],"collection":[{"href":"https:\/\/www.forpol.es\/ca\/wp-json\/wp\/v2\/obras-realizadas"}],"about":[{"href":"https:\/\/www.forpol.es\/ca\/wp-json\/wp\/v2\/types\/obras-realizadas"}],"version-history":[{"count":0,"href":"https:\/\/www.forpol.es\/ca\/wp-json\/wp\/v2\/obras-realizadas\/8589\/revisions"}],"wp:featuredmedia":[{"embeddable":true,"href":"https:\/\/www.forpol.es\/ca\/wp-json\/wp\/v2\/media\/7417"}],"wp:attachment":[{"href":"https:\/\/www.forpol.es\/ca\/wp-json\/wp\/v2\/media?parent=8589"}],"wp:term":[{"taxonomy":"tipo","embeddable":true,"href":"https:\/\/www.forpol.es\/ca\/wp-json\/wp\/v2\/tipo?post=8589"}],"curies":[{"name":"wp","href":"https:\/\/api.w.org\/{rel}","templated":true}]}}